{"id":7651,"date":"2021-12-03T16:54:30","date_gmt":"2021-12-03T16:54:30","guid":{"rendered":"https:\/\/www.artefacial.com\/demo\/?page_id=7651"},"modified":"2022-12-16T09:22:23","modified_gmt":"2022-12-16T15:22:23","slug":"in-the-media","status":"publish","type":"page","link":"https:\/\/www.artefacial.com\/en\/in-the-media\/","title":{"rendered":"In the media"},"content":{"rendered":"\t\t<div data-elementor-type=\"wp-page\" data-elementor-id=\"7651\" class=\"elementor elementor-7651\" data-elementor-post-type=\"page\">\n\t\t\t\t\t\t<section class=\"elementor-section elementor-top-section elementor-element elementor-element-76df64b elementor-section-boxed elementor-section-height-default elementor-section-height-default\" data-id=\"76df64b\" data-element_type=\"section\" data-e-type=\"section\">\n\t\t\t\t\t\t<div class=\"elementor-container elementor-column-gap-default\">\n\t\t\t\t\t<div class=\"elementor-column elementor-col-100 elementor-top-column elementor-element elementor-element-e238307\" data-id=\"e238307\" data-element_type=\"column\" data-e-type=\"column\">\n\t\t\t<div class=\"elementor-widget-wrap elementor-element-populated\">\n\t\t\t\t\t\t<div class=\"elementor-element elementor-element-10d92b0 elementor-widget elementor-widget-the7_elements\" data-id=\"10d92b0\" data-element_type=\"widget\" data-e-type=\"widget\" data-widget_type=\"the7_elements.default\">\n\t\t\t\t<div class=\"elementor-widget-container\">\n\t\t\t\t\t<div class=\"portfolio-shortcode the7-elementor-widget the7_elements-10d92b0 mode-grid dt-css-grid-wrap classic-layout-list description-under-image quick-scale-img content-bg-on enable-bg-rollover resize-by-browser-width loading-effect-none show-all-pages\" data-padding=\"30px\" data-mobile-columns-num=\"1\" data-tablet-columns-num=\"2\" data-desktop-columns-num=\"2\" data-wide-desktop-columns-num=\"2\" data-post-limit=\"-1\" data-pagination-mode=\"standard\" data-scroll-offset=\"\"><div class=\"dt-css-grid custom-pagination-handler\"><div class=\"visible wf-cell\" data-post-id=\"12416\" data-date=\"2022-08-08T16:55:19-06:00\" data-name=\"What\u2019s the difference between botulinum toxin and dermal fillers?\"><article class=\"post visible post-12416 type-post status-publish format-standard has-post-thumbnail hentry category-in-the-news category-media tag-arrugas-en-los-ojos tag-rellenos-faciales tag-toxina-botulinica category-362 category-19 description-off\" data-name=\"What\u2019s the difference between botulinum toxin and dermal fillers?\" data-date=\"2022-08-08T16:55:19-06:00\">\n\n\t<div class=\"post-thumbnail-wrap\">\n\t\t<div class=\"post-thumbnail\">\n\n\t\t\t<a class=\"post-thumbnail-rollover layzr-bg img-css-resize-wrapper\" aria-label=\"Post image\" href=\"https:\/\/www.artefacial.com\/en\/in-the-news\/whats-the-difference-between-botulinum-toxin-and-dermal-fillers\/\"><img fetchpriority=\"high\" decoding=\"async\" width=\"1024\" height=\"512\" src=\"data:image\/svg+xml,%3Csvg%20xmlns%3D&#039;http%3A%2F%2Fwww.w3.org%2F2000%2Fsvg&#039;%20viewBox%3D&#039;0%200%201024%20512&#039;%2F%3E\" class=\"attachment-full size-full preload-me aspect lazy lazy-load\" alt=\"\" sizes=\"(max-width: 1024px) 100vw, 1024px\" style=\"--ratio: 1024 \/ 512;\" data-src=\"https:\/\/www.artefacial.com\/wp-content\/uploads\/2022\/08\/entrevista-cirujano-oculoplastico.jpg\" loading=\"eager\" data-srcset=\"https:\/\/www.artefacial.com\/wp-content\/uploads\/2022\/08\/entrevista-cirujano-oculoplastico.jpg 1024w, https:\/\/www.artefacial.com\/wp-content\/uploads\/2022\/08\/entrevista-cirujano-oculoplastico-300x150.jpg 300w, https:\/\/www.artefacial.com\/wp-content\/uploads\/2022\/08\/entrevista-cirujano-oculoplastico-768x384.jpg 768w\" \/><span class=\"the7-hover-icon\"><i aria-hidden=\"true\" class=\"fas fa-plus\"><\/i><\/span><\/a>\n\t\t<\/div>\n\t<\/div>\n\n\n<div class=\"post-entry-content\">\n\n\t<h3 class=\"ele-entry-title\"><a href=\"https:\/\/www.artefacial.com\/en\/in-the-news\/whats-the-difference-between-botulinum-toxin-and-dermal-fillers\/\" rel=\"bookmark\" title=\"What\u2019s the difference between botulinum toxin and dermal fillers?\">What\u2019s the difference between botulinum toxin and dermal fillers?<\/a><\/h3><div class=\"entry-meta\"><span class=\"meta-item category-link\"><a href=\"https:\/\/www.artefacial.com\/en\/category\/in-the-news\/\" rel=\"tag\">In the news<\/a>, <a href=\"https:\/\/www.artefacial.com\/en\/category\/media\/\" rel=\"tag\">Media<\/a><\/span><a href=\"https:\/\/www.artefacial.com\/en\/2022\/08\/08\/\" title=\"4:55 pm\" class=\"meta-item data-link\" rel=\"bookmark\"><time class=\"entry-date updated\" datetime=\"2022-08-08T16:55:19-06:00\">8 August, 2022<\/time><\/a><\/div><div class=\"entry-excerpt\"><p>It is fairly common to confuse the function of botulinum toxin in aesthetic medicine with that of <a title=\"\" class=\"aalmanual\" target=\"_self\"   href=\"\/en\/info\/dermal-fillers\/\">dermal fillers<\/a>.<\/p>\n<\/div><a href=\"https:\/\/www.artefacial.com\/en\/in-the-news\/whats-the-difference-between-botulinum-toxin-and-dermal-fillers\/\" target=\"\" aria-label=\"Read more about What\u2019s the difference between botulinum toxin and dermal fillers?\" class=\"box-button elementor-button elementor-size-xs\">Read more<\/a>\n<\/div><\/article><\/div><div class=\"visible wf-cell\" data-post-id=\"8298\" data-date=\"2022-01-14T14:05:36-06:00\" data-name=\"The non-cosmetic uses of Botox Channel 7 Buen D\u00eda\"><article class=\"post visible post-8298 type-post status-publish format-standard has-post-thumbnail hentry category-in-the-news category-media tag-botox tag-botox-for-excessive-sweating tag-botox-for-migraines tag-botox-for-myokymia tag-botox-for-sequelae-of-facial-paralysis tag-botox-for-strabismus tag-non-aesthetic-botox\" data-name=\"The non-cosmetic uses of Botox Channel 7 Buen D\u00eda\" data-date=\"2022-01-14T14:05:36-06:00\">\n\n\t<div class=\"post-thumbnail-wrap\">\n\t\t<div class=\"post-thumbnail\">\n\n\t\t\t<a class=\"post-thumbnail-rollover layzr-bg img-css-resize-wrapper\" aria-label=\"Post image\" href=\"https:\/\/www.artefacial.com\/en\/media\/the-non-cosmetic-uses-of-botox-channel-7-buen-dia\/\"><img decoding=\"async\" width=\"1024\" height=\"512\" src=\"data:image\/svg+xml,%3Csvg%20xmlns%3D&#039;http%3A%2F%2Fwww.w3.org%2F2000%2Fsvg&#039;%20viewBox%3D&#039;0%200%201024%20512&#039;%2F%3E\" class=\"attachment-full size-full preload-me aspect lazy lazy-load\" alt=\"The non-cosmetic uses of Botox Channel 7 Buen D\u00eda\" sizes=\"(max-width: 1024px) 100vw, 1024px\" style=\"--ratio: 1024 \/ 512;\" data-src=\"https:\/\/www.artefacial.com\/wp-content\/uploads\/2022\/01\/usos-no-esteticos-del-Botox.jpg\" loading=\"eager\" data-srcset=\"https:\/\/www.artefacial.com\/wp-content\/uploads\/2022\/01\/usos-no-esteticos-del-Botox.jpg 1024w, https:\/\/www.artefacial.com\/wp-content\/uploads\/2022\/01\/usos-no-esteticos-del-Botox-300x150.jpg 300w, https:\/\/www.artefacial.com\/wp-content\/uploads\/2022\/01\/usos-no-esteticos-del-Botox-768x384.jpg 768w\" \/><span class=\"the7-hover-icon\"><i aria-hidden=\"true\" class=\"fas fa-plus\"><\/i><\/span><\/a>\n\t\t<\/div>\n\t<\/div>\n\n\n<div class=\"post-entry-content\">\n\n\t<h3 class=\"ele-entry-title\"><a href=\"https:\/\/www.artefacial.com\/en\/media\/the-non-cosmetic-uses-of-botox-channel-7-buen-dia\/\" rel=\"bookmark\" title=\"The non-cosmetic uses of Botox Channel 7 Buen D\u00eda\">The non-cosmetic uses of Botox Channel 7 Buen D\u00eda<\/a><\/h3><div class=\"entry-meta\"><span class=\"meta-item category-link\"><a href=\"https:\/\/www.artefacial.com\/en\/category\/in-the-news\/\" rel=\"tag\">In the news<\/a>, <a href=\"https:\/\/www.artefacial.com\/en\/category\/media\/\" rel=\"tag\">Media<\/a><\/span><a href=\"https:\/\/www.artefacial.com\/en\/2022\/01\/14\/\" title=\"2:05 pm\" class=\"meta-item data-link\" rel=\"bookmark\"><time class=\"entry-date updated\" datetime=\"2022-01-14T14:05:36-06:00\">14 January, 2022<\/time><\/a><\/div><div class=\"entry-excerpt\"><p>Botulinum toxin (<a title=\"\" class=\"aalmanual\" target=\"_self\"   href=\"\/info\/botox\/\">Botox<\/a>) is known worldwide for its effect to eliminate facial wrinkles. However, this product has many non-cosmetic uses.&hellip;<\/p>\n<\/div><a href=\"https:\/\/www.artefacial.com\/en\/media\/the-non-cosmetic-uses-of-botox-channel-7-buen-dia\/\" target=\"\" aria-label=\"Read more about The non-cosmetic uses of Botox Channel 7 Buen D\u00eda\" class=\"box-button elementor-button elementor-size-xs\">Read more<\/a>\n<\/div><\/article><\/div><div class=\"visible wf-cell\" data-post-id=\"8289\" data-date=\"2022-01-13T22:52:29-06:00\" data-name=\"What is the best treatment for droopy eyelids? Channel 6 Giros\"><article class=\"post visible post-8289 type-post status-publish format-standard has-post-thumbnail hentry category-in-the-news category-media tag-droopy-eyelids tag-eyelid-lift tag-eyelid-ptosis\" data-name=\"What is the best treatment for droopy eyelids? Channel 6 Giros\" data-date=\"2022-01-13T22:52:29-06:00\">\n\n\t<div class=\"post-thumbnail-wrap\">\n\t\t<div class=\"post-thumbnail\">\n\n\t\t\t<a class=\"post-thumbnail-rollover layzr-bg img-css-resize-wrapper\" aria-label=\"Post image\" href=\"https:\/\/www.artefacial.com\/en\/media\/what-is-the-best-treatment-for-droopy-eyelids-channel-6-giros-af\/\"><img decoding=\"async\" width=\"1024\" height=\"512\" src=\"data:image\/svg+xml,%3Csvg%20xmlns%3D&#039;http%3A%2F%2Fwww.w3.org%2F2000%2Fsvg&#039;%20viewBox%3D&#039;0%200%201024%20512&#039;%2F%3E\" class=\"attachment-full size-full preload-me aspect lazy lazy-load\" alt=\"What is the best treatment for droopy eyelids? Channel 6 Giros\" sizes=\"(max-width: 1024px) 100vw, 1024px\" style=\"--ratio: 1024 \/ 512;\" data-src=\"https:\/\/www.artefacial.com\/wp-content\/uploads\/2022\/01\/entrevista-parpado-caido-4.jpg\" loading=\"eager\" data-srcset=\"https:\/\/www.artefacial.com\/wp-content\/uploads\/2022\/01\/entrevista-parpado-caido-4.jpg 1024w, https:\/\/www.artefacial.com\/wp-content\/uploads\/2022\/01\/entrevista-parpado-caido-4-300x150.jpg 300w, https:\/\/www.artefacial.com\/wp-content\/uploads\/2022\/01\/entrevista-parpado-caido-4-768x384.jpg 768w\" \/><span class=\"the7-hover-icon\"><i aria-hidden=\"true\" class=\"fas fa-plus\"><\/i><\/span><\/a>\n\t\t<\/div>\n\t<\/div>\n\n\n<div class=\"post-entry-content\">\n\n\t<h3 class=\"ele-entry-title\"><a href=\"https:\/\/www.artefacial.com\/en\/media\/what-is-the-best-treatment-for-droopy-eyelids-channel-6-giros-af\/\" rel=\"bookmark\" title=\"What is the best treatment for droopy eyelids? Channel 6 Giros\">What is the best treatment for droopy eyelids? Channel 6 Giros<\/a><\/h3><div class=\"entry-meta\"><span class=\"meta-item category-link\"><a href=\"https:\/\/www.artefacial.com\/en\/category\/in-the-news\/\" rel=\"tag\">In the news<\/a>, <a href=\"https:\/\/www.artefacial.com\/en\/category\/media\/\" rel=\"tag\">Media<\/a><\/span><a href=\"https:\/\/www.artefacial.com\/en\/2022\/01\/13\/\" title=\"10:52 pm\" class=\"meta-item data-link\" rel=\"bookmark\"><time class=\"entry-date updated\" datetime=\"2022-01-13T22:52:29-06:00\">13 January, 2022<\/time><\/a><\/div><div class=\"entry-excerpt\"><p>\ufeff &nbsp; <a title=\"\" class=\"aalmanual\" target=\"_self\"   href=\"\/en\/info\/droopy-eyelids-ptosis-surgery\/\">Droopy eyelids<\/a> are very common in our population. A droopy eyelid, also known as ptosis, may appear in&hellip;<\/p>\n<\/div><a href=\"https:\/\/www.artefacial.com\/en\/media\/what-is-the-best-treatment-for-droopy-eyelids-channel-6-giros-af\/\" target=\"\" aria-label=\"Read more about What is the best treatment for droopy eyelids? Channel 6 Giros\" class=\"box-button elementor-button elementor-size-xs\">Read more<\/a>\n<\/div><\/article><\/div><div class=\"visible wf-cell\" data-post-id=\"4075\" data-date=\"2019-12-04T08:45:20-06:00\" data-name=\"Treatments to eliminate bags under the eyes in Costa Rica: Buen D\u00eda national TV Channel 7\"><article class=\"post visible post-4075 type-post status-publish format-standard has-post-thumbnail hentry category-in-the-news category-media tag-lower-eyelid-bags tag-oculoplastic-surgeons\" data-name=\"Treatments to eliminate bags under the eyes in Costa Rica: Buen D\u00eda national TV Channel 7\" data-date=\"2019-12-04T08:45:20-06:00\">\n\n\t<div class=\"post-thumbnail-wrap\">\n\t\t<div class=\"post-thumbnail\">\n\n\t\t\t<a class=\"post-thumbnail-rollover layzr-bg img-css-resize-wrapper\" aria-label=\"Post image\" href=\"https:\/\/www.artefacial.com\/en\/in-the-news\/treatments-to-eliminate-bags-under-the-eyes-in-costa-rica\/\"><img decoding=\"async\" width=\"1024\" height=\"512\" src=\"data:image\/svg+xml,%3Csvg%20xmlns%3D&#039;http%3A%2F%2Fwww.w3.org%2F2000%2Fsvg&#039;%20viewBox%3D&#039;0%200%201024%20512&#039;%2F%3E\" class=\"attachment-full size-full preload-me aspect lazy lazy-load\" alt=\"Tratamientos para combatir las bolsas de los ojos\" sizes=\"(max-width: 1024px) 100vw, 1024px\" style=\"--ratio: 1024 \/ 512;\" data-src=\"https:\/\/www.artefacial.com\/wp-content\/uploads\/2019\/12\/Tratamientos-para-combatir-las-bolsas-de-los-ojos.jpg\" loading=\"eager\" data-srcset=\"https:\/\/www.artefacial.com\/wp-content\/uploads\/2019\/12\/Tratamientos-para-combatir-las-bolsas-de-los-ojos.jpg 1024w, https:\/\/www.artefacial.com\/wp-content\/uploads\/2019\/12\/Tratamientos-para-combatir-las-bolsas-de-los-ojos-300x150.jpg 300w, https:\/\/www.artefacial.com\/wp-content\/uploads\/2019\/12\/Tratamientos-para-combatir-las-bolsas-de-los-ojos-768x384.jpg 768w\" \/><span class=\"the7-hover-icon\"><i aria-hidden=\"true\" class=\"fas fa-plus\"><\/i><\/span><\/a>\n\t\t<\/div>\n\t<\/div>\n\n\n<div class=\"post-entry-content\">\n\n\t<h3 class=\"ele-entry-title\"><a href=\"https:\/\/www.artefacial.com\/en\/in-the-news\/treatments-to-eliminate-bags-under-the-eyes-in-costa-rica\/\" rel=\"bookmark\" title=\"Treatments to eliminate bags under the eyes in Costa Rica: Buen D\u00eda national TV Channel 7\">Treatments to eliminate bags under the eyes in Costa Rica: Buen D\u00eda national TV Channel 7<\/a><\/h3><div class=\"entry-meta\"><span class=\"meta-item category-link\"><a href=\"https:\/\/www.artefacial.com\/en\/category\/in-the-news\/\" rel=\"tag\">In the news<\/a>, <a href=\"https:\/\/www.artefacial.com\/en\/category\/media\/\" rel=\"tag\">Media<\/a><\/span><a href=\"https:\/\/www.artefacial.com\/en\/2019\/12\/04\/\" title=\"8:45 am\" class=\"meta-item data-link\" rel=\"bookmark\"><time class=\"entry-date updated\" datetime=\"2019-12-04T08:45:20-06:00\">4 December, 2019<\/time><\/a><\/div><div class=\"entry-excerpt\"><p>Bags and dark circles under the eyes can make a person look older than they are. Therefore, they are a&hellip;<\/p>\n<\/div><a href=\"https:\/\/www.artefacial.com\/en\/in-the-news\/treatments-to-eliminate-bags-under-the-eyes-in-costa-rica\/\" target=\"\" aria-label=\"Read more about Treatments to eliminate bags under the eyes in Costa Rica: Buen D\u00eda national TV Channel 7\" class=\"box-button elementor-button elementor-size-xs\">Read more<\/a>\n<\/div><\/article><\/div><div class=\"visible wf-cell\" data-post-id=\"4080\" data-date=\"2019-10-22T15:55:28-06:00\" data-name=\"What is the best treatment for a droopy eyelid? Buen D\u00eda national TV Channel 7\"><article class=\"post visible post-4080 type-post status-publish format-standard has-post-thumbnail hentry category-in-the-news category-media tag-droopy-eyelids tag-eyelid-surgery tag-ptosis\" data-name=\"What is the best treatment for a droopy eyelid? Buen D\u00eda national TV Channel 7\" data-date=\"2019-10-22T15:55:28-06:00\">\n\n\t<div class=\"post-thumbnail-wrap\">\n\t\t<div class=\"post-thumbnail\">\n\n\t\t\t<a class=\"post-thumbnail-rollover layzr-bg img-css-resize-wrapper\" aria-label=\"Post image\" href=\"https:\/\/www.artefacial.com\/en\/in-the-news\/what-is-the-best-treatment-for-a-droopy-eyelid-af\/\"><img decoding=\"async\" width=\"1024\" height=\"512\" src=\"data:image\/svg+xml,%3Csvg%20xmlns%3D&#039;http%3A%2F%2Fwww.w3.org%2F2000%2Fsvg&#039;%20viewBox%3D&#039;0%200%201024%20512&#039;%2F%3E\" class=\"attachment-full size-full preload-me aspect lazy lazy-load\" alt=\"\u00bfC\u00f3mo tratar el p\u00e1rpado ca\u00eddo?\" sizes=\"(max-width: 1024px) 100vw, 1024px\" style=\"--ratio: 1024 \/ 512;\" data-src=\"https:\/\/www.artefacial.com\/wp-content\/uploads\/2019\/10\/Como-tratar-el-parpado-caido.jpg\" loading=\"eager\" data-srcset=\"https:\/\/www.artefacial.com\/wp-content\/uploads\/2019\/10\/Como-tratar-el-parpado-caido.jpg 1024w, https:\/\/www.artefacial.com\/wp-content\/uploads\/2019\/10\/Como-tratar-el-parpado-caido-300x150.jpg 300w, https:\/\/www.artefacial.com\/wp-content\/uploads\/2019\/10\/Como-tratar-el-parpado-caido-768x384.jpg 768w\" \/><span class=\"the7-hover-icon\"><i aria-hidden=\"true\" class=\"fas fa-plus\"><\/i><\/span><\/a>\n\t\t<\/div>\n\t<\/div>\n\n\n<div class=\"post-entry-content\">\n\n\t<h3 class=\"ele-entry-title\"><a href=\"https:\/\/www.artefacial.com\/en\/in-the-news\/what-is-the-best-treatment-for-a-droopy-eyelid-af\/\" rel=\"bookmark\" title=\"What is the best treatment for a droopy eyelid? Buen D\u00eda national TV Channel 7\">What is the best treatment for a droopy eyelid? Buen D\u00eda national TV Channel 7<\/a><\/h3><div class=\"entry-meta\"><span class=\"meta-item category-link\"><a href=\"https:\/\/www.artefacial.com\/en\/category\/in-the-news\/\" rel=\"tag\">In the news<\/a>, <a href=\"https:\/\/www.artefacial.com\/en\/category\/media\/\" rel=\"tag\">Media<\/a><\/span><a href=\"https:\/\/www.artefacial.com\/en\/2019\/10\/22\/\" title=\"3:55 pm\" class=\"meta-item data-link\" rel=\"bookmark\"><time class=\"entry-date updated\" datetime=\"2019-10-22T15:55:28-06:00\">22 October, 2019<\/time><\/a><\/div><div class=\"entry-excerpt\"><p>A droopy eyelid, also known as ptosis, is a prevalent condition that affects the upper eyelids and results in a&hellip;<\/p>\n<\/div><a href=\"https:\/\/www.artefacial.com\/en\/in-the-news\/what-is-the-best-treatment-for-a-droopy-eyelid-af\/\" target=\"\" aria-label=\"Read more about What is the best treatment for a droopy eyelid? Buen D\u00eda national TV Channel 7\" class=\"box-button elementor-button elementor-size-xs\">Read more<\/a>\n<\/div><\/article><\/div><div class=\"visible wf-cell\" data-post-id=\"4082\" data-date=\"2019-09-09T08:05:26-06:00\" data-name=\"Treatment for eyelid inflammation and styes. Buen D\u00eda national TV Channel 7\"><article class=\"post visible post-4082 type-post status-publish format-standard has-post-thumbnail hentry category-in-the-news category-media tag-oculoplastic-surgeons\" data-name=\"Treatment for eyelid inflammation and styes. Buen D\u00eda national TV Channel 7\" data-date=\"2019-09-09T08:05:26-06:00\">\n\n\t<div class=\"post-thumbnail-wrap\">\n\t\t<div class=\"post-thumbnail\">\n\n\t\t\t<a class=\"post-thumbnail-rollover layzr-bg img-css-resize-wrapper\" aria-label=\"Post image\" href=\"https:\/\/www.artefacial.com\/en\/in-the-news\/treatment-for-eyelid-inflammation-and-styes\/\"><img decoding=\"async\" width=\"1024\" height=\"512\" src=\"data:image\/svg+xml,%3Csvg%20xmlns%3D&#039;http%3A%2F%2Fwww.w3.org%2F2000%2Fsvg&#039;%20viewBox%3D&#039;0%200%201024%20512&#039;%2F%3E\" class=\"attachment-full size-full preload-me aspect lazy lazy-load\" alt=\"C\u00f3mo tratarse un orzuelo\" sizes=\"(max-width: 1024px) 100vw, 1024px\" style=\"--ratio: 1024 \/ 512;\" data-src=\"https:\/\/www.artefacial.com\/wp-content\/uploads\/2019\/09\/Como-tratarse-un-orzuelo.jpg\" loading=\"eager\" data-srcset=\"https:\/\/www.artefacial.com\/wp-content\/uploads\/2019\/09\/Como-tratarse-un-orzuelo.jpg 1024w, https:\/\/www.artefacial.com\/wp-content\/uploads\/2019\/09\/Como-tratarse-un-orzuelo-300x150.jpg 300w, https:\/\/www.artefacial.com\/wp-content\/uploads\/2019\/09\/Como-tratarse-un-orzuelo-768x384.jpg 768w\" \/><span class=\"the7-hover-icon\"><i aria-hidden=\"true\" class=\"fas fa-plus\"><\/i><\/span><\/a>\n\t\t<\/div>\n\t<\/div>\n\n\n<div class=\"post-entry-content\">\n\n\t<h3 class=\"ele-entry-title\"><a href=\"https:\/\/www.artefacial.com\/en\/in-the-news\/treatment-for-eyelid-inflammation-and-styes\/\" rel=\"bookmark\" title=\"Treatment for eyelid inflammation and styes. Buen D\u00eda national TV Channel 7\">Treatment for eyelid inflammation and styes. Buen D\u00eda national TV Channel 7<\/a><\/h3><div class=\"entry-meta\"><span class=\"meta-item category-link\"><a href=\"https:\/\/www.artefacial.com\/en\/category\/in-the-news\/\" rel=\"tag\">In the news<\/a>, <a href=\"https:\/\/www.artefacial.com\/en\/category\/media\/\" rel=\"tag\">Media<\/a><\/span><a href=\"https:\/\/www.artefacial.com\/en\/2019\/09\/09\/\" title=\"8:05 am\" class=\"meta-item data-link\" rel=\"bookmark\"><time class=\"entry-date updated\" datetime=\"2019-09-09T08:05:26-06:00\">9 September, 2019<\/time><\/a><\/div><div class=\"entry-excerpt\"><p>Eyelid inflammation is a common condition treated by <a title=\"\" class=\"aalmanual\" target=\"_self\"   href=\"\/en\/doctor-gomez\/\">oculoplastic surgeons<\/a>. From chronic allergy to an acute infection of an eyelid&hellip;<\/p>\n<\/div><a href=\"https:\/\/www.artefacial.com\/en\/in-the-news\/treatment-for-eyelid-inflammation-and-styes\/\" target=\"\" aria-label=\"Read more about Treatment for eyelid inflammation and styes. Buen D\u00eda national TV Channel 7\" class=\"box-button elementor-button elementor-size-xs\">Read more<\/a>\n<\/div><\/article><\/div><div class=\"visible wf-cell\" data-post-id=\"4084\" data-date=\"2019-07-19T08:15:03-06:00\" data-name=\"Sequelae of facial paralysis in the eye and how to treat them. Buen D\u00eda national TV Channel 7\"><article class=\"post visible post-4084 type-post status-publish format-standard has-post-thumbnail hentry category-in-the-news category-media tag-facial-paralysis\" data-name=\"Sequelae of facial paralysis in the eye and how to treat them. Buen D\u00eda national TV Channel 7\" data-date=\"2019-07-19T08:15:03-06:00\">\n\n\t<div class=\"post-thumbnail-wrap\">\n\t\t<div class=\"post-thumbnail\">\n\n\t\t\t<a class=\"post-thumbnail-rollover layzr-bg img-css-resize-wrapper\" aria-label=\"Post image\" href=\"https:\/\/www.artefacial.com\/en\/in-the-news\/sequelae-of-facial-paralysis-in-the-eye-and-how-to-treat-them\/\"><img decoding=\"async\" width=\"1024\" height=\"512\" src=\"data:image\/svg+xml,%3Csvg%20xmlns%3D&#039;http%3A%2F%2Fwww.w3.org%2F2000%2Fsvg&#039;%20viewBox%3D&#039;0%200%201024%20512&#039;%2F%3E\" class=\"attachment-full size-full preload-me aspect lazy lazy-load\" alt=\"Secuelas en los ojos tras una Par\u00e1lisis Facial\" sizes=\"(max-width: 1024px) 100vw, 1024px\" style=\"--ratio: 1024 \/ 512;\" data-src=\"https:\/\/www.artefacial.com\/wp-content\/uploads\/2019\/07\/Secuelas-en-los-ojos-tras-una-Paralisis-Facial.jpg\" loading=\"eager\" data-srcset=\"https:\/\/www.artefacial.com\/wp-content\/uploads\/2019\/07\/Secuelas-en-los-ojos-tras-una-Paralisis-Facial.jpg 1024w, https:\/\/www.artefacial.com\/wp-content\/uploads\/2019\/07\/Secuelas-en-los-ojos-tras-una-Paralisis-Facial-300x150.jpg 300w, https:\/\/www.artefacial.com\/wp-content\/uploads\/2019\/07\/Secuelas-en-los-ojos-tras-una-Paralisis-Facial-768x384.jpg 768w\" \/><span class=\"the7-hover-icon\"><i aria-hidden=\"true\" class=\"fas fa-plus\"><\/i><\/span><\/a>\n\t\t<\/div>\n\t<\/div>\n\n\n<div class=\"post-entry-content\">\n\n\t<h3 class=\"ele-entry-title\"><a href=\"https:\/\/www.artefacial.com\/en\/in-the-news\/sequelae-of-facial-paralysis-in-the-eye-and-how-to-treat-them\/\" rel=\"bookmark\" title=\"Sequelae of facial paralysis in the eye and how to treat them. Buen D\u00eda national TV Channel 7\">Sequelae of facial paralysis in the eye and how to treat them. Buen D\u00eda national TV Channel 7<\/a><\/h3><div class=\"entry-meta\"><span class=\"meta-item category-link\"><a href=\"https:\/\/www.artefacial.com\/en\/category\/in-the-news\/\" rel=\"tag\">In the news<\/a>, <a href=\"https:\/\/www.artefacial.com\/en\/category\/media\/\" rel=\"tag\">Media<\/a><\/span><a href=\"https:\/\/www.artefacial.com\/en\/2019\/07\/19\/\" title=\"8:15 am\" class=\"meta-item data-link\" rel=\"bookmark\"><time class=\"entry-date updated\" datetime=\"2019-07-19T08:15:03-06:00\">19 July, 2019<\/time><\/a><\/div><div class=\"entry-excerpt\"><p>Facial paralysis is a neurological disease in which the muscles of facial expression cannot move due to interruption in the&hellip;<\/p>\n<\/div><a href=\"https:\/\/www.artefacial.com\/en\/in-the-news\/sequelae-of-facial-paralysis-in-the-eye-and-how-to-treat-them\/\" target=\"\" aria-label=\"Read more about Sequelae of facial paralysis in the eye and how to treat them. Buen D\u00eda national TV Channel 7\" class=\"box-button elementor-button elementor-size-xs\">Read more<\/a>\n<\/div><\/article><\/div><div class=\"visible wf-cell\" data-post-id=\"4118\" data-date=\"2018-05-18T11:21:48-06:00\" data-name=\"Eyelift and browlift surgery: Giros national TV Channel 6\"><article class=\"post visible post-4118 type-post status-publish format-standard has-post-thumbnail hentry category-in-the-news category-media tag-brow-lift-surgery\" data-name=\"Eyelift and browlift surgery: Giros national TV Channel 6\" data-date=\"2018-05-18T11:21:48-06:00\">\n\n\t<div class=\"post-thumbnail-wrap\">\n\t\t<div class=\"post-thumbnail\">\n\n\t\t\t<a class=\"post-thumbnail-rollover layzr-bg img-css-resize-wrapper\" aria-label=\"Post image\" href=\"https:\/\/www.artefacial.com\/en\/in-the-news\/eyelift-and-browlift-surgery\/\"><img decoding=\"async\" width=\"1024\" height=\"512\" src=\"data:image\/svg+xml,%3Csvg%20xmlns%3D&#039;http%3A%2F%2Fwww.w3.org%2F2000%2Fsvg&#039;%20viewBox%3D&#039;0%200%201024%20512&#039;%2F%3E\" class=\"attachment-full size-full preload-me aspect lazy lazy-load\" alt=\"Giro\" sizes=\"(max-width: 1024px) 100vw, 1024px\" style=\"--ratio: 1024 \/ 512;\" data-src=\"https:\/\/www.artefacial.com\/wp-content\/uploads\/2010\/05\/Giros.jpg\" loading=\"eager\" data-srcset=\"https:\/\/www.artefacial.com\/wp-content\/uploads\/2010\/05\/Giros.jpg 1024w, https:\/\/www.artefacial.com\/wp-content\/uploads\/2010\/05\/Giros-300x150.jpg 300w, https:\/\/www.artefacial.com\/wp-content\/uploads\/2010\/05\/Giros-768x384.jpg 768w\" \/><span class=\"the7-hover-icon\"><i aria-hidden=\"true\" class=\"fas fa-plus\"><\/i><\/span><\/a>\n\t\t<\/div>\n\t<\/div>\n\n\n<div class=\"post-entry-content\">\n\n\t<h3 class=\"ele-entry-title\"><a href=\"https:\/\/www.artefacial.com\/en\/in-the-news\/eyelift-and-browlift-surgery\/\" rel=\"bookmark\" title=\"Eyelift and browlift surgery: Giros national TV Channel 6\">Eyelift and browlift surgery: Giros national TV Channel 6<\/a><\/h3><div class=\"entry-meta\"><span class=\"meta-item category-link\"><a href=\"https:\/\/www.artefacial.com\/en\/category\/in-the-news\/\" rel=\"tag\">In the news<\/a>, <a href=\"https:\/\/www.artefacial.com\/en\/category\/media\/\" rel=\"tag\">Media<\/a><\/span><a href=\"https:\/\/www.artefacial.com\/en\/2018\/05\/18\/\" title=\"11:21 am\" class=\"meta-item data-link\" rel=\"bookmark\"><time class=\"entry-date updated\" datetime=\"2018-05-18T11:21:48-06:00\">18 May, 2018<\/time><\/a><\/div><div class=\"entry-excerpt\"><p>Droopy eyebrows and eyelids are quite often the first signs of aging. Our eyes take on a sad appearance, or&hellip;<\/p>\n<\/div><a href=\"https:\/\/www.artefacial.com\/en\/in-the-news\/eyelift-and-browlift-surgery\/\" target=\"\" aria-label=\"Read more about Eyelift and browlift surgery: Giros national TV Channel 6\" class=\"box-button elementor-button elementor-size-xs\">Read more<\/a>\n<\/div><\/article><\/div><div class=\"visible wf-cell\" data-post-id=\"4122\" data-date=\"2018-05-18T10:48:02-06:00\" data-name=\"Plastic surgery of the eyelids to restore a youthful look: Giros national TV Channel 6\"><article class=\"post visible post-4122 type-post status-publish format-standard has-post-thumbnail hentry category-in-the-news category-media tag-fall-of-the-eyebrows tag-oculoplastic-surgeons tag-plastic-surgery\" data-name=\"Plastic surgery of the eyelids to restore a youthful look: Giros national TV Channel 6\" data-date=\"2018-05-18T10:48:02-06:00\">\n\n\t<div class=\"post-thumbnail-wrap\">\n\t\t<div class=\"post-thumbnail\">\n\n\t\t\t<a class=\"post-thumbnail-rollover layzr-bg img-css-resize-wrapper\" aria-label=\"Post image\" href=\"https:\/\/www.artefacial.com\/en\/in-the-news\/plastic-surgery-of-the-eyelids-to-restore-a-youthful-look\/\"><img decoding=\"async\" width=\"1024\" height=\"512\" src=\"data:image\/svg+xml,%3Csvg%20xmlns%3D&#039;http%3A%2F%2Fwww.w3.org%2F2000%2Fsvg&#039;%20viewBox%3D&#039;0%200%201024%20512&#039;%2F%3E\" class=\"attachment-full size-full preload-me aspect lazy lazy-load\" alt=\"Giro\" sizes=\"(max-width: 1024px) 100vw, 1024px\" style=\"--ratio: 1024 \/ 512;\" data-src=\"https:\/\/www.artefacial.com\/wp-content\/uploads\/2010\/05\/Giros.jpg\" loading=\"eager\" data-srcset=\"https:\/\/www.artefacial.com\/wp-content\/uploads\/2010\/05\/Giros.jpg 1024w, https:\/\/www.artefacial.com\/wp-content\/uploads\/2010\/05\/Giros-300x150.jpg 300w, https:\/\/www.artefacial.com\/wp-content\/uploads\/2010\/05\/Giros-768x384.jpg 768w\" \/><span class=\"the7-hover-icon\"><i aria-hidden=\"true\" class=\"fas fa-plus\"><\/i><\/span><\/a>\n\t\t<\/div>\n\t<\/div>\n\n\n<div class=\"post-entry-content\">\n\n\t<h3 class=\"ele-entry-title\"><a href=\"https:\/\/www.artefacial.com\/en\/in-the-news\/plastic-surgery-of-the-eyelids-to-restore-a-youthful-look\/\" rel=\"bookmark\" title=\"Plastic surgery of the eyelids to restore a youthful look: Giros national TV Channel 6\">Plastic surgery of the eyelids to restore a youthful look: Giros national TV Channel 6<\/a><\/h3><div class=\"entry-meta\"><span class=\"meta-item category-link\"><a href=\"https:\/\/www.artefacial.com\/en\/category\/in-the-news\/\" rel=\"tag\">In the news<\/a>, <a href=\"https:\/\/www.artefacial.com\/en\/category\/media\/\" rel=\"tag\">Media<\/a><\/span><a href=\"https:\/\/www.artefacial.com\/en\/2018\/05\/18\/\" title=\"10:48 am\" class=\"meta-item data-link\" rel=\"bookmark\"><time class=\"entry-date updated\" datetime=\"2018-05-18T10:48:02-06:00\">18 May, 2018<\/time><\/a><\/div><div class=\"entry-excerpt\"><p>Dr. Abraham G\u00f3mez explains what happens to our eyes as we age and shares what treatments are available to reverse&hellip;<\/p>\n<\/div><a href=\"https:\/\/www.artefacial.com\/en\/in-the-news\/plastic-surgery-of-the-eyelids-to-restore-a-youthful-look\/\" target=\"\" aria-label=\"Read more about Plastic surgery of the eyelids to restore a youthful look: Giros national TV Channel 6\" class=\"box-button elementor-button elementor-size-xs\">Read more<\/a>\n<\/div><\/article><\/div><div class=\"visible wf-cell\" data-post-id=\"4116\" data-date=\"2018-05-18T03:42:36-06:00\" data-name=\"Treatment of wrinkles and eyelid laxity: Buen D\u00eda national TV Channel 7\"><article class=\"post visible post-4116 type-post status-publish format-standard has-post-thumbnail hentry category-in-the-news category-media tag-eye-wrinkles\" data-name=\"Treatment of wrinkles and eyelid laxity: Buen D\u00eda national TV Channel 7\" data-date=\"2018-05-18T03:42:36-06:00\">\n\n\t<div class=\"post-thumbnail-wrap\">\n\t\t<div class=\"post-thumbnail\">\n\n\t\t\t<a class=\"post-thumbnail-rollover layzr-bg img-css-resize-wrapper\" aria-label=\"Post image\" href=\"https:\/\/www.artefacial.com\/en\/in-the-news\/treatment-of-wrinkles-and-eyelid-laxity\/\"><img decoding=\"async\" width=\"1024\" height=\"512\" src=\"data:image\/svg+xml,%3Csvg%20xmlns%3D&#039;http%3A%2F%2Fwww.w3.org%2F2000%2Fsvg&#039;%20viewBox%3D&#039;0%200%201024%20512&#039;%2F%3E\" class=\"attachment-full size-full preload-me aspect lazy lazy-load\" alt=\"Treatment of wrinkles and eyelid laxity\" sizes=\"(max-width: 1024px) 100vw, 1024px\" style=\"--ratio: 1024 \/ 512;\" data-src=\"https:\/\/www.artefacial.com\/wp-content\/uploads\/2018\/05\/Treatment-of-wrinkles-and-eyelid-laxity.jpg\" loading=\"eager\" data-srcset=\"https:\/\/www.artefacial.com\/wp-content\/uploads\/2018\/05\/Treatment-of-wrinkles-and-eyelid-laxity.jpg 1024w, https:\/\/www.artefacial.com\/wp-content\/uploads\/2018\/05\/Treatment-of-wrinkles-and-eyelid-laxity-300x150.jpg 300w, https:\/\/www.artefacial.com\/wp-content\/uploads\/2018\/05\/Treatment-of-wrinkles-and-eyelid-laxity-768x384.jpg 768w\" \/><span class=\"the7-hover-icon\"><i aria-hidden=\"true\" class=\"fas fa-plus\"><\/i><\/span><\/a>\n\t\t<\/div>\n\t<\/div>\n\n\n<div class=\"post-entry-content\">\n\n\t<h3 class=\"ele-entry-title\"><a href=\"https:\/\/www.artefacial.com\/en\/in-the-news\/treatment-of-wrinkles-and-eyelid-laxity\/\" rel=\"bookmark\" title=\"Treatment of wrinkles and eyelid laxity: Buen D\u00eda national TV Channel 7\">Treatment of wrinkles and eyelid laxity: Buen D\u00eda national TV Channel 7<\/a><\/h3><div class=\"entry-meta\"><span class=\"meta-item category-link\"><a href=\"https:\/\/www.artefacial.com\/en\/category\/in-the-news\/\" rel=\"tag\">In the news<\/a>, <a href=\"https:\/\/www.artefacial.com\/en\/category\/media\/\" rel=\"tag\">Media<\/a><\/span><a href=\"https:\/\/www.artefacial.com\/en\/2018\/05\/18\/\" title=\"3:42 am\" class=\"meta-item data-link\" rel=\"bookmark\"><time class=\"entry-date updated\" datetime=\"2018-05-18T03:42:36-06:00\">18 May, 2018<\/time><\/a><\/div><div class=\"entry-excerpt\"><p>Wrinkles and laxity of the skin around the eyes is an inevitable consequence of aging. Currently, many alternatives exist to&hellip;<\/p>\n<\/div><a href=\"https:\/\/www.artefacial.com\/en\/in-the-news\/treatment-of-wrinkles-and-eyelid-laxity\/\" target=\"\" aria-label=\"Read more about Treatment of wrinkles and eyelid laxity: Buen D\u00eda national TV Channel 7\" class=\"box-button elementor-button elementor-size-xs\">Read more<\/a>\n<\/div><\/article><\/div><\/div><!-- iso-container|iso-grid --><div class=\"paginator filter-decorations filter-pointer-underline filter-animation-fade\" role=\"navigation\"><a href=\"https:\/\/www.artefacial.com\/en\/wp-json\/wp\/v2\/pages\/7651\/\" class=\"page-numbers filter-item act\" data-page-num=\"1\">1<\/a><a href=\"https:\/\/www.artefacial.com\/en\/wp-json\/wp\/v2\/pages\/7651\/page\/2\/\" class=\"page-numbers filter-item \" data-page-num=\"2\">2<\/a><a href=\"https:\/\/www.artefacial.com\/en\/wp-json\/wp\/v2\/pages\/7651\/page\/2\/\" class=\"page-numbers nav-next filter-item\" data-page-num=\"2\" >\u2192<\/a><\/div><\/div>\t\t\t\t<\/div>\n\t\t\t\t<\/div>\n\t\t\t\t\t<\/div>\n\t\t<\/div>\n\t\t\t\t\t<\/div>\n\t\t<\/section>\n\t\t\t\t<\/div>\n\t\t","protected":false},"excerpt":{"rendered":"<p>What\u2019s the difference between botulinum toxin and dermal fillers? In the news, Media8 August, 2022 It is fairly common to confuse the function of botulinum toxin in aesthetic medicine with that of dermal fillers. Read more The non-cosmetic uses of Botox Channel 7 Buen D\u00eda In the news, Media14 January, 2022 &nbsp; Botulinum toxin (Botox)&hellip;<\/p>\n","protected":false},"author":1,"featured_media":0,"parent":0,"menu_order":0,"comment_status":"closed","ping_status":"closed","template":"","meta":{"footnotes":""},"class_list":["post-7651","page","type-page","status-publish","hentry"],"yoast_head":"<!-- This site is optimized with the Yoast SEO plugin v27.4 - https:\/\/yoast.com\/product\/yoast-seo-wordpress\/ -->\n<title>Interviews of surgeries and oculoplastic treatments in Costa Rica<\/title>\n<meta name=\"description\" content=\"Dr. Abraham G\u00f3mez talks to us in interviews about oculoplastic surgeries and treatments in Costa Rica\" \/>\n<meta name=\"robots\" content=\"index, follow, max-snippet:-1, max-image-preview:large, max-video-preview:-1\" \/>\n<link rel=\"canonical\" href=\"https:\/\/www.artefacial.com\/en\/in-the-media\/\" \/>\n<meta property=\"og:locale\" content=\"en_US\" \/>\n<meta property=\"og:type\" content=\"article\" \/>\n<meta property=\"og:title\" content=\"Interviews of surgeries and oculoplastic treatments in Costa Rica\" \/>\n<meta property=\"og:description\" content=\"Dr. Abraham G\u00f3mez talks to us in interviews about oculoplastic surgeries and treatments in Costa Rica\" \/>\n<meta property=\"og:url\" content=\"https:\/\/www.artefacial.com\/en\/in-the-media\/\" \/>\n<meta property=\"og:site_name\" content=\"Arte Facial\" \/>\n<meta property=\"article:publisher\" content=\"https:\/\/www.facebook.com\/ArteFacialCR\/\" \/>\n<meta property=\"article:modified_time\" content=\"2022-12-16T15:22:23+00:00\" \/>\n<meta property=\"og:image\" content=\"https:\/\/www.artefacial.com\/wp-content\/uploads\/2021\/11\/arte-facial-logo.png\" \/>\n\t<meta property=\"og:image:width\" content=\"265\" \/>\n\t<meta property=\"og:image:height\" content=\"100\" \/>\n\t<meta property=\"og:image:type\" content=\"image\/png\" \/>\n<meta name=\"twitter:card\" content=\"summary_large_image\" \/>\n<meta name=\"twitter:label1\" content=\"Est. reading time\" \/>\n\t<meta name=\"twitter:data1\" content=\"5 minutes\" \/>\n<script type=\"application\/ld+json\" class=\"yoast-schema-graph\">{\"@context\":\"https:\\\/\\\/schema.org\",\"@graph\":[{\"@type\":\"WebPage\",\"@id\":\"https:\\\/\\\/www.artefacial.com\\\/en\\\/in-the-media\\\/\",\"url\":\"https:\\\/\\\/www.artefacial.com\\\/en\\\/in-the-media\\\/\",\"name\":\"Interviews of surgeries and oculoplastic treatments in Costa Rica\",\"isPartOf\":{\"@id\":\"https:\\\/\\\/www.artefacial.com\\\/en\\\/#website\"},\"datePublished\":\"2021-12-03T16:54:30+00:00\",\"dateModified\":\"2022-12-16T15:22:23+00:00\",\"description\":\"Dr. Abraham G\u00f3mez talks to us in interviews about oculoplastic surgeries and treatments in Costa Rica\",\"breadcrumb\":{\"@id\":\"https:\\\/\\\/www.artefacial.com\\\/en\\\/in-the-media\\\/#breadcrumb\"},\"inLanguage\":\"en-US\",\"potentialAction\":[{\"@type\":\"ReadAction\",\"target\":[\"https:\\\/\\\/www.artefacial.com\\\/en\\\/in-the-media\\\/\"]}]},{\"@type\":\"BreadcrumbList\",\"@id\":\"https:\\\/\\\/www.artefacial.com\\\/en\\\/in-the-media\\\/#breadcrumb\",\"itemListElement\":[{\"@type\":\"ListItem\",\"position\":1,\"name\":\"Inicio\",\"item\":\"https:\\\/\\\/www.artefacial.com\\\/en\\\/\"},{\"@type\":\"ListItem\",\"position\":2,\"name\":\"In the media\"}]},{\"@type\":\"WebSite\",\"@id\":\"https:\\\/\\\/www.artefacial.com\\\/en\\\/#website\",\"url\":\"https:\\\/\\\/www.artefacial.com\\\/en\\\/\",\"name\":\"Arte Facial\",\"description\":\"Ciencia, Arte y Cuidado del Rostro\",\"publisher\":{\"@id\":\"https:\\\/\\\/www.artefacial.com\\\/en\\\/#organization\"},\"potentialAction\":[{\"@type\":\"SearchAction\",\"target\":{\"@type\":\"EntryPoint\",\"urlTemplate\":\"https:\\\/\\\/www.artefacial.com\\\/en\\\/?s={search_term_string}\"},\"query-input\":{\"@type\":\"PropertyValueSpecification\",\"valueRequired\":true,\"valueName\":\"search_term_string\"}}],\"inLanguage\":\"en-US\"},{\"@type\":\"Organization\",\"@id\":\"https:\\\/\\\/www.artefacial.com\\\/en\\\/#organization\",\"name\":\"Arte Facial\",\"url\":\"https:\\\/\\\/www.artefacial.com\\\/en\\\/\",\"logo\":{\"@type\":\"ImageObject\",\"inLanguage\":\"en-US\",\"@id\":\"https:\\\/\\\/www.artefacial.com\\\/en\\\/#\\\/schema\\\/logo\\\/image\\\/\",\"url\":\"https:\\\/\\\/www.artefacial.com\\\/wp-content\\\/uploads\\\/2021\\\/11\\\/arte-facial-logo.png\",\"contentUrl\":\"https:\\\/\\\/www.artefacial.com\\\/wp-content\\\/uploads\\\/2021\\\/11\\\/arte-facial-logo.png\",\"width\":265,\"height\":100,\"caption\":\"Arte Facial\"},\"image\":{\"@id\":\"https:\\\/\\\/www.artefacial.com\\\/en\\\/#\\\/schema\\\/logo\\\/image\\\/\"},\"sameAs\":[\"https:\\\/\\\/www.facebook.com\\\/ArteFacialCR\\\/\",\"https:\\\/\\\/www.instagram.com\\\/artefacialcr\\\/\",\"https:\\\/\\\/www.youtube.com\\\/c\\\/ArteFacial\"]}]}<\/script>\n<!-- \/ Yoast SEO plugin. -->","yoast_head_json":{"title":"Interviews of surgeries and oculoplastic treatments in Costa Rica","description":"Dr. Abraham G\u00f3mez talks to us in interviews about oculoplastic surgeries and treatments in Costa Rica","robots":{"index":"index","follow":"follow","max-snippet":"max-snippet:-1","max-image-preview":"max-image-preview:large","max-video-preview":"max-video-preview:-1"},"canonical":"https:\/\/www.artefacial.com\/en\/in-the-media\/","og_locale":"en_US","og_type":"article","og_title":"Interviews of surgeries and oculoplastic treatments in Costa Rica","og_description":"Dr. Abraham G\u00f3mez talks to us in interviews about oculoplastic surgeries and treatments in Costa Rica","og_url":"https:\/\/www.artefacial.com\/en\/in-the-media\/","og_site_name":"Arte Facial","article_publisher":"https:\/\/www.facebook.com\/ArteFacialCR\/","article_modified_time":"2022-12-16T15:22:23+00:00","og_image":[{"width":265,"height":100,"url":"https:\/\/www.artefacial.com\/wp-content\/uploads\/2021\/11\/arte-facial-logo.png","type":"image\/png"}],"twitter_card":"summary_large_image","twitter_misc":{"Est. reading time":"5 minutes"},"schema":{"@context":"https:\/\/schema.org","@graph":[{"@type":"WebPage","@id":"https:\/\/www.artefacial.com\/en\/in-the-media\/","url":"https:\/\/www.artefacial.com\/en\/in-the-media\/","name":"Interviews of surgeries and oculoplastic treatments in Costa Rica","isPartOf":{"@id":"https:\/\/www.artefacial.com\/en\/#website"},"datePublished":"2021-12-03T16:54:30+00:00","dateModified":"2022-12-16T15:22:23+00:00","description":"Dr. Abraham G\u00f3mez talks to us in interviews about oculoplastic surgeries and treatments in Costa Rica","breadcrumb":{"@id":"https:\/\/www.artefacial.com\/en\/in-the-media\/#breadcrumb"},"inLanguage":"en-US","potentialAction":[{"@type":"ReadAction","target":["https:\/\/www.artefacial.com\/en\/in-the-media\/"]}]},{"@type":"BreadcrumbList","@id":"https:\/\/www.artefacial.com\/en\/in-the-media\/#breadcrumb","itemListElement":[{"@type":"ListItem","position":1,"name":"Inicio","item":"https:\/\/www.artefacial.com\/en\/"},{"@type":"ListItem","position":2,"name":"In the media"}]},{"@type":"WebSite","@id":"https:\/\/www.artefacial.com\/en\/#website","url":"https:\/\/www.artefacial.com\/en\/","name":"Arte Facial","description":"Ciencia, Arte y Cuidado del Rostro","publisher":{"@id":"https:\/\/www.artefacial.com\/en\/#organization"},"potentialAction":[{"@type":"SearchAction","target":{"@type":"EntryPoint","urlTemplate":"https:\/\/www.artefacial.com\/en\/?s={search_term_string}"},"query-input":{"@type":"PropertyValueSpecification","valueRequired":true,"valueName":"search_term_string"}}],"inLanguage":"en-US"},{"@type":"Organization","@id":"https:\/\/www.artefacial.com\/en\/#organization","name":"Arte Facial","url":"https:\/\/www.artefacial.com\/en\/","logo":{"@type":"ImageObject","inLanguage":"en-US","@id":"https:\/\/www.artefacial.com\/en\/#\/schema\/logo\/image\/","url":"https:\/\/www.artefacial.com\/wp-content\/uploads\/2021\/11\/arte-facial-logo.png","contentUrl":"https:\/\/www.artefacial.com\/wp-content\/uploads\/2021\/11\/arte-facial-logo.png","width":265,"height":100,"caption":"Arte Facial"},"image":{"@id":"https:\/\/www.artefacial.com\/en\/#\/schema\/logo\/image\/"},"sameAs":["https:\/\/www.facebook.com\/ArteFacialCR\/","https:\/\/www.instagram.com\/artefacialcr\/","https:\/\/www.youtube.com\/c\/ArteFacial"]}]}},"_links":{"self":[{"href":"https:\/\/www.artefacial.com\/en\/wp-json\/wp\/v2\/pages\/7651","targetHints":{"allow":["GET"]}}],"collection":[{"href":"https:\/\/www.artefacial.com\/en\/wp-json\/wp\/v2\/pages"}],"about":[{"href":"https:\/\/www.artefacial.com\/en\/wp-json\/wp\/v2\/types\/page"}],"author":[{"embeddable":true,"href":"https:\/\/www.artefacial.com\/en\/wp-json\/wp\/v2\/users\/1"}],"replies":[{"embeddable":true,"href":"https:\/\/www.artefacial.com\/en\/wp-json\/wp\/v2\/comments?post=7651"}],"version-history":[{"count":0,"href":"https:\/\/www.artefacial.com\/en\/wp-json\/wp\/v2\/pages\/7651\/revisions"}],"wp:attachment":[{"href":"https:\/\/www.artefacial.com\/en\/wp-json\/wp\/v2\/media?parent=7651"}],"curies":[{"name":"wp","href":"https:\/\/api.w.org\/{rel}","templated":true}]}}