{"id":6696,"date":"2021-11-18T18:36:21","date_gmt":"2021-11-18T18:36:21","guid":{"rendered":"https:\/\/www.artefacial.com\/demo\/?page_id=6696"},"modified":"2024-06-10T11:04:21","modified_gmt":"2024-06-10T17:04:21","slug":"abraham-gomez","status":"publish","type":"page","link":"https:\/\/www.artefacial.com\/en\/our-staff\/abraham-gomez\/","title":{"rendered":"Abraham G\u00f3mez, M.D."},"content":{"rendered":"\t\t<div data-elementor-type=\"wp-page\" data-elementor-id=\"6696\" class=\"elementor elementor-6696\" data-elementor-post-type=\"page\">\n\t\t\t\t\t\t<section class=\"elementor-section elementor-top-section elementor-element elementor-element-55516397 elementor-hidden-mobile elementor-hidden-tablet elementor-section-boxed elementor-section-height-default elementor-section-height-default\" data-id=\"55516397\" data-element_type=\"section\" data-e-type=\"section\" data-settings=\"{&quot;background_background&quot;:&quot;classic&quot;}\">\n\t\t\t\t\t\t\t<div class=\"elementor-background-overlay\"><\/div>\n\t\t\t\t\t\t\t<div class=\"elementor-container elementor-column-gap-extended\">\n\t\t\t\t\t<div class=\"elementor-column elementor-col-50 elementor-top-column elementor-element elementor-element-529f0908\" data-id=\"529f0908\" data-element_type=\"column\" data-e-type=\"column\">\n\t\t\t<div class=\"elementor-widget-wrap elementor-element-populated\">\n\t\t\t\t\t\t<div class=\"elementor-element elementor-element-25540ce2 elementor-widget elementor-widget-image\" data-id=\"25540ce2\" data-element_type=\"widget\" data-e-type=\"widget\" data-settings=\"{&quot;_animation&quot;:&quot;none&quot;,&quot;_animation_delay&quot;:600}\" data-widget_type=\"image.default\">\n\t\t\t\t<div class=\"elementor-widget-container\">\n\t\t\t\t\t\t\t\t\t\t\t\t\t\t\t\t<a href=\"https:\/\/www.artefacial.com\/wp-content\/uploads\/2021\/11\/Abraham-Gomez-M.D-1.jpg\" data-elementor-open-lightbox=\"yes\" data-elementor-lightbox-title=\"Oculoplastic surgery in Costa Rica\" data-e-action-hash=\"#elementor-action%3Aaction%3Dlightbox%26settings%3DeyJpZCI6Njg2NiwidXJsIjoiaHR0cHM6XC9cL3d3dy5hcnRlZmFjaWFsLmNvbVwvd3AtY29udGVudFwvdXBsb2Fkc1wvMjAyMVwvMTFcL0FicmFoYW0tR29tZXotTS5ELTEuanBnIn0%3D\">\n\t\t\t\t\t\t\t<img fetchpriority=\"high\" decoding=\"async\" width=\"893\" height=\"1024\" src=\"data:image\/svg+xml;charset=utf-8,%3Csvg xmlns%3D'http%3A%2F%2Fwww.w3.org%2F2000%2Fsvg' viewBox%3D'0 0 893 1024'%2F%3E\" data-src=\"https:\/\/www.artefacial.com\/wp-content\/uploads\/2021\/11\/Abraham-Gomez-M.D-1-893x1024.jpg\" class=\"lazy-load attachment-large size-large wp-image-6866\" alt=\"Oculoplastic surgery in Costa Rica\" data-srcset=\"https:\/\/www.artefacial.com\/wp-content\/uploads\/2021\/11\/Abraham-Gomez-M.D-1-893x1024.jpg 893w, https:\/\/www.artefacial.com\/wp-content\/uploads\/2021\/11\/Abraham-Gomez-M.D-1-262x300.jpg 262w, https:\/\/www.artefacial.com\/wp-content\/uploads\/2021\/11\/Abraham-Gomez-M.D-1-768x881.jpg 768w, https:\/\/www.artefacial.com\/wp-content\/uploads\/2021\/11\/Abraham-Gomez-M.D-1-1339x1536.jpg 1339w, https:\/\/www.artefacial.com\/wp-content\/uploads\/2021\/11\/Abraham-Gomez-M.D-1.jpg 1353w\" sizes=\"(max-width: 893px) 100vw, 893px\" \/>\t\t\t\t\t\t\t\t<\/a>\n\t\t\t\t\t\t\t\t\t\t\t\t\t\t\t<\/div>\n\t\t\t\t<\/div>\n\t\t\t\t\t<\/div>\n\t\t<\/div>\n\t\t\t\t<div class=\"elementor-column elementor-col-50 elementor-top-column elementor-element elementor-element-29c76ab7\" data-id=\"29c76ab7\" data-element_type=\"column\" data-e-type=\"column\" data-settings=\"{&quot;background_background&quot;:&quot;classic&quot;}\">\n\t\t\t<div class=\"elementor-widget-wrap elementor-element-populated\">\n\t\t\t\t\t\t<section class=\"elementor-section elementor-inner-section elementor-element elementor-element-59ee66e4 elementor-section-boxed elementor-section-height-default elementor-section-height-default\" data-id=\"59ee66e4\" data-element_type=\"section\" data-e-type=\"section\">\n\t\t\t\t\t\t<div class=\"elementor-container elementor-column-gap-default\">\n\t\t\t\t\t<div class=\"elementor-column elementor-col-16 elementor-inner-column elementor-element elementor-element-4477b44b\" data-id=\"4477b44b\" data-element_type=\"column\" data-e-type=\"column\">\n\t\t\t<div class=\"elementor-widget-wrap\">\n\t\t\t\t\t\t\t<\/div>\n\t\t<\/div>\n\t\t\t\t<div class=\"elementor-column elementor-col-66 elementor-inner-column elementor-element elementor-element-6c38537c\" data-id=\"6c38537c\" data-element_type=\"column\" data-e-type=\"column\">\n\t\t\t<div class=\"elementor-widget-wrap elementor-element-populated\">\n\t\t\t\t\t\t<div class=\"elementor-element elementor-element-699cc763 elementor-widget-divider--view-line elementor-widget elementor-widget-divider\" data-id=\"699cc763\" data-element_type=\"widget\" data-e-type=\"widget\" data-widget_type=\"divider.default\">\n\t\t\t\t<div class=\"elementor-widget-container\">\n\t\t\t\t\t\t\t<div class=\"elementor-divider\">\n\t\t\t<span class=\"elementor-divider-separator\">\n\t\t\t\t\t\t<\/span>\n\t\t<\/div>\n\t\t\t\t\t\t<\/div>\n\t\t\t\t<\/div>\n\t\t\t\t<div class=\"elementor-element elementor-element-5534ecc6 textcenter elementor-widget elementor-widget-heading\" data-id=\"5534ecc6\" data-element_type=\"widget\" data-e-type=\"widget\" data-widget_type=\"heading.default\">\n\t\t\t\t<div class=\"elementor-widget-container\">\n\t\t\t\t\t<h2 class=\"elementor-heading-title elementor-size-default\">Abraham G\u00f3mez, M.D.<\/h2>\t\t\t\t<\/div>\n\t\t\t\t<\/div>\n\t\t\t\t<div class=\"elementor-element elementor-element-593dd01a elementor-widget-divider--view-line elementor-widget elementor-widget-divider\" data-id=\"593dd01a\" data-element_type=\"widget\" data-e-type=\"widget\" data-widget_type=\"divider.default\">\n\t\t\t\t<div class=\"elementor-widget-container\">\n\t\t\t\t\t\t\t<div class=\"elementor-divider\">\n\t\t\t<span class=\"elementor-divider-separator\">\n\t\t\t\t\t\t<\/span>\n\t\t<\/div>\n\t\t\t\t\t\t<\/div>\n\t\t\t\t<\/div>\n\t\t\t\t\t<\/div>\n\t\t<\/div>\n\t\t\t\t<div class=\"elementor-column elementor-col-16 elementor-inner-column elementor-element elementor-element-3a6b2bee\" data-id=\"3a6b2bee\" data-element_type=\"column\" data-e-type=\"column\">\n\t\t\t<div class=\"elementor-widget-wrap\">\n\t\t\t\t\t\t\t<\/div>\n\t\t<\/div>\n\t\t\t\t\t<\/div>\n\t\t<\/section>\n\t\t\t\t<section class=\"elementor-section elementor-inner-section elementor-element elementor-element-6a44fb08 elementor-section-boxed elementor-section-height-default elementor-section-height-default\" data-id=\"6a44fb08\" data-element_type=\"section\" data-e-type=\"section\">\n\t\t\t\t\t\t<div class=\"elementor-container elementor-column-gap-default\">\n\t\t\t\t\t<div class=\"elementor-column elementor-col-100 elementor-inner-column elementor-element elementor-element-590232fa\" data-id=\"590232fa\" data-element_type=\"column\" data-e-type=\"column\">\n\t\t\t<div class=\"elementor-widget-wrap elementor-element-populated\">\n\t\t\t\t\t\t<div class=\"elementor-element elementor-element-7e2f7613 textcenter elementor-widget elementor-widget-heading\" data-id=\"7e2f7613\" data-element_type=\"widget\" data-e-type=\"widget\" data-widget_type=\"heading.default\">\n\t\t\t\t<div class=\"elementor-widget-container\">\n\t\t\t\t\t<h3 class=\"elementor-heading-title elementor-size-default\">Abraham G\u00f3mez, M.D.<\/h3>\t\t\t\t<\/div>\n\t\t\t\t<\/div>\n\t\t\t\t<div class=\"elementor-element elementor-element-3896851d elementor-widget elementor-widget-text-editor\" data-id=\"3896851d\" data-element_type=\"widget\" data-e-type=\"widget\" data-widget_type=\"text-editor.default\">\n\t\t\t\t<div class=\"elementor-widget-container\">\n\t\t\t\t\t\t\t\t\t<p>Doctor Abraham G\u00f3mez attended school in San Jos\u00e9, Costa Rica. He obtained his medical degree from the University of Medical Sciences (UCIMED), one of the most prestigious medical schools in Latin America, where he graduated with honors in the top 1% of his class. While in medical school, he developed a profound interest in Ophthalmology. He was welcomed to the Ophthalmology residency program at the <strong><em>University of Barcelona<\/em><\/strong>, Spain, where he was awarded academic achievements. During his surgical residency, he became passionate about <strong><em>Ophthalmic Plastic and Reconstructive Surgery<\/em><\/strong> (OPRS), which led him to pursue subspecialty training in this field. He received his initial OPRS training in Europe at <strong><em>Western Eye Hospital in London<\/em><\/strong> and <strong><em>Instituto de Microcirug\u00eda Ocular in Barcelona. \u00a0<\/em><\/strong><strong><em><br \/><\/em><\/strong><\/p>\t\t\t\t\t\t\t\t<\/div>\n\t\t\t\t<\/div>\n\t\t\t\t\t<\/div>\n\t\t<\/div>\n\t\t\t\t\t<\/div>\n\t\t<\/section>\n\t\t\t\t\t<\/div>\n\t\t<\/div>\n\t\t\t\t\t<\/div>\n\t\t<\/section>\n\t\t\t\t<section class=\"elementor-section elementor-top-section elementor-element elementor-element-035565b elementor-hidden-desktop elementor-section-boxed elementor-section-height-default elementor-section-height-default\" data-id=\"035565b\" data-element_type=\"section\" data-e-type=\"section\" data-settings=\"{&quot;background_background&quot;:&quot;classic&quot;}\">\n\t\t\t\t\t\t\t<div class=\"elementor-background-overlay\"><\/div>\n\t\t\t\t\t\t\t<div class=\"elementor-container elementor-column-gap-extended\">\n\t\t\t\t\t<div class=\"elementor-column elementor-col-50 elementor-top-column elementor-element elementor-element-bf1151b\" data-id=\"bf1151b\" data-element_type=\"column\" data-e-type=\"column\">\n\t\t\t<div class=\"elementor-widget-wrap elementor-element-populated\">\n\t\t\t\t\t\t<section class=\"elementor-section elementor-inner-section elementor-element elementor-element-c225300 elementor-section-boxed elementor-section-height-default elementor-section-height-default\" data-id=\"c225300\" data-element_type=\"section\" data-e-type=\"section\">\n\t\t\t\t\t\t<div class=\"elementor-container elementor-column-gap-default\">\n\t\t\t\t\t<div class=\"elementor-column elementor-col-16 elementor-inner-column elementor-element elementor-element-0f131c2\" data-id=\"0f131c2\" data-element_type=\"column\" data-e-type=\"column\">\n\t\t\t<div class=\"elementor-widget-wrap\">\n\t\t\t\t\t\t\t<\/div>\n\t\t<\/div>\n\t\t\t\t<div class=\"elementor-column elementor-col-66 elementor-inner-column elementor-element elementor-element-aea4ae9\" data-id=\"aea4ae9\" data-element_type=\"column\" data-e-type=\"column\">\n\t\t\t<div class=\"elementor-widget-wrap elementor-element-populated\">\n\t\t\t\t\t\t<div class=\"elementor-element elementor-element-4fe9fdd elementor-widget-divider--view-line elementor-widget elementor-widget-divider\" data-id=\"4fe9fdd\" data-element_type=\"widget\" data-e-type=\"widget\" data-widget_type=\"divider.default\">\n\t\t\t\t<div class=\"elementor-widget-container\">\n\t\t\t\t\t\t\t<div class=\"elementor-divider\">\n\t\t\t<span class=\"elementor-divider-separator\">\n\t\t\t\t\t\t<\/span>\n\t\t<\/div>\n\t\t\t\t\t\t<\/div>\n\t\t\t\t<\/div>\n\t\t\t\t<div class=\"elementor-element elementor-element-783df53 textcenter elementor-widget elementor-widget-heading\" data-id=\"783df53\" data-element_type=\"widget\" data-e-type=\"widget\" data-widget_type=\"heading.default\">\n\t\t\t\t<div class=\"elementor-widget-container\">\n\t\t\t\t\t<h2 class=\"elementor-heading-title elementor-size-default\">Abraham G\u00f3mez, M.D.<\/h2>\t\t\t\t<\/div>\n\t\t\t\t<\/div>\n\t\t\t\t<div class=\"elementor-element elementor-element-0912e27 elementor-widget-divider--view-line elementor-widget elementor-widget-divider\" data-id=\"0912e27\" data-element_type=\"widget\" data-e-type=\"widget\" data-widget_type=\"divider.default\">\n\t\t\t\t<div class=\"elementor-widget-container\">\n\t\t\t\t\t\t\t<div class=\"elementor-divider\">\n\t\t\t<span class=\"elementor-divider-separator\">\n\t\t\t\t\t\t<\/span>\n\t\t<\/div>\n\t\t\t\t\t\t<\/div>\n\t\t\t\t<\/div>\n\t\t\t\t\t<\/div>\n\t\t<\/div>\n\t\t\t\t<div class=\"elementor-column elementor-col-16 elementor-inner-column elementor-element elementor-element-3cc1229\" data-id=\"3cc1229\" data-element_type=\"column\" data-e-type=\"column\">\n\t\t\t<div class=\"elementor-widget-wrap\">\n\t\t\t\t\t\t\t<\/div>\n\t\t<\/div>\n\t\t\t\t\t<\/div>\n\t\t<\/section>\n\t\t\t\t<div class=\"elementor-element elementor-element-ffdda88 elementor-widget elementor-widget-image\" data-id=\"ffdda88\" data-element_type=\"widget\" data-e-type=\"widget\" data-settings=\"{&quot;_animation&quot;:&quot;none&quot;,&quot;_animation_delay&quot;:600}\" data-widget_type=\"image.default\">\n\t\t\t\t<div class=\"elementor-widget-container\">\n\t\t\t\t\t\t\t\t\t\t\t\t\t\t\t\t<a href=\"https:\/\/www.artefacial.com\/wp-content\/uploads\/2021\/11\/Abraham-Gomez-M.D-1.jpg\" data-elementor-open-lightbox=\"yes\" data-elementor-lightbox-title=\"Oculoplastic surgery in Costa Rica\" data-e-action-hash=\"#elementor-action%3Aaction%3Dlightbox%26settings%3DeyJpZCI6Njg2NiwidXJsIjoiaHR0cHM6XC9cL3d3dy5hcnRlZmFjaWFsLmNvbVwvd3AtY29udGVudFwvdXBsb2Fkc1wvMjAyMVwvMTFcL0FicmFoYW0tR29tZXotTS5ELTEuanBnIn0%3D\">\n\t\t\t\t\t\t\t<img decoding=\"async\" width=\"768\" height=\"881\" src=\"https:\/\/www.artefacial.com\/wp-content\/uploads\/2021\/11\/Abraham-Gomez-M.D-1-768x881.jpg\" class=\"attachment-medium_large size-medium_large wp-image-6866\" alt=\"Oculoplastic surgery in Costa Rica\" srcset=\"https:\/\/www.artefacial.com\/wp-content\/uploads\/2021\/11\/Abraham-Gomez-M.D-1-768x881.jpg 768w, https:\/\/www.artefacial.com\/wp-content\/uploads\/2021\/11\/Abraham-Gomez-M.D-1-262x300.jpg 262w, https:\/\/www.artefacial.com\/wp-content\/uploads\/2021\/11\/Abraham-Gomez-M.D-1-893x1024.jpg 893w, https:\/\/www.artefacial.com\/wp-content\/uploads\/2021\/11\/Abraham-Gomez-M.D-1-1339x1536.jpg 1339w, https:\/\/www.artefacial.com\/wp-content\/uploads\/2021\/11\/Abraham-Gomez-M.D-1.jpg 1353w\" sizes=\"(max-width: 768px) 100vw, 768px\" loading=\"lazy\" \/>\t\t\t\t\t\t\t\t<\/a>\n\t\t\t\t\t\t\t\t\t\t\t\t\t\t\t<\/div>\n\t\t\t\t<\/div>\n\t\t\t\t\t<\/div>\n\t\t<\/div>\n\t\t\t\t<div class=\"elementor-column elementor-col-50 elementor-top-column elementor-element elementor-element-3c4268f\" data-id=\"3c4268f\" data-element_type=\"column\" data-e-type=\"column\" data-settings=\"{&quot;background_background&quot;:&quot;classic&quot;}\">\n\t\t\t<div class=\"elementor-widget-wrap elementor-element-populated\">\n\t\t\t\t\t\t<section class=\"elementor-section elementor-inner-section elementor-element elementor-element-1ee4825 elementor-section-boxed elementor-section-height-default elementor-section-height-default\" data-id=\"1ee4825\" data-element_type=\"section\" data-e-type=\"section\">\n\t\t\t\t\t\t<div class=\"elementor-container elementor-column-gap-default\">\n\t\t\t\t\t<div class=\"elementor-column elementor-col-100 elementor-inner-column elementor-element elementor-element-7a8682b\" data-id=\"7a8682b\" data-element_type=\"column\" data-e-type=\"column\">\n\t\t\t<div class=\"elementor-widget-wrap elementor-element-populated\">\n\t\t\t\t\t\t<div class=\"elementor-element elementor-element-481bdd2 elementor-widget elementor-widget-text-editor\" data-id=\"481bdd2\" data-element_type=\"widget\" data-e-type=\"widget\" data-widget_type=\"text-editor.default\">\n\t\t\t\t<div class=\"elementor-widget-container\">\n\t\t\t\t\t\t\t\t\t<p>Doctor Abraham G\u00f3mez attended school in San Jos\u00e9, Costa Rica. He obtained his medical degree from the University of Medical Sciences (UCIMED), one of the most prestigious medical schools in Latin America, where he graduated with honors in the top 1% of his class. While in medical school, he developed a profound interest in Ophthalmology. He was welcomed to the Ophthalmology residency program at the <strong><em>University of Barcelona<\/em><\/strong>, Spain, where he was awarded academic achievements. During his surgical residency, he became passionate about <strong><em>Ophthalmic Plastic and Reconstructive Surgery<\/em><\/strong> (OPRS), which led him to pursue subspecialty training in this field. He received his initial OPRS training in Europe at <strong><em>Western Eye Hospital in London<\/em><\/strong> and <strong><em>Instituto de Microcirug\u00eda Ocular in Barcelona. \u00a0<\/em><\/strong><strong><em><br \/><\/em><\/strong><\/p>\t\t\t\t\t\t\t\t<\/div>\n\t\t\t\t<\/div>\n\t\t\t\t<div class=\"elementor-element elementor-element-c078ed9 elementor-widget elementor-widget-text-editor\" data-id=\"c078ed9\" data-element_type=\"widget\" data-e-type=\"widget\" data-widget_type=\"text-editor.default\">\n\t\t\t\t<div class=\"elementor-widget-container\">\n\t\t\t\t\t\t\t\t\t<p>Dr. G\u00f3mez moved to the United States to complete a two-year <strong><em>American Society of Ophthalmic Plastic and Reconstructive Surgery (ASOPRS) Fellowship.<\/em><\/strong> He was accepted at <strong><em>Consultants in Ophthalmic and Facial Plastic Surgery<\/em><\/strong> in Michigan, one of the most sought-after ASOPRS positions in the country. During his fellowship, he received comprehensive surgical training in cosmetic and reconstructive eyelid and facial <a title=\"\" class=\"aalmanual\" target=\"_self\"   href=\"\/en\/minimally-invasive-aesthetic-surgery\/\">plastic surgery<\/a>.<\/p>\t\t\t\t\t\t\t\t<\/div>\n\t\t\t\t<\/div>\n\t\t\t\t<div class=\"elementor-element elementor-element-c3cbb07 elementor-widget elementor-widget-video\" data-id=\"c3cbb07\" data-element_type=\"widget\" data-e-type=\"widget\" data-settings=\"{&quot;youtube_url&quot;:&quot;https:\\\/\\\/youtu.be\\\/DC_uFRT4ask&quot;,&quot;video_type&quot;:&quot;youtube&quot;,&quot;controls&quot;:&quot;yes&quot;}\" data-widget_type=\"video.default\">\n\t\t\t\t<div class=\"elementor-widget-container\">\n\t\t\t\t\t\t\t<div class=\"elementor-wrapper elementor-open-inline\">\n\t\t\t<div class=\"elementor-video\"><\/div>\t\t<\/div>\n\t\t\t\t\t\t<\/div>\n\t\t\t\t<\/div>\n\t\t\t\t<div class=\"elementor-element elementor-element-d452085 elementor-widget elementor-widget-text-editor\" data-id=\"d452085\" data-element_type=\"widget\" data-e-type=\"widget\" data-widget_type=\"text-editor.default\">\n\t\t\t\t<div class=\"elementor-widget-container\">\n\t\t\t\t\t\t\t\t\t<p>After completing this training, Dr. G\u00f3mez returned to Costa Rica, where he has been helping to grow the field of Oculoplastic Surgery by offering an exceptional experience for his local and foreign patients. He currently runs a private practice in San Jos\u00e9 where he focuses on serving patients with excellence, reaching the highest standards in his field through meticulous surgical artistry.<\/p>\t\t\t\t\t\t\t\t<\/div>\n\t\t\t\t<\/div>\n\t\t\t\t<div class=\"elementor-element elementor-element-d65a037 elementor-widget elementor-widget-text-editor\" data-id=\"d65a037\" data-element_type=\"widget\" data-e-type=\"widget\" data-widget_type=\"text-editor.default\">\n\t\t\t\t<div class=\"elementor-widget-container\">\n\t\t\t\t\t\t\t\t\t<p>Dr. G\u00f3mez&#8217;s attention to detail led him to build a great team that values the patient and provides medical care tailored to each individual during the pre- and post-surgical process. Patient testimonials attest to a uniquely positive experience led first by Dr. Gomez&#8217;s knowledge and excellent bedside manners and his team&#8217;s commitment to accompanying patients through the surgical process. A philosophy of offering the highest quality, state-of-the art cosmetic and reconstructive oculoplastic treatments in a personalized manner is the cornerstone of his practice.<\/p>\t\t\t\t\t\t\t\t<\/div>\n\t\t\t\t<\/div>\n\t\t\t\t\t<\/div>\n\t\t<\/div>\n\t\t\t\t\t<\/div>\n\t\t<\/section>\n\t\t\t\t\t<\/div>\n\t\t<\/div>\n\t\t\t\t\t<\/div>\n\t\t<\/section>\n\t\t\t\t<section class=\"elementor-section elementor-top-section elementor-element elementor-element-0addb9a elementor-section-content-middle elementor-hidden-mobile elementor-section-boxed elementor-section-height-default elementor-section-height-default\" data-id=\"0addb9a\" data-element_type=\"section\" data-e-type=\"section\">\n\t\t\t\t\t\t<div class=\"elementor-container elementor-column-gap-extended\">\n\t\t\t\t\t<div class=\"elementor-column elementor-col-100 elementor-top-column elementor-element elementor-element-817c62a\" data-id=\"817c62a\" data-element_type=\"column\" data-e-type=\"column\">\n\t\t\t<div class=\"elementor-widget-wrap elementor-element-populated\">\n\t\t\t\t\t\t<section class=\"elementor-section elementor-inner-section elementor-element elementor-element-72c6064 elementor-section-boxed elementor-section-height-default elementor-section-height-default\" data-id=\"72c6064\" data-element_type=\"section\" data-e-type=\"section\">\n\t\t\t\t\t\t<div class=\"elementor-container elementor-column-gap-default\">\n\t\t\t\t\t<div class=\"elementor-column elementor-col-100 elementor-inner-column elementor-element elementor-element-17a32b7\" data-id=\"17a32b7\" data-element_type=\"column\" data-e-type=\"column\">\n\t\t\t<div class=\"elementor-widget-wrap elementor-element-populated\">\n\t\t\t\t\t\t<div class=\"elementor-element elementor-element-42d4401 elementor-widget elementor-widget-text-editor\" data-id=\"42d4401\" data-element_type=\"widget\" data-e-type=\"widget\" data-widget_type=\"text-editor.default\">\n\t\t\t\t<div class=\"elementor-widget-container\">\n\t\t\t\t\t\t\t\t\t<p>Dr. G\u00f3mez moved to the United States to complete a two-year <strong><em>American Society of Ophthalmic Plastic and Reconstructive Surgery (ASOPRS) Fellowship.<\/em><\/strong> He was accepted at <strong><em>Consultants in Ophthalmic and Facial Plastic Surgery<\/em><\/strong> in Michigan, one of the most sought-after ASOPRS positions in the country. During his fellowship, he received comprehensive surgical training in cosmetic and reconstructive eyelid and facial plastic surgery.<\/p>\t\t\t\t\t\t\t\t<\/div>\n\t\t\t\t<\/div>\n\t\t\t\t\t<\/div>\n\t\t<\/div>\n\t\t\t\t\t<\/div>\n\t\t<\/section>\n\t\t\t\t\t<\/div>\n\t\t<\/div>\n\t\t\t\t\t<\/div>\n\t\t<\/section>\n\t\t\t\t<section class=\"elementor-section elementor-top-section elementor-element elementor-element-3226037 elementor-hidden-mobile elementor-hidden-tablet elementor-section-boxed elementor-section-height-default elementor-section-height-default\" data-id=\"3226037\" data-element_type=\"section\" data-e-type=\"section\">\n\t\t\t\t\t\t<div class=\"elementor-container elementor-column-gap-default\">\n\t\t\t\t\t<div class=\"elementor-column elementor-col-100 elementor-top-column elementor-element elementor-element-dd62474\" data-id=\"dd62474\" data-element_type=\"column\" data-e-type=\"column\">\n\t\t\t<div class=\"elementor-widget-wrap elementor-element-populated\">\n\t\t\t\t\t\t<section class=\"elementor-section elementor-inner-section elementor-element elementor-element-3005efb elementor-section-content-middle elementor-section-boxed elementor-section-height-default elementor-section-height-default\" data-id=\"3005efb\" data-element_type=\"section\" data-e-type=\"section\">\n\t\t\t\t\t\t<div class=\"elementor-container elementor-column-gap-default\">\n\t\t\t\t\t<div class=\"elementor-column elementor-col-50 elementor-inner-column elementor-element elementor-element-c841044\" data-id=\"c841044\" data-element_type=\"column\" data-e-type=\"column\">\n\t\t\t<div class=\"elementor-widget-wrap elementor-element-populated\">\n\t\t\t\t\t\t<div class=\"elementor-element elementor-element-6ee9f6b elementor-widget elementor-widget-text-editor\" data-id=\"6ee9f6b\" data-element_type=\"widget\" data-e-type=\"widget\" data-widget_type=\"text-editor.default\">\n\t\t\t\t<div class=\"elementor-widget-container\">\n\t\t\t\t\t\t\t\t\t<p>After completing this training, Dr. G\u00f3mez returned to Costa Rica, where he has been helping to grow the field of Oculoplastic Surgery by offering an exceptional experience for his local and foreign patients. He currently runs a private practice in San Jos\u00e9 where he focuses on serving patients with excellence, reaching the highest standards in his field through meticulous surgical artistry.<\/p>\t\t\t\t\t\t\t\t<\/div>\n\t\t\t\t<\/div>\n\t\t\t\t\t<\/div>\n\t\t<\/div>\n\t\t\t\t<div class=\"elementor-column elementor-col-50 elementor-inner-column elementor-element elementor-element-8b3c8d2\" data-id=\"8b3c8d2\" data-element_type=\"column\" data-e-type=\"column\">\n\t\t\t<div class=\"elementor-widget-wrap elementor-element-populated\">\n\t\t\t\t\t\t<div class=\"elementor-element elementor-element-df78530 elementor-widget elementor-widget-video\" data-id=\"df78530\" data-element_type=\"widget\" data-e-type=\"widget\" data-settings=\"{&quot;youtube_url&quot;:&quot;https:\\\/\\\/youtu.be\\\/DC_uFRT4ask&quot;,&quot;video_type&quot;:&quot;youtube&quot;,&quot;controls&quot;:&quot;yes&quot;}\" data-widget_type=\"video.default\">\n\t\t\t\t<div class=\"elementor-widget-container\">\n\t\t\t\t\t\t\t<div class=\"elementor-wrapper elementor-open-inline\">\n\t\t\t<div class=\"elementor-video\"><\/div>\t\t<\/div>\n\t\t\t\t\t\t<\/div>\n\t\t\t\t<\/div>\n\t\t\t\t\t<\/div>\n\t\t<\/div>\n\t\t\t\t\t<\/div>\n\t\t<\/section>\n\t\t\t\t\t<\/div>\n\t\t<\/div>\n\t\t\t\t\t<\/div>\n\t\t<\/section>\n\t\t\t\t<section class=\"elementor-section elementor-top-section elementor-element elementor-element-1cbd405 elementor-section-content-middle elementor-hidden-mobile elementor-section-boxed elementor-section-height-default elementor-section-height-default\" data-id=\"1cbd405\" data-element_type=\"section\" data-e-type=\"section\">\n\t\t\t\t\t\t<div class=\"elementor-container elementor-column-gap-extended\">\n\t\t\t\t\t<div class=\"elementor-column elementor-col-100 elementor-top-column elementor-element elementor-element-22767ab\" data-id=\"22767ab\" data-element_type=\"column\" data-e-type=\"column\">\n\t\t\t<div class=\"elementor-widget-wrap elementor-element-populated\">\n\t\t\t\t\t\t<section class=\"elementor-section elementor-inner-section elementor-element elementor-element-eb0abba elementor-section-boxed elementor-section-height-default elementor-section-height-default\" data-id=\"eb0abba\" data-element_type=\"section\" data-e-type=\"section\">\n\t\t\t\t\t\t<div class=\"elementor-container elementor-column-gap-default\">\n\t\t\t\t\t<div class=\"elementor-column elementor-col-100 elementor-inner-column elementor-element elementor-element-87ad209\" data-id=\"87ad209\" data-element_type=\"column\" data-e-type=\"column\">\n\t\t\t<div class=\"elementor-widget-wrap elementor-element-populated\">\n\t\t\t\t\t\t<div class=\"elementor-element elementor-element-7b01f7f elementor-widget elementor-widget-text-editor\" data-id=\"7b01f7f\" data-element_type=\"widget\" data-e-type=\"widget\" data-widget_type=\"text-editor.default\">\n\t\t\t\t<div class=\"elementor-widget-container\">\n\t\t\t\t\t\t\t\t\t<p>Dr. G\u00f3mez&#8217;s attention to detail led him to build a great team that values the patient and provides medical care tailored to each individual during the pre- and post-surgical process. Patient testimonials attest to a uniquely positive experience led first by Dr. Gomez&#8217;s knowledge and excellent bedside manners and his team&#8217;s commitment to accompanying patients through the surgical process. A philosophy of offering the highest quality, state-of-the art cosmetic and reconstructive oculoplastic treatments in a personalized manner is the cornerstone of his practice.<\/p>\t\t\t\t\t\t\t\t<\/div>\n\t\t\t\t<\/div>\n\t\t\t\t\t<\/div>\n\t\t<\/div>\n\t\t\t\t\t<\/div>\n\t\t<\/section>\n\t\t\t\t\t<\/div>\n\t\t<\/div>\n\t\t\t\t\t<\/div>\n\t\t<\/section>\n\t\t\t\t<section class=\"elementor-section elementor-top-section elementor-element elementor-element-685da2f6 elementor-section-boxed elementor-section-height-default elementor-section-height-default\" data-id=\"685da2f6\" data-element_type=\"section\" data-e-type=\"section\">\n\t\t\t\t\t\t<div class=\"elementor-container elementor-column-gap-narrow\">\n\t\t\t\t\t<div class=\"elementor-column elementor-col-25 elementor-top-column elementor-element elementor-element-46403566\" data-id=\"46403566\" data-element_type=\"column\" data-e-type=\"column\">\n\t\t\t<div class=\"elementor-widget-wrap elementor-element-populated\">\n\t\t\t\t\t\t<div class=\"elementor-element elementor-element-2618bb6b elementor-widget elementor-widget-image\" data-id=\"2618bb6b\" data-element_type=\"widget\" data-e-type=\"widget\" data-widget_type=\"image.default\">\n\t\t\t\t<div class=\"elementor-widget-container\">\n\t\t\t\t\t\t\t\t\t\t\t\t\t\t\t<img decoding=\"async\" width=\"300\" height=\"169\" src=\"https:\/\/www.artefacial.com\/wp-content\/uploads\/2021\/10\/ASOPRS-Logo.jpg\" class=\"attachment-large size-large wp-image-6363\" alt=\"ASOPRS\" loading=\"lazy\" \/>\t\t\t\t\t\t\t\t\t\t\t\t\t\t\t<\/div>\n\t\t\t\t<\/div>\n\t\t\t\t\t<\/div>\n\t\t<\/div>\n\t\t\t\t<div class=\"elementor-column elementor-col-25 elementor-top-column elementor-element elementor-element-ff1d87b\" data-id=\"ff1d87b\" data-element_type=\"column\" data-e-type=\"column\">\n\t\t\t<div class=\"elementor-widget-wrap elementor-element-populated\">\n\t\t\t\t\t\t<div class=\"elementor-element elementor-element-8a8bd49 elementor-widget elementor-widget-image\" data-id=\"8a8bd49\" data-element_type=\"widget\" data-e-type=\"widget\" data-widget_type=\"image.default\">\n\t\t\t\t<div class=\"elementor-widget-container\">\n\t\t\t\t\t\t\t\t\t\t\t\t\t\t\t<img loading=\"lazy\" decoding=\"async\" width=\"300\" height=\"169\" src=\"https:\/\/www.artefacial.com\/wp-content\/uploads\/2021\/11\/Wayne-State-University-1.jpg\" class=\"attachment-large size-large wp-image-6719\" alt=\"\" \/>\t\t\t\t\t\t\t\t\t\t\t\t\t\t\t<\/div>\n\t\t\t\t<\/div>\n\t\t\t\t\t<\/div>\n\t\t<\/div>\n\t\t\t\t<div class=\"elementor-column elementor-col-25 elementor-top-column elementor-element elementor-element-3824790\" data-id=\"3824790\" data-element_type=\"column\" data-e-type=\"column\">\n\t\t\t<div class=\"elementor-widget-wrap elementor-element-populated\">\n\t\t\t\t\t\t<div class=\"elementor-element elementor-element-e936c56 elementor-widget elementor-widget-image\" data-id=\"e936c56\" data-element_type=\"widget\" data-e-type=\"widget\" data-widget_type=\"image.default\">\n\t\t\t\t<div class=\"elementor-widget-container\">\n\t\t\t\t\t\t\t\t\t\t\t\t\t\t\t<img loading=\"lazy\" decoding=\"async\" width=\"300\" height=\"169\" src=\"https:\/\/www.artefacial.com\/wp-content\/uploads\/2021\/11\/Clinica-Barcelona-Hospital.jpg\" class=\"attachment-large size-large wp-image-6838\" alt=\"Cl\u00ednica Barcelona Hospital\" \/>\t\t\t\t\t\t\t\t\t\t\t\t\t\t\t<\/div>\n\t\t\t\t<\/div>\n\t\t\t\t\t<\/div>\n\t\t<\/div>\n\t\t\t\t<div class=\"elementor-column elementor-col-25 elementor-top-column elementor-element elementor-element-1d1332fc\" data-id=\"1d1332fc\" data-element_type=\"column\" data-e-type=\"column\">\n\t\t\t<div class=\"elementor-widget-wrap elementor-element-populated\">\n\t\t\t\t\t\t<div class=\"elementor-element elementor-element-6c20d31 elementor-widget elementor-widget-image\" data-id=\"6c20d31\" data-element_type=\"widget\" data-e-type=\"widget\" data-widget_type=\"image.default\">\n\t\t\t\t<div class=\"elementor-widget-container\">\n\t\t\t\t\t\t\t\t\t\t\t\t\t\t\t<img loading=\"lazy\" decoding=\"async\" width=\"300\" height=\"169\" src=\"https:\/\/www.artefacial.com\/wp-content\/uploads\/2021\/10\/COPS.jpg\" class=\"attachment-large size-large wp-image-6365\" alt=\"COPS\" \/>\t\t\t\t\t\t\t\t\t\t\t\t\t\t\t<\/div>\n\t\t\t\t<\/div>\n\t\t\t\t\t<\/div>\n\t\t<\/div>\n\t\t\t\t\t<\/div>\n\t\t<\/section>\n\t\t\t\t<section class=\"elementor-section elementor-top-section elementor-element elementor-element-992758f elementor-section-full_width elementor-section-content-middle elementor-section-stretched elementor-hidden-mobile elementor-section-height-default elementor-section-height-default\" data-id=\"992758f\" data-element_type=\"section\" data-e-type=\"section\" data-settings=\"{&quot;stretch_section&quot;:&quot;section-stretched&quot;}\">\n\t\t\t\t\t\t<div class=\"elementor-container elementor-column-gap-default\">\n\t\t\t\t\t<div class=\"elementor-column elementor-col-50 elementor-top-column elementor-element elementor-element-5ef5359\" data-id=\"5ef5359\" data-element_type=\"column\" data-e-type=\"column\">\n\t\t\t<div class=\"elementor-widget-wrap elementor-element-populated\">\n\t\t\t\t\t\t<section class=\"elementor-section elementor-inner-section elementor-element elementor-element-f18f006 elementor-section-boxed elementor-section-height-default elementor-section-height-default elementor-invisible\" data-id=\"f18f006\" data-element_type=\"section\" data-e-type=\"section\" data-settings=\"{&quot;animation&quot;:&quot;fadeInUp&quot;}\">\n\t\t\t\t\t\t<div class=\"elementor-container elementor-column-gap-extended\">\n\t\t\t\t\t<div class=\"elementor-column elementor-col-100 elementor-inner-column elementor-element elementor-element-fc9196a\" data-id=\"fc9196a\" data-element_type=\"column\" data-e-type=\"column\">\n\t\t\t<div class=\"elementor-widget-wrap elementor-element-populated\">\n\t\t\t\t\t\t<div class=\"elementor-element elementor-element-22e3f1ee textcenter elementor-widget elementor-widget-heading\" data-id=\"22e3f1ee\" data-element_type=\"widget\" data-e-type=\"widget\" data-widget_type=\"heading.default\">\n\t\t\t\t<div class=\"elementor-widget-container\">\n\t\t\t\t\t<h2 class=\"elementor-heading-title elementor-size-default\">PROFESSIONAL DEVELOPMENT<\/h2>\t\t\t\t<\/div>\n\t\t\t\t<\/div>\n\t\t\t\t<div class=\"elementor-element elementor-element-1c32f08 elementor-widget-divider--view-line elementor-widget elementor-widget-divider\" data-id=\"1c32f08\" data-element_type=\"widget\" data-e-type=\"widget\" data-widget_type=\"divider.default\">\n\t\t\t\t<div class=\"elementor-widget-container\">\n\t\t\t\t\t\t\t<div class=\"elementor-divider\">\n\t\t\t<span class=\"elementor-divider-separator\">\n\t\t\t\t\t\t<\/span>\n\t\t<\/div>\n\t\t\t\t\t\t<\/div>\n\t\t\t\t<\/div>\n\t\t\t\t<div class=\"elementor-element elementor-element-f4eae0d elementor-widget elementor-widget-text-editor\" data-id=\"f4eae0d\" data-element_type=\"widget\" data-e-type=\"widget\" data-widget_type=\"text-editor.default\">\n\t\t\t\t<div class=\"elementor-widget-container\">\n\t\t\t\t\t\t\t\t\t<p><span style=\"color: #7ea3ac;\">January 2000 \u2013 December 2005<\/span>\u00a0| Universidad Aut\u00f3noma de Ciencias M\u00e9dicas (UCIMED) |\u00a0<strong>Medical D<\/strong><strong>octor | <\/strong><strong><span style=\"color: #7ea3ac;\">San Jos\u00e9, Costa Rica<\/span><\/strong><\/p>\t\t\t\t\t\t\t\t<\/div>\n\t\t\t\t<\/div>\n\t\t\t\t<div class=\"elementor-element elementor-element-eaa0a31 elementor-widget-divider--view-line elementor-widget elementor-widget-divider\" data-id=\"eaa0a31\" data-element_type=\"widget\" data-e-type=\"widget\" data-widget_type=\"divider.default\">\n\t\t\t\t<div class=\"elementor-widget-container\">\n\t\t\t\t\t\t\t<div class=\"elementor-divider\">\n\t\t\t<span class=\"elementor-divider-separator\">\n\t\t\t\t\t\t<\/span>\n\t\t<\/div>\n\t\t\t\t\t\t<\/div>\n\t\t\t\t<\/div>\n\t\t\t\t<div class=\"elementor-element elementor-element-8894312 elementor-widget elementor-widget-text-editor\" data-id=\"8894312\" data-element_type=\"widget\" data-e-type=\"widget\" data-widget_type=\"text-editor.default\">\n\t\t\t\t<div class=\"elementor-widget-container\">\n\t\t\t\t\t\t\t\t\t<p><span style=\"color: #7ea3ac;\">May 2007 \u2013 May 2011<\/span><strong> | <\/strong>University of Barcelona, Hospital Clinic de Barcelona | <strong>Ophthalmology Residency | <span style=\"color: #7ea3ac;\">Barcelona, Spain<\/span><\/strong><\/p>\t\t\t\t\t\t\t\t<\/div>\n\t\t\t\t<\/div>\n\t\t\t\t<div class=\"elementor-element elementor-element-0b718cd elementor-widget-divider--view-line elementor-widget elementor-widget-divider\" data-id=\"0b718cd\" data-element_type=\"widget\" data-e-type=\"widget\" data-widget_type=\"divider.default\">\n\t\t\t\t<div class=\"elementor-widget-container\">\n\t\t\t\t\t\t\t<div class=\"elementor-divider\">\n\t\t\t<span class=\"elementor-divider-separator\">\n\t\t\t\t\t\t<\/span>\n\t\t<\/div>\n\t\t\t\t\t\t<\/div>\n\t\t\t\t<\/div>\n\t\t\t\t<div class=\"elementor-element elementor-element-bf439c7 elementor-widget elementor-widget-text-editor\" data-id=\"bf439c7\" data-element_type=\"widget\" data-e-type=\"widget\" data-widget_type=\"text-editor.default\">\n\t\t\t\t<div class=\"elementor-widget-container\">\n\t\t\t\t\t\t\t\t\t<p><span style=\"color: #7ea3ac;\">July 2013 \u2013 July 2015<\/span><strong> | <\/strong>Wayne State University, School of Medicine | Consultants in Ophthalmic &amp; Facial Plastic Surgery | <strong>Fellowship in Ophthalmic Plastic and Reconstructive Surgery | <span style=\"color: #7ea3ac;\">MI, USA<\/span><\/strong><\/p>\t\t\t\t\t\t\t\t<\/div>\n\t\t\t\t<\/div>\n\t\t\t\t<div class=\"elementor-element elementor-element-4d1c11f elementor-widget-divider--view-line elementor-widget elementor-widget-divider\" data-id=\"4d1c11f\" data-element_type=\"widget\" data-e-type=\"widget\" data-widget_type=\"divider.default\">\n\t\t\t\t<div class=\"elementor-widget-container\">\n\t\t\t\t\t\t\t<div class=\"elementor-divider\">\n\t\t\t<span class=\"elementor-divider-separator\">\n\t\t\t\t\t\t<\/span>\n\t\t<\/div>\n\t\t\t\t\t\t<\/div>\n\t\t\t\t<\/div>\n\t\t\t\t<div class=\"elementor-element elementor-element-cf92607 elementor-widget elementor-widget-text-editor\" data-id=\"cf92607\" data-element_type=\"widget\" data-e-type=\"widget\" data-widget_type=\"text-editor.default\">\n\t\t\t\t<div class=\"elementor-widget-container\">\n\t\t\t\t\t\t\t\t\t<p>Dr. G\u00f3mez is a member of the American Society of Ophthalmic Plastic and Reconstructive Surgery (<a style=\"color: #a67665;\" href=\"http:\/\/www.asoprs.org\/\" target=\"_blank\" rel=\"noopener\">www.asoprs.org<\/a>). He is a published author in OPRS, the official journal of ASOPRS.<\/p>\t\t\t\t\t\t\t\t<\/div>\n\t\t\t\t<\/div>\n\t\t\t\t\t<\/div>\n\t\t<\/div>\n\t\t\t\t\t<\/div>\n\t\t<\/section>\n\t\t\t\t\t<\/div>\n\t\t<\/div>\n\t\t\t\t<div class=\"elementor-column elementor-col-50 elementor-top-column elementor-element elementor-element-29e4464\" data-id=\"29e4464\" data-element_type=\"column\" data-e-type=\"column\" data-settings=\"{&quot;background_background&quot;:&quot;classic&quot;}\">\n\t\t\t<div class=\"elementor-widget-wrap elementor-element-populated\">\n\t\t\t\t\t\t<div class=\"elementor-element elementor-element-4a848ac elementor-widget elementor-widget-spacer\" data-id=\"4a848ac\" data-element_type=\"widget\" data-e-type=\"widget\" data-widget_type=\"spacer.default\">\n\t\t\t\t<div class=\"elementor-widget-container\">\n\t\t\t\t\t\t\t<div class=\"elementor-spacer\">\n\t\t\t<div class=\"elementor-spacer-inner\"><\/div>\n\t\t<\/div>\n\t\t\t\t\t\t<\/div>\n\t\t\t\t<\/div>\n\t\t\t\t\t<\/div>\n\t\t<\/div>\n\t\t\t\t\t<\/div>\n\t\t<\/section>\n\t\t\t\t<section class=\"elementor-section elementor-top-section elementor-element elementor-element-03d396b elementor-section-full_width elementor-section-content-middle elementor-section-stretched elementor-hidden-desktop elementor-hidden-tablet elementor-section-height-default elementor-section-height-default\" data-id=\"03d396b\" data-element_type=\"section\" data-e-type=\"section\" data-settings=\"{&quot;stretch_section&quot;:&quot;section-stretched&quot;}\">\n\t\t\t\t\t\t<div class=\"elementor-container elementor-column-gap-default\">\n\t\t\t\t\t<div class=\"elementor-column elementor-col-100 elementor-top-column elementor-element elementor-element-e303b3a\" data-id=\"e303b3a\" data-element_type=\"column\" data-e-type=\"column\">\n\t\t\t<div class=\"elementor-widget-wrap elementor-element-populated\">\n\t\t\t\t\t\t<section class=\"elementor-section elementor-inner-section elementor-element elementor-element-4351504 elementor-section-boxed elementor-section-height-default elementor-section-height-default elementor-invisible\" data-id=\"4351504\" data-element_type=\"section\" data-e-type=\"section\" data-settings=\"{&quot;animation&quot;:&quot;fadeInUp&quot;}\">\n\t\t\t\t\t\t<div class=\"elementor-container elementor-column-gap-extended\">\n\t\t\t\t\t<div class=\"elementor-column elementor-col-100 elementor-inner-column elementor-element elementor-element-80ed69f\" data-id=\"80ed69f\" data-element_type=\"column\" data-e-type=\"column\">\n\t\t\t<div class=\"elementor-widget-wrap elementor-element-populated\">\n\t\t\t\t\t\t<div class=\"elementor-element elementor-element-5565592 textcenter elementor-widget elementor-widget-heading\" data-id=\"5565592\" data-element_type=\"widget\" data-e-type=\"widget\" data-widget_type=\"heading.default\">\n\t\t\t\t<div class=\"elementor-widget-container\">\n\t\t\t\t\t<h2 class=\"elementor-heading-title elementor-size-default\">PROFESSIONAL DEVELOPMENT<\/h2>\t\t\t\t<\/div>\n\t\t\t\t<\/div>\n\t\t\t\t<div class=\"elementor-element elementor-element-17d9338 elementor-widget-divider--view-line elementor-widget elementor-widget-divider\" data-id=\"17d9338\" data-element_type=\"widget\" data-e-type=\"widget\" data-widget_type=\"divider.default\">\n\t\t\t\t<div class=\"elementor-widget-container\">\n\t\t\t\t\t\t\t<div class=\"elementor-divider\">\n\t\t\t<span class=\"elementor-divider-separator\">\n\t\t\t\t\t\t<\/span>\n\t\t<\/div>\n\t\t\t\t\t\t<\/div>\n\t\t\t\t<\/div>\n\t\t\t\t<div class=\"elementor-element elementor-element-a868b9d elementor-widget elementor-widget-text-editor\" data-id=\"a868b9d\" data-element_type=\"widget\" data-e-type=\"widget\" data-widget_type=\"text-editor.default\">\n\t\t\t\t<div class=\"elementor-widget-container\">\n\t\t\t\t\t\t\t\t\t<p style=\"text-align: center;\"><span style=\"color: #7ea3ac;\">January 2000 \u2013 December 2005<\/span>\u00a0| Universidad Aut\u00f3noma de Ciencias M\u00e9dicas (UCIMED) |\u00a0<strong>Medical D<\/strong><strong>octor | <\/strong><strong><span style=\"color: #7ea3ac;\">San Jos\u00e9, Costa Rica<\/span><\/strong><\/p>\t\t\t\t\t\t\t\t<\/div>\n\t\t\t\t<\/div>\n\t\t\t\t<div class=\"elementor-element elementor-element-5978f1c elementor-widget-divider--view-line elementor-widget elementor-widget-divider\" data-id=\"5978f1c\" data-element_type=\"widget\" data-e-type=\"widget\" data-widget_type=\"divider.default\">\n\t\t\t\t<div class=\"elementor-widget-container\">\n\t\t\t\t\t\t\t<div class=\"elementor-divider\">\n\t\t\t<span class=\"elementor-divider-separator\">\n\t\t\t\t\t\t<\/span>\n\t\t<\/div>\n\t\t\t\t\t\t<\/div>\n\t\t\t\t<\/div>\n\t\t\t\t<div class=\"elementor-element elementor-element-45cc196 elementor-widget elementor-widget-text-editor\" data-id=\"45cc196\" data-element_type=\"widget\" data-e-type=\"widget\" data-widget_type=\"text-editor.default\">\n\t\t\t\t<div class=\"elementor-widget-container\">\n\t\t\t\t\t\t\t\t\t<p style=\"text-align: center;\"><span style=\"color: #7ea3ac;\">May 2007 \u2013 May 2011<\/span><strong> | <\/strong>University of Barcelona, Hospital Clinic de Barcelona | <strong>Ophthalmology Residency | <span style=\"color: #7ea3ac;\">Barcelona, Spain<\/span><\/strong><\/p>\t\t\t\t\t\t\t\t<\/div>\n\t\t\t\t<\/div>\n\t\t\t\t<div class=\"elementor-element elementor-element-d821138 elementor-widget-divider--view-line elementor-widget elementor-widget-divider\" data-id=\"d821138\" data-element_type=\"widget\" data-e-type=\"widget\" data-widget_type=\"divider.default\">\n\t\t\t\t<div class=\"elementor-widget-container\">\n\t\t\t\t\t\t\t<div class=\"elementor-divider\">\n\t\t\t<span class=\"elementor-divider-separator\">\n\t\t\t\t\t\t<\/span>\n\t\t<\/div>\n\t\t\t\t\t\t<\/div>\n\t\t\t\t<\/div>\n\t\t\t\t<div class=\"elementor-element elementor-element-f6bcb2d elementor-widget elementor-widget-text-editor\" data-id=\"f6bcb2d\" data-element_type=\"widget\" data-e-type=\"widget\" data-widget_type=\"text-editor.default\">\n\t\t\t\t<div class=\"elementor-widget-container\">\n\t\t\t\t\t\t\t\t\t<p style=\"text-align: center;\"><span style=\"color: #7ea3ac;\">July 2013 \u2013 July 2015<\/span><strong> | <\/strong>Wayne State University, School of Medicine | Consultants in Ophthalmic &amp; Facial <a title=\"\" class=\"aalmanual\" target=\"_self\"   href=\"\/en\/minimally-invasive-aesthetic-surgery\/\">Plastic Surgery<\/a> | <strong>Fellowship in Ophthalmic Plastic and Reconstructive Surgery | <span style=\"color: #7ea3ac;\">MI, USA<\/span><\/strong><\/p>\t\t\t\t\t\t\t\t<\/div>\n\t\t\t\t<\/div>\n\t\t\t\t<div class=\"elementor-element elementor-element-4243e8d elementor-widget-divider--view-line elementor-widget elementor-widget-divider\" data-id=\"4243e8d\" data-element_type=\"widget\" data-e-type=\"widget\" data-widget_type=\"divider.default\">\n\t\t\t\t<div class=\"elementor-widget-container\">\n\t\t\t\t\t\t\t<div class=\"elementor-divider\">\n\t\t\t<span class=\"elementor-divider-separator\">\n\t\t\t\t\t\t<\/span>\n\t\t<\/div>\n\t\t\t\t\t\t<\/div>\n\t\t\t\t<\/div>\n\t\t\t\t<div class=\"elementor-element elementor-element-cdd6eab elementor-widget elementor-widget-text-editor\" data-id=\"cdd6eab\" data-element_type=\"widget\" data-e-type=\"widget\" data-widget_type=\"text-editor.default\">\n\t\t\t\t<div class=\"elementor-widget-container\">\n\t\t\t\t\t\t\t\t\t<p style=\"text-align: center;\">Dr. G\u00f3mez is a member of the American Society of Ophthalmic Plastic and Reconstructive Surgery (<a style=\"color: #a67665;\" href=\"http:\/\/www.asoprs.org\/\" target=\"_blank\" rel=\"noopener\">www.asoprs.org<\/a>). He is a published author in OPRS, the official journal of ASOPRS.<\/p>\t\t\t\t\t\t\t\t<\/div>\n\t\t\t\t<\/div>\n\t\t\t\t\t<\/div>\n\t\t<\/div>\n\t\t\t\t\t<\/div>\n\t\t<\/section>\n\t\t\t\t\t<\/div>\n\t\t<\/div>\n\t\t\t\t\t<\/div>\n\t\t<\/section>\n\t\t\t\t<section class=\"elementor-section elementor-top-section elementor-element elementor-element-ef4a007 elementor-hidden-desktop elementor-hidden-tablet elementor-section-full_width elementor-section-height-default elementor-section-height-default\" data-id=\"ef4a007\" data-element_type=\"section\" data-e-type=\"section\">\n\t\t\t\t\t\t<div class=\"elementor-container elementor-column-gap-default\">\n\t\t\t\t\t<div class=\"elementor-column elementor-col-100 elementor-top-column elementor-element elementor-element-38334fe\" data-id=\"38334fe\" data-element_type=\"column\" data-e-type=\"column\">\n\t\t\t<div class=\"elementor-widget-wrap elementor-element-populated\">\n\t\t\t\t\t\t<div class=\"elementor-element elementor-element-d66e8c0 elementor-widget elementor-widget-image\" data-id=\"d66e8c0\" data-element_type=\"widget\" data-e-type=\"widget\" data-widget_type=\"image.default\">\n\t\t\t\t<div class=\"elementor-widget-container\">\n\t\t\t\t\t\t\t\t\t\t\t\t\t\t\t<img loading=\"lazy\" decoding=\"async\" width=\"1024\" height=\"683\" src=\"https:\/\/www.artefacial.com\/wp-content\/uploads\/2021\/11\/CV1-1024x683.jpg\" class=\"attachment-large size-large wp-image-6743\" alt=\"Professional development - Abraham G\u00f3mez, M.D.\" srcset=\"https:\/\/www.artefacial.com\/wp-content\/uploads\/2021\/11\/CV1-1024x683.jpg 1024w, https:\/\/www.artefacial.com\/wp-content\/uploads\/2021\/11\/CV1-300x200.jpg 300w, https:\/\/www.artefacial.com\/wp-content\/uploads\/2021\/11\/CV1-768x512.jpg 768w, https:\/\/www.artefacial.com\/wp-content\/uploads\/2021\/11\/CV1-1536x1024.jpg 1536w, https:\/\/www.artefacial.com\/wp-content\/uploads\/2021\/11\/CV1.jpg 2048w\" sizes=\"(max-width: 1024px) 100vw, 1024px\" \/>\t\t\t\t\t\t\t\t\t\t\t\t\t\t\t<\/div>\n\t\t\t\t<\/div>\n\t\t\t\t\t<\/div>\n\t\t<\/div>\n\t\t\t\t\t<\/div>\n\t\t<\/section>\n\t\t\t\t<section class=\"elementor-section elementor-top-section elementor-element elementor-element-2e3a587 elementor-section-boxed elementor-section-height-default elementor-section-height-default\" data-id=\"2e3a587\" data-element_type=\"section\" data-e-type=\"section\">\n\t\t\t\t\t\t<div class=\"elementor-container elementor-column-gap-extended\">\n\t\t\t\t\t<div class=\"elementor-column elementor-col-100 elementor-top-column elementor-element elementor-element-2c7c2513\" data-id=\"2c7c2513\" data-element_type=\"column\" data-e-type=\"column\">\n\t\t\t<div class=\"elementor-widget-wrap elementor-element-populated\">\n\t\t\t\t\t\t<div class=\"elementor-element elementor-element-17addb3 textcenter elementor-widget elementor-widget-heading\" data-id=\"17addb3\" data-element_type=\"widget\" data-e-type=\"widget\" data-widget_type=\"heading.default\">\n\t\t\t\t<div class=\"elementor-widget-container\">\n\t\t\t\t\t<h2 class=\"elementor-heading-title elementor-size-default\">IN THE MEDIA<\/h2>\t\t\t\t<\/div>\n\t\t\t\t<\/div>\n\t\t\t\t<div class=\"elementor-element elementor-element-29a2a3bb elementor-widget-divider--view-line elementor-widget elementor-widget-divider\" data-id=\"29a2a3bb\" data-element_type=\"widget\" data-e-type=\"widget\" data-widget_type=\"divider.default\">\n\t\t\t\t<div class=\"elementor-widget-container\">\n\t\t\t\t\t\t\t<div class=\"elementor-divider\">\n\t\t\t<span class=\"elementor-divider-separator\">\n\t\t\t\t\t\t<\/span>\n\t\t<\/div>\n\t\t\t\t\t\t<\/div>\n\t\t\t\t<\/div>\n\t\t\t\t\t<\/div>\n\t\t<\/div>\n\t\t\t\t\t<\/div>\n\t\t<\/section>\n\t\t\t\t<section class=\"elementor-section elementor-top-section elementor-element elementor-element-e3f1ab2 elementor-section-boxed elementor-section-height-default elementor-section-height-default\" data-id=\"e3f1ab2\" data-element_type=\"section\" data-e-type=\"section\">\n\t\t\t\t\t\t<div class=\"elementor-container elementor-column-gap-extended\">\n\t\t\t\t\t<div class=\"elementor-column elementor-col-100 elementor-top-column elementor-element elementor-element-036d976\" data-id=\"036d976\" data-element_type=\"column\" data-e-type=\"column\">\n\t\t\t<div class=\"elementor-widget-wrap elementor-element-populated\">\n\t\t\t\t\t\t<div class=\"elementor-element elementor-element-50b34a0 elementor-widget elementor-widget-text-editor\" data-id=\"50b34a0\" data-element_type=\"widget\" data-e-type=\"widget\" data-widget_type=\"text-editor.default\">\n\t\t\t\t<div class=\"elementor-widget-container\">\n\t\t\t\t\t\t\t\t\t<p style=\"text-align: center;\">Dr. G\u00f3mez has been invited to speak about important topics in the field of Oculoplastic Surgery on national television.<\/p>\t\t\t\t\t\t\t\t<\/div>\n\t\t\t\t<\/div>\n\t\t\t\t<div class=\"elementor-element elementor-element-d957916 arrows-relative-to-box_area preserve-img-ratio-cover bullets-small-dot-stroke elementor-widget elementor-widget-the7_elements_carousel\" data-id=\"d957916\" data-element_type=\"widget\" data-e-type=\"widget\" data-settings=\"{&quot;widget_columns&quot;:3,&quot;widget_columns_tablet&quot;:2,&quot;widget_columns_mobile&quot;:1,&quot;gap_between_posts&quot;:{&quot;unit&quot;:&quot;px&quot;,&quot;size&quot;:15,&quot;sizes&quot;:[]},&quot;gap_between_posts_tablet&quot;:{&quot;unit&quot;:&quot;px&quot;,&quot;size&quot;:&quot;&quot;,&quot;sizes&quot;:[]},&quot;gap_between_posts_mobile&quot;:{&quot;unit&quot;:&quot;px&quot;,&quot;size&quot;:&quot;&quot;,&quot;sizes&quot;:[]}}\" data-widget_type=\"the7_elements_carousel.default\">\n\t\t\t\t<div class=\"elementor-widget-container\">\n\t\t\t\t\t<div class=\"disable-arrows-hover-bg the7_elements_carousel-d957916 owl-carousel portfolio-carousel-shortcode elementor-owl-carousel-call portfolio-shortcode the7-elementor-widget content-bg-on content-rollover-layout-list description-on-hover quick-scale-img meta-info-off enable-bg-rollover\" data-scroll-mode=\"1\" data-auto-height=\"false\" data-speed=\"600\" data-autoplay=\"true\" data-autoplay_speed=\"6000\"><article class=\"post visible forward-post post-12416 type-post status-publish format-standard has-post-thumbnail hentry category-in-the-news category-media tag-arrugas-en-los-ojos tag-rellenos-faciales tag-toxina-botulinica category-362 category-19 description-off\">\n<div class=\"post-thumbnail-wrap\">\n\t<div class=\"post-thumbnail \">\n\n\t\t<a class=\"post-thumbnail-rollover layzr-bg img-css-resize-wrapper\" aria-label=\"Post image\" href=\"https:\/\/www.artefacial.com\/en\/in-the-news\/whats-the-difference-between-botulinum-toxin-and-dermal-fillers\/\"><img decoding=\"async\" width=\"1024\" height=\"512\" src=\"data:image\/svg+xml,%3Csvg%20xmlns%3D&#039;http%3A%2F%2Fwww.w3.org%2F2000%2Fsvg&#039;%20viewBox%3D&#039;0%200%201024%20512&#039;%2F%3E\" class=\"attachment-full size-full preload-me aspect lazy lazy-load\" alt=\"\" sizes=\"(max-width: 1024px) 100vw, 1024px\" style=\"--ratio: 1024 \/ 512;\" data-src=\"https:\/\/www.artefacial.com\/wp-content\/uploads\/2022\/08\/entrevista-cirujano-oculoplastico.jpg\" loading=\"eager\" data-srcset=\"https:\/\/www.artefacial.com\/wp-content\/uploads\/2022\/08\/entrevista-cirujano-oculoplastico.jpg 1024w, https:\/\/www.artefacial.com\/wp-content\/uploads\/2022\/08\/entrevista-cirujano-oculoplastico-300x150.jpg 300w, https:\/\/www.artefacial.com\/wp-content\/uploads\/2022\/08\/entrevista-cirujano-oculoplastico-768x384.jpg 768w\" \/><\/a>\n\t<\/div>\n<\/div>\n\n<div class=\"post-entry-content\">\n\t<div class=\"post-entry-wrapper\">\n\t\t<div class=\"post-entry-body\">\n\t\t\t<h3 class=\"ele-entry-title\"><a href=\"https:\/\/www.artefacial.com\/en\/in-the-news\/whats-the-difference-between-botulinum-toxin-and-dermal-fillers\/\" rel=\"bookmark\" title=\"What\u2019s the difference between botulinum toxin and dermal fillers?\">What\u2019s the difference between botulinum toxin and dermal fillers?<\/a><\/h3><div class=\"entry-excerpt\"><p>It is fairly common to confuse the function of botulinum toxin in aesthetic medicine with that of <a title=\"\" class=\"aalmanual\" target=\"_self\"   href=\"\/en\/info\/dermal-fillers\/\">dermal fillers<\/a>.<\/p>\n<\/div><a href=\"https:\/\/www.artefacial.com\/en\/in-the-news\/whats-the-difference-between-botulinum-toxin-and-dermal-fillers\/\" target=\"\" aria-label=\"Read more about What\u2019s the difference between botulinum toxin and dermal fillers?\" class=\"box-button elementor-button elementor-size-xs\">Read more<\/a>\t\t<\/div>\n\t<\/div>\n<\/div><\/article><article class=\"post visible forward-post post-8298 type-post status-publish format-standard has-post-thumbnail hentry category-in-the-news category-media tag-botox tag-botox-for-excessive-sweating tag-botox-for-migraines tag-botox-for-myokymia tag-botox-for-sequelae-of-facial-paralysis tag-botox-for-strabismus tag-non-aesthetic-botox\">\n<div class=\"post-thumbnail-wrap\">\n\t<div class=\"post-thumbnail \">\n\n\t\t<a class=\"post-thumbnail-rollover layzr-bg img-css-resize-wrapper\" aria-label=\"Post image\" href=\"https:\/\/www.artefacial.com\/en\/media\/the-non-cosmetic-uses-of-botox-channel-7-buen-dia\/\"><img decoding=\"async\" width=\"1024\" height=\"512\" src=\"data:image\/svg+xml,%3Csvg%20xmlns%3D&#039;http%3A%2F%2Fwww.w3.org%2F2000%2Fsvg&#039;%20viewBox%3D&#039;0%200%201024%20512&#039;%2F%3E\" class=\"attachment-full size-full preload-me aspect lazy lazy-load\" alt=\"The non-cosmetic uses of Botox Channel 7 Buen D\u00eda\" sizes=\"(max-width: 1024px) 100vw, 1024px\" style=\"--ratio: 1024 \/ 512;\" data-src=\"https:\/\/www.artefacial.com\/wp-content\/uploads\/2022\/01\/usos-no-esteticos-del-Botox.jpg\" loading=\"eager\" data-srcset=\"https:\/\/www.artefacial.com\/wp-content\/uploads\/2022\/01\/usos-no-esteticos-del-Botox.jpg 1024w, https:\/\/www.artefacial.com\/wp-content\/uploads\/2022\/01\/usos-no-esteticos-del-Botox-300x150.jpg 300w, https:\/\/www.artefacial.com\/wp-content\/uploads\/2022\/01\/usos-no-esteticos-del-Botox-768x384.jpg 768w\" \/><\/a>\n\t<\/div>\n<\/div>\n\n<div class=\"post-entry-content\">\n\t<div class=\"post-entry-wrapper\">\n\t\t<div class=\"post-entry-body\">\n\t\t\t<h3 class=\"ele-entry-title\"><a href=\"https:\/\/www.artefacial.com\/en\/media\/the-non-cosmetic-uses-of-botox-channel-7-buen-dia\/\" rel=\"bookmark\" title=\"The non-cosmetic uses of Botox Channel 7 Buen D\u00eda\">The non-cosmetic uses of Botox Channel 7 Buen D\u00eda<\/a><\/h3><div class=\"entry-excerpt\"><p>Botulinum toxin (<a title=\"\" class=\"aalmanual\" target=\"_self\"   href=\"\/info\/botox\/\">Botox<\/a>) is known worldwide for its effect to eliminate facial wrinkles. However, this product has many non-cosmetic uses.&hellip;<\/p>\n<\/div><a href=\"https:\/\/www.artefacial.com\/en\/media\/the-non-cosmetic-uses-of-botox-channel-7-buen-dia\/\" target=\"\" aria-label=\"Read more about The non-cosmetic uses of Botox Channel 7 Buen D\u00eda\" class=\"box-button elementor-button elementor-size-xs\">Read more<\/a>\t\t<\/div>\n\t<\/div>\n<\/div><\/article><article class=\"post visible forward-post post-8289 type-post status-publish format-standard has-post-thumbnail hentry category-in-the-news category-media tag-droopy-eyelids tag-eyelid-lift tag-eyelid-ptosis\">\n<div class=\"post-thumbnail-wrap\">\n\t<div class=\"post-thumbnail \">\n\n\t\t<a class=\"post-thumbnail-rollover layzr-bg img-css-resize-wrapper\" aria-label=\"Post image\" href=\"https:\/\/www.artefacial.com\/en\/media\/what-is-the-best-treatment-for-droopy-eyelids-channel-6-giros-af\/\"><img decoding=\"async\" width=\"1024\" height=\"512\" src=\"data:image\/svg+xml,%3Csvg%20xmlns%3D&#039;http%3A%2F%2Fwww.w3.org%2F2000%2Fsvg&#039;%20viewBox%3D&#039;0%200%201024%20512&#039;%2F%3E\" class=\"attachment-full size-full preload-me aspect lazy lazy-load\" alt=\"What is the best treatment for droopy eyelids? Channel 6 Giros\" sizes=\"(max-width: 1024px) 100vw, 1024px\" style=\"--ratio: 1024 \/ 512;\" data-src=\"https:\/\/www.artefacial.com\/wp-content\/uploads\/2022\/01\/entrevista-parpado-caido-4.jpg\" loading=\"eager\" data-srcset=\"https:\/\/www.artefacial.com\/wp-content\/uploads\/2022\/01\/entrevista-parpado-caido-4.jpg 1024w, https:\/\/www.artefacial.com\/wp-content\/uploads\/2022\/01\/entrevista-parpado-caido-4-300x150.jpg 300w, https:\/\/www.artefacial.com\/wp-content\/uploads\/2022\/01\/entrevista-parpado-caido-4-768x384.jpg 768w\" \/><\/a>\n\t<\/div>\n<\/div>\n\n<div class=\"post-entry-content\">\n\t<div class=\"post-entry-wrapper\">\n\t\t<div class=\"post-entry-body\">\n\t\t\t<h3 class=\"ele-entry-title\"><a href=\"https:\/\/www.artefacial.com\/en\/media\/what-is-the-best-treatment-for-droopy-eyelids-channel-6-giros-af\/\" rel=\"bookmark\" title=\"What is the best treatment for droopy eyelids? Channel 6 Giros\">What is the best treatment for droopy eyelids? Channel 6 Giros<\/a><\/h3><div class=\"entry-excerpt\"><p>\ufeff &nbsp; <a title=\"\" class=\"aalmanual\" target=\"_self\"   href=\"\/en\/info\/droopy-eyelids-ptosis-surgery\/\">Droopy eyelids<\/a> are very common in our population. A droopy eyelid, also known as ptosis, may appear in&hellip;<\/p>\n<\/div><a href=\"https:\/\/www.artefacial.com\/en\/media\/what-is-the-best-treatment-for-droopy-eyelids-channel-6-giros-af\/\" target=\"\" aria-label=\"Read more about What is the best treatment for droopy eyelids? Channel 6 Giros\" class=\"box-button elementor-button elementor-size-xs\">Read more<\/a>\t\t<\/div>\n\t<\/div>\n<\/div><\/article><article class=\"post visible forward-post post-4075 type-post status-publish format-standard has-post-thumbnail hentry category-in-the-news category-media tag-lower-eyelid-bags tag-oculoplastic-surgeons\">\n<div class=\"post-thumbnail-wrap\">\n\t<div class=\"post-thumbnail \">\n\n\t\t<a class=\"post-thumbnail-rollover layzr-bg img-css-resize-wrapper\" aria-label=\"Post image\" href=\"https:\/\/www.artefacial.com\/en\/in-the-news\/treatments-to-eliminate-bags-under-the-eyes-in-costa-rica\/\"><img decoding=\"async\" width=\"1024\" height=\"512\" src=\"data:image\/svg+xml,%3Csvg%20xmlns%3D&#039;http%3A%2F%2Fwww.w3.org%2F2000%2Fsvg&#039;%20viewBox%3D&#039;0%200%201024%20512&#039;%2F%3E\" class=\"attachment-full size-full preload-me aspect lazy lazy-load\" alt=\"Tratamientos para combatir las bolsas de los ojos\" sizes=\"(max-width: 1024px) 100vw, 1024px\" style=\"--ratio: 1024 \/ 512;\" data-src=\"https:\/\/www.artefacial.com\/wp-content\/uploads\/2019\/12\/Tratamientos-para-combatir-las-bolsas-de-los-ojos.jpg\" loading=\"eager\" data-srcset=\"https:\/\/www.artefacial.com\/wp-content\/uploads\/2019\/12\/Tratamientos-para-combatir-las-bolsas-de-los-ojos.jpg 1024w, https:\/\/www.artefacial.com\/wp-content\/uploads\/2019\/12\/Tratamientos-para-combatir-las-bolsas-de-los-ojos-300x150.jpg 300w, https:\/\/www.artefacial.com\/wp-content\/uploads\/2019\/12\/Tratamientos-para-combatir-las-bolsas-de-los-ojos-768x384.jpg 768w\" \/><\/a>\n\t<\/div>\n<\/div>\n\n<div class=\"post-entry-content\">\n\t<div class=\"post-entry-wrapper\">\n\t\t<div class=\"post-entry-body\">\n\t\t\t<h3 class=\"ele-entry-title\"><a href=\"https:\/\/www.artefacial.com\/en\/in-the-news\/treatments-to-eliminate-bags-under-the-eyes-in-costa-rica\/\" rel=\"bookmark\" title=\"Treatments to eliminate bags under the eyes in Costa Rica: Buen D\u00eda national TV Channel 7\">Treatments to eliminate bags under the eyes in Costa Rica: Buen D\u00eda national TV Channel 7<\/a><\/h3><div class=\"entry-excerpt\"><p>Bags and dark circles under the eyes can make a person look older than they are. Therefore, they are a&hellip;<\/p>\n<\/div><a href=\"https:\/\/www.artefacial.com\/en\/in-the-news\/treatments-to-eliminate-bags-under-the-eyes-in-costa-rica\/\" target=\"\" aria-label=\"Read more about Treatments to eliminate bags under the eyes in Costa Rica: Buen D\u00eda national TV Channel 7\" class=\"box-button elementor-button elementor-size-xs\">Read more<\/a>\t\t<\/div>\n\t<\/div>\n<\/div><\/article><article class=\"post visible forward-post post-4080 type-post status-publish format-standard has-post-thumbnail hentry category-in-the-news category-media tag-droopy-eyelids tag-eyelid-surgery tag-ptosis\">\n<div class=\"post-thumbnail-wrap\">\n\t<div class=\"post-thumbnail \">\n\n\t\t<a class=\"post-thumbnail-rollover layzr-bg img-css-resize-wrapper\" aria-label=\"Post image\" href=\"https:\/\/www.artefacial.com\/en\/in-the-news\/what-is-the-best-treatment-for-a-droopy-eyelid-af\/\"><img decoding=\"async\" width=\"1024\" height=\"512\" src=\"data:image\/svg+xml,%3Csvg%20xmlns%3D&#039;http%3A%2F%2Fwww.w3.org%2F2000%2Fsvg&#039;%20viewBox%3D&#039;0%200%201024%20512&#039;%2F%3E\" class=\"attachment-full size-full preload-me aspect lazy lazy-load\" alt=\"\u00bfC\u00f3mo tratar el p\u00e1rpado ca\u00eddo?\" sizes=\"(max-width: 1024px) 100vw, 1024px\" style=\"--ratio: 1024 \/ 512;\" data-src=\"https:\/\/www.artefacial.com\/wp-content\/uploads\/2019\/10\/Como-tratar-el-parpado-caido.jpg\" loading=\"eager\" data-srcset=\"https:\/\/www.artefacial.com\/wp-content\/uploads\/2019\/10\/Como-tratar-el-parpado-caido.jpg 1024w, https:\/\/www.artefacial.com\/wp-content\/uploads\/2019\/10\/Como-tratar-el-parpado-caido-300x150.jpg 300w, https:\/\/www.artefacial.com\/wp-content\/uploads\/2019\/10\/Como-tratar-el-parpado-caido-768x384.jpg 768w\" \/><\/a>\n\t<\/div>\n<\/div>\n\n<div class=\"post-entry-content\">\n\t<div class=\"post-entry-wrapper\">\n\t\t<div class=\"post-entry-body\">\n\t\t\t<h3 class=\"ele-entry-title\"><a href=\"https:\/\/www.artefacial.com\/en\/in-the-news\/what-is-the-best-treatment-for-a-droopy-eyelid-af\/\" rel=\"bookmark\" title=\"What is the best treatment for a droopy eyelid? Buen D\u00eda national TV Channel 7\">What is the best treatment for a droopy eyelid? Buen D\u00eda national TV Channel 7<\/a><\/h3><div class=\"entry-excerpt\"><p>A droopy eyelid, also known as ptosis, is a prevalent condition that affects the upper eyelids and results in a&hellip;<\/p>\n<\/div><a href=\"https:\/\/www.artefacial.com\/en\/in-the-news\/what-is-the-best-treatment-for-a-droopy-eyelid-af\/\" target=\"\" aria-label=\"Read more about What is the best treatment for a droopy eyelid? Buen D\u00eda national TV Channel 7\" class=\"box-button elementor-button elementor-size-xs\">Read more<\/a>\t\t<\/div>\n\t<\/div>\n<\/div><\/article><article class=\"post visible forward-post post-4082 type-post status-publish format-standard has-post-thumbnail hentry category-in-the-news category-media tag-oculoplastic-surgeons\">\n<div class=\"post-thumbnail-wrap\">\n\t<div class=\"post-thumbnail \">\n\n\t\t<a class=\"post-thumbnail-rollover layzr-bg img-css-resize-wrapper\" aria-label=\"Post image\" href=\"https:\/\/www.artefacial.com\/en\/in-the-news\/treatment-for-eyelid-inflammation-and-styes\/\"><img decoding=\"async\" width=\"1024\" height=\"512\" src=\"data:image\/svg+xml,%3Csvg%20xmlns%3D&#039;http%3A%2F%2Fwww.w3.org%2F2000%2Fsvg&#039;%20viewBox%3D&#039;0%200%201024%20512&#039;%2F%3E\" class=\"attachment-full size-full preload-me aspect lazy lazy-load\" alt=\"C\u00f3mo tratarse un orzuelo\" sizes=\"(max-width: 1024px) 100vw, 1024px\" style=\"--ratio: 1024 \/ 512;\" data-src=\"https:\/\/www.artefacial.com\/wp-content\/uploads\/2019\/09\/Como-tratarse-un-orzuelo.jpg\" loading=\"eager\" data-srcset=\"https:\/\/www.artefacial.com\/wp-content\/uploads\/2019\/09\/Como-tratarse-un-orzuelo.jpg 1024w, https:\/\/www.artefacial.com\/wp-content\/uploads\/2019\/09\/Como-tratarse-un-orzuelo-300x150.jpg 300w, https:\/\/www.artefacial.com\/wp-content\/uploads\/2019\/09\/Como-tratarse-un-orzuelo-768x384.jpg 768w\" \/><\/a>\n\t<\/div>\n<\/div>\n\n<div class=\"post-entry-content\">\n\t<div class=\"post-entry-wrapper\">\n\t\t<div class=\"post-entry-body\">\n\t\t\t<h3 class=\"ele-entry-title\"><a href=\"https:\/\/www.artefacial.com\/en\/in-the-news\/treatment-for-eyelid-inflammation-and-styes\/\" rel=\"bookmark\" title=\"Treatment for eyelid inflammation and styes. Buen D\u00eda national TV Channel 7\">Treatment for eyelid inflammation and styes. Buen D\u00eda national TV Channel 7<\/a><\/h3><div class=\"entry-excerpt\"><p>Eyelid inflammation is a common condition treated by <a title=\"\" class=\"aalmanual\" target=\"_self\"   href=\"\/en\/doctor-gomez\/\">oculoplastic surgeons<\/a>. From chronic allergy to an acute infection of an eyelid&hellip;<\/p>\n<\/div><a href=\"https:\/\/www.artefacial.com\/en\/in-the-news\/treatment-for-eyelid-inflammation-and-styes\/\" target=\"\" aria-label=\"Read more about Treatment for eyelid inflammation and styes. Buen D\u00eda national TV Channel 7\" class=\"box-button elementor-button elementor-size-xs\">Read more<\/a>\t\t<\/div>\n\t<\/div>\n<\/div><\/article><article class=\"post visible forward-post post-4084 type-post status-publish format-standard has-post-thumbnail hentry category-in-the-news category-media tag-facial-paralysis\">\n<div class=\"post-thumbnail-wrap\">\n\t<div class=\"post-thumbnail \">\n\n\t\t<a class=\"post-thumbnail-rollover layzr-bg img-css-resize-wrapper\" aria-label=\"Post image\" href=\"https:\/\/www.artefacial.com\/en\/in-the-news\/sequelae-of-facial-paralysis-in-the-eye-and-how-to-treat-them\/\"><img decoding=\"async\" width=\"1024\" height=\"512\" src=\"data:image\/svg+xml,%3Csvg%20xmlns%3D&#039;http%3A%2F%2Fwww.w3.org%2F2000%2Fsvg&#039;%20viewBox%3D&#039;0%200%201024%20512&#039;%2F%3E\" class=\"attachment-full size-full preload-me aspect lazy lazy-load\" alt=\"Secuelas en los ojos tras una Par\u00e1lisis Facial\" sizes=\"(max-width: 1024px) 100vw, 1024px\" style=\"--ratio: 1024 \/ 512;\" data-src=\"https:\/\/www.artefacial.com\/wp-content\/uploads\/2019\/07\/Secuelas-en-los-ojos-tras-una-Paralisis-Facial.jpg\" loading=\"eager\" data-srcset=\"https:\/\/www.artefacial.com\/wp-content\/uploads\/2019\/07\/Secuelas-en-los-ojos-tras-una-Paralisis-Facial.jpg 1024w, https:\/\/www.artefacial.com\/wp-content\/uploads\/2019\/07\/Secuelas-en-los-ojos-tras-una-Paralisis-Facial-300x150.jpg 300w, https:\/\/www.artefacial.com\/wp-content\/uploads\/2019\/07\/Secuelas-en-los-ojos-tras-una-Paralisis-Facial-768x384.jpg 768w\" \/><\/a>\n\t<\/div>\n<\/div>\n\n<div class=\"post-entry-content\">\n\t<div class=\"post-entry-wrapper\">\n\t\t<div class=\"post-entry-body\">\n\t\t\t<h3 class=\"ele-entry-title\"><a href=\"https:\/\/www.artefacial.com\/en\/in-the-news\/sequelae-of-facial-paralysis-in-the-eye-and-how-to-treat-them\/\" rel=\"bookmark\" title=\"Sequelae of facial paralysis in the eye and how to treat them. Buen D\u00eda national TV Channel 7\">Sequelae of facial paralysis in the eye and how to treat them. Buen D\u00eda national TV Channel 7<\/a><\/h3><div class=\"entry-excerpt\"><p>Facial paralysis is a neurological disease in which the muscles of facial expression cannot move due to interruption in the&hellip;<\/p>\n<\/div><a href=\"https:\/\/www.artefacial.com\/en\/in-the-news\/sequelae-of-facial-paralysis-in-the-eye-and-how-to-treat-them\/\" target=\"\" aria-label=\"Read more about Sequelae of facial paralysis in the eye and how to treat them. Buen D\u00eda national TV Channel 7\" class=\"box-button elementor-button elementor-size-xs\">Read more<\/a>\t\t<\/div>\n\t<\/div>\n<\/div><\/article><article class=\"post visible forward-post post-4118 type-post status-publish format-standard has-post-thumbnail hentry category-in-the-news category-media tag-brow-lift-surgery\">\n<div class=\"post-thumbnail-wrap\">\n\t<div class=\"post-thumbnail \">\n\n\t\t<a class=\"post-thumbnail-rollover layzr-bg img-css-resize-wrapper\" aria-label=\"Post image\" href=\"https:\/\/www.artefacial.com\/en\/in-the-news\/eyelift-and-browlift-surgery\/\"><img decoding=\"async\" width=\"1024\" height=\"512\" src=\"data:image\/svg+xml,%3Csvg%20xmlns%3D&#039;http%3A%2F%2Fwww.w3.org%2F2000%2Fsvg&#039;%20viewBox%3D&#039;0%200%201024%20512&#039;%2F%3E\" class=\"attachment-full size-full preload-me aspect lazy lazy-load\" alt=\"Giro\" sizes=\"(max-width: 1024px) 100vw, 1024px\" style=\"--ratio: 1024 \/ 512;\" data-src=\"https:\/\/www.artefacial.com\/wp-content\/uploads\/2010\/05\/Giros.jpg\" loading=\"eager\" data-srcset=\"https:\/\/www.artefacial.com\/wp-content\/uploads\/2010\/05\/Giros.jpg 1024w, https:\/\/www.artefacial.com\/wp-content\/uploads\/2010\/05\/Giros-300x150.jpg 300w, https:\/\/www.artefacial.com\/wp-content\/uploads\/2010\/05\/Giros-768x384.jpg 768w\" \/><\/a>\n\t<\/div>\n<\/div>\n\n<div class=\"post-entry-content\">\n\t<div class=\"post-entry-wrapper\">\n\t\t<div class=\"post-entry-body\">\n\t\t\t<h3 class=\"ele-entry-title\"><a href=\"https:\/\/www.artefacial.com\/en\/in-the-news\/eyelift-and-browlift-surgery\/\" rel=\"bookmark\" title=\"Eyelift and browlift surgery: Giros national TV Channel 6\">Eyelift and browlift surgery: Giros national TV Channel 6<\/a><\/h3><div class=\"entry-excerpt\"><p>Droopy eyebrows and eyelids are quite often the first signs of aging. Our eyes take on a sad appearance, or&hellip;<\/p>\n<\/div><a href=\"https:\/\/www.artefacial.com\/en\/in-the-news\/eyelift-and-browlift-surgery\/\" target=\"\" aria-label=\"Read more about Eyelift and browlift surgery: Giros national TV Channel 6\" class=\"box-button elementor-button elementor-size-xs\">Read more<\/a>\t\t<\/div>\n\t<\/div>\n<\/div><\/article><article class=\"post visible forward-post post-4122 type-post status-publish format-standard has-post-thumbnail hentry category-in-the-news category-media tag-fall-of-the-eyebrows tag-oculoplastic-surgeons tag-plastic-surgery\">\n<div class=\"post-thumbnail-wrap\">\n\t<div class=\"post-thumbnail \">\n\n\t\t<a class=\"post-thumbnail-rollover layzr-bg img-css-resize-wrapper\" aria-label=\"Post image\" href=\"https:\/\/www.artefacial.com\/en\/in-the-news\/plastic-surgery-of-the-eyelids-to-restore-a-youthful-look\/\"><img decoding=\"async\" width=\"1024\" height=\"512\" src=\"data:image\/svg+xml,%3Csvg%20xmlns%3D&#039;http%3A%2F%2Fwww.w3.org%2F2000%2Fsvg&#039;%20viewBox%3D&#039;0%200%201024%20512&#039;%2F%3E\" class=\"attachment-full size-full preload-me aspect lazy lazy-load\" alt=\"Giro\" sizes=\"(max-width: 1024px) 100vw, 1024px\" style=\"--ratio: 1024 \/ 512;\" data-src=\"https:\/\/www.artefacial.com\/wp-content\/uploads\/2010\/05\/Giros.jpg\" loading=\"eager\" data-srcset=\"https:\/\/www.artefacial.com\/wp-content\/uploads\/2010\/05\/Giros.jpg 1024w, https:\/\/www.artefacial.com\/wp-content\/uploads\/2010\/05\/Giros-300x150.jpg 300w, https:\/\/www.artefacial.com\/wp-content\/uploads\/2010\/05\/Giros-768x384.jpg 768w\" \/><\/a>\n\t<\/div>\n<\/div>\n\n<div class=\"post-entry-content\">\n\t<div class=\"post-entry-wrapper\">\n\t\t<div class=\"post-entry-body\">\n\t\t\t<h3 class=\"ele-entry-title\"><a href=\"https:\/\/www.artefacial.com\/en\/in-the-news\/plastic-surgery-of-the-eyelids-to-restore-a-youthful-look\/\" rel=\"bookmark\" title=\"Plastic surgery of the eyelids to restore a youthful look: Giros national TV Channel 6\">Plastic surgery of the eyelids to restore a youthful look: Giros national TV Channel 6<\/a><\/h3><div class=\"entry-excerpt\"><p>Dr. Abraham G\u00f3mez explains what happens to our eyes as we age and shares what treatments are available to reverse&hellip;<\/p>\n<\/div><a href=\"https:\/\/www.artefacial.com\/en\/in-the-news\/plastic-surgery-of-the-eyelids-to-restore-a-youthful-look\/\" target=\"\" aria-label=\"Read more about Plastic surgery of the eyelids to restore a youthful look: Giros national TV Channel 6\" class=\"box-button elementor-button elementor-size-xs\">Read more<\/a>\t\t<\/div>\n\t<\/div>\n<\/div><\/article><\/div><div class=\"owl-nav disabled\"><div class=\"owl-prev\" role=\"button\" tabindex=\"0\" aria-label=\"Prev slide\"><i class=\"fas fa-chevron-left\"><\/i><\/div><div class=\"owl-next\" role=\"button\" tabindex=\"0\" aria-label=\"Next slide\"><i class=\"fas fa-chevron-right\"><\/i><\/div><\/div>\t\t\t\t<\/div>\n\t\t\t\t<\/div>\n\t\t\t\t<div class=\"elementor-element elementor-element-8588a21 elementor-widget elementor-widget-tp-button\" data-id=\"8588a21\" data-element_type=\"widget\" data-e-type=\"widget\" data-widget_type=\"tp-button.default\">\n\t\t\t\t<div class=\"elementor-widget-container\">\n\t\t\t\t\t<div class=\"pt-plus-button-wrapper   text-center \"><div class=\"button_parallax \"><div id=\"button69ed63c239f1f\"  class=\" text-center ts-button content_hover_effect  \" ><div class=\"pt_plus_button btn69ed63c239f1e button-style-1   \"  ><div class=\"animted-content-inner \"><a href=\"\/en\/in-the-media\/\" class=\"button-link-wrap \" role=\"button\" data-hover=\"View More\" >View More<i class=\"btn-icon button-after fa fa-chevron-right\"><\/i><div class=\"button_line\"><\/div><\/a><\/div><\/div><\/div><\/div><\/div>\t\t\t\t<\/div>\n\t\t\t\t<\/div>\n\t\t\t\t\t<\/div>\n\t\t<\/div>\n\t\t\t\t\t<\/div>\n\t\t<\/section>\n\t\t\t\t<\/div>\n\t\t","protected":false},"excerpt":{"rendered":"<p>Abraham G\u00f3mez, M.D. Abraham G\u00f3mez, M.D. Doctor Abraham G\u00f3mez attended school in San Jos\u00e9, Costa Rica. He obtained his medical degree from the University of Medical Sciences (UCIMED), one of the most prestigious medical schools in Latin America, where he graduated with honors in the top 1% of his class. While in medical school, he&hellip;<\/p>\n","protected":false},"author":1,"featured_media":6866,"parent":23770,"menu_order":0,"comment_status":"closed","ping_status":"closed","template":"","meta":{"footnotes":""},"class_list":["post-6696","page","type-page","status-publish","has-post-thumbnail","hentry"],"yoast_head":"<!-- This site is optimized with the Yoast SEO plugin v27.4 - https:\/\/yoast.com\/product\/yoast-seo-wordpress\/ -->\n<title>Oculoplastic Surgery in Costa Rica - Dr. Abraham G\u00f3mez<\/title>\n<meta name=\"description\" content=\"Visit Arte Facial and discover the experience and quality of Dr. Gomez in oculoplastic surgery in Costa Rica.\" \/>\n<meta name=\"robots\" content=\"index, follow, max-snippet:-1, max-image-preview:large, max-video-preview:-1\" \/>\n<link rel=\"canonical\" href=\"https:\/\/www.artefacial.com\/en\/our-staff\/abraham-gomez\/\" \/>\n<meta property=\"og:locale\" content=\"en_US\" \/>\n<meta property=\"og:type\" content=\"article\" \/>\n<meta property=\"og:title\" content=\"Oculoplastic Surgery in Costa Rica - Dr. Abraham G\u00f3mez\" \/>\n<meta property=\"og:description\" content=\"Visit Arte Facial and discover the experience and quality of Dr. Gomez in oculoplastic surgery in Costa Rica.\" \/>\n<meta property=\"og:url\" content=\"https:\/\/www.artefacial.com\/en\/our-staff\/abraham-gomez\/\" \/>\n<meta property=\"og:site_name\" content=\"Arte Facial\" \/>\n<meta property=\"article:publisher\" content=\"https:\/\/www.facebook.com\/ArteFacialCR\/\" \/>\n<meta property=\"article:modified_time\" content=\"2024-06-10T17:04:21+00:00\" \/>\n<meta property=\"og:image\" content=\"https:\/\/www.artefacial.com\/wp-content\/uploads\/2021\/11\/Abraham-Gomez-M.D-1.jpg\" \/>\n\t<meta property=\"og:image:width\" content=\"1353\" \/>\n\t<meta property=\"og:image:height\" content=\"1552\" \/>\n\t<meta property=\"og:image:type\" content=\"image\/jpeg\" \/>\n<meta name=\"twitter:card\" content=\"summary_large_image\" \/>\n<meta name=\"twitter:label1\" content=\"Est. reading time\" \/>\n\t<meta name=\"twitter:data1\" content=\"9 minutes\" \/>\n<script type=\"application\/ld+json\" class=\"yoast-schema-graph\">{\"@context\":\"https:\\\/\\\/schema.org\",\"@graph\":[{\"@type\":\"WebPage\",\"@id\":\"https:\\\/\\\/www.artefacial.com\\\/en\\\/our-staff\\\/abraham-gomez\\\/\",\"url\":\"https:\\\/\\\/www.artefacial.com\\\/en\\\/our-staff\\\/abraham-gomez\\\/\",\"name\":\"Oculoplastic Surgery in Costa Rica - Dr. Abraham G\u00f3mez\",\"isPartOf\":{\"@id\":\"https:\\\/\\\/www.artefacial.com\\\/en\\\/#website\"},\"primaryImageOfPage\":{\"@id\":\"https:\\\/\\\/www.artefacial.com\\\/en\\\/our-staff\\\/abraham-gomez\\\/#primaryimage\"},\"image\":{\"@id\":\"https:\\\/\\\/www.artefacial.com\\\/en\\\/our-staff\\\/abraham-gomez\\\/#primaryimage\"},\"thumbnailUrl\":\"https:\\\/\\\/www.artefacial.com\\\/wp-content\\\/uploads\\\/2021\\\/11\\\/Abraham-Gomez-M.D-1.jpg\",\"datePublished\":\"2021-11-18T18:36:21+00:00\",\"dateModified\":\"2024-06-10T17:04:21+00:00\",\"description\":\"Visit Arte Facial and discover the experience and quality of Dr. Gomez in oculoplastic surgery in Costa Rica.\",\"breadcrumb\":{\"@id\":\"https:\\\/\\\/www.artefacial.com\\\/en\\\/our-staff\\\/abraham-gomez\\\/#breadcrumb\"},\"inLanguage\":\"en-US\",\"potentialAction\":[{\"@type\":\"ReadAction\",\"target\":[\"https:\\\/\\\/www.artefacial.com\\\/en\\\/our-staff\\\/abraham-gomez\\\/\"]}]},{\"@type\":\"ImageObject\",\"inLanguage\":\"en-US\",\"@id\":\"https:\\\/\\\/www.artefacial.com\\\/en\\\/our-staff\\\/abraham-gomez\\\/#primaryimage\",\"url\":\"https:\\\/\\\/www.artefacial.com\\\/wp-content\\\/uploads\\\/2021\\\/11\\\/Abraham-Gomez-M.D-1.jpg\",\"contentUrl\":\"https:\\\/\\\/www.artefacial.com\\\/wp-content\\\/uploads\\\/2021\\\/11\\\/Abraham-Gomez-M.D-1.jpg\",\"width\":1353,\"height\":1552,\"caption\":\"Oculoplastic surgery in Costa Rica\"},{\"@type\":\"BreadcrumbList\",\"@id\":\"https:\\\/\\\/www.artefacial.com\\\/en\\\/our-staff\\\/abraham-gomez\\\/#breadcrumb\",\"itemListElement\":[{\"@type\":\"ListItem\",\"position\":1,\"name\":\"Inicio\",\"item\":\"https:\\\/\\\/www.artefacial.com\\\/en\\\/\"},{\"@type\":\"ListItem\",\"position\":2,\"name\":\"Our Staff\",\"item\":\"https:\\\/\\\/www.artefacial.com\\\/en\\\/nuestro-equipo\\\/\"},{\"@type\":\"ListItem\",\"position\":3,\"name\":\"Abraham G\u00f3mez, M.D.\"}]},{\"@type\":\"WebSite\",\"@id\":\"https:\\\/\\\/www.artefacial.com\\\/en\\\/#website\",\"url\":\"https:\\\/\\\/www.artefacial.com\\\/en\\\/\",\"name\":\"Arte Facial\",\"description\":\"Ciencia, Arte y Cuidado del Rostro\",\"publisher\":{\"@id\":\"https:\\\/\\\/www.artefacial.com\\\/en\\\/#organization\"},\"potentialAction\":[{\"@type\":\"SearchAction\",\"target\":{\"@type\":\"EntryPoint\",\"urlTemplate\":\"https:\\\/\\\/www.artefacial.com\\\/en\\\/?s={search_term_string}\"},\"query-input\":{\"@type\":\"PropertyValueSpecification\",\"valueRequired\":true,\"valueName\":\"search_term_string\"}}],\"inLanguage\":\"en-US\"},{\"@type\":\"Organization\",\"@id\":\"https:\\\/\\\/www.artefacial.com\\\/en\\\/#organization\",\"name\":\"Arte Facial\",\"url\":\"https:\\\/\\\/www.artefacial.com\\\/en\\\/\",\"logo\":{\"@type\":\"ImageObject\",\"inLanguage\":\"en-US\",\"@id\":\"https:\\\/\\\/www.artefacial.com\\\/en\\\/#\\\/schema\\\/logo\\\/image\\\/\",\"url\":\"https:\\\/\\\/www.artefacial.com\\\/wp-content\\\/uploads\\\/2021\\\/11\\\/arte-facial-logo.png\",\"contentUrl\":\"https:\\\/\\\/www.artefacial.com\\\/wp-content\\\/uploads\\\/2021\\\/11\\\/arte-facial-logo.png\",\"width\":265,\"height\":100,\"caption\":\"Arte Facial\"},\"image\":{\"@id\":\"https:\\\/\\\/www.artefacial.com\\\/en\\\/#\\\/schema\\\/logo\\\/image\\\/\"},\"sameAs\":[\"https:\\\/\\\/www.facebook.com\\\/ArteFacialCR\\\/\",\"https:\\\/\\\/www.instagram.com\\\/artefacialcr\\\/\",\"https:\\\/\\\/www.youtube.com\\\/c\\\/ArteFacial\"]}]}<\/script>\n<!-- \/ Yoast SEO plugin. -->","yoast_head_json":{"title":"Oculoplastic Surgery in Costa Rica - Dr. Abraham G\u00f3mez","description":"Visit Arte Facial and discover the experience and quality of Dr. Gomez in oculoplastic surgery in Costa Rica.","robots":{"index":"index","follow":"follow","max-snippet":"max-snippet:-1","max-image-preview":"max-image-preview:large","max-video-preview":"max-video-preview:-1"},"canonical":"https:\/\/www.artefacial.com\/en\/our-staff\/abraham-gomez\/","og_locale":"en_US","og_type":"article","og_title":"Oculoplastic Surgery in Costa Rica - Dr. Abraham G\u00f3mez","og_description":"Visit Arte Facial and discover the experience and quality of Dr. Gomez in oculoplastic surgery in Costa Rica.","og_url":"https:\/\/www.artefacial.com\/en\/our-staff\/abraham-gomez\/","og_site_name":"Arte Facial","article_publisher":"https:\/\/www.facebook.com\/ArteFacialCR\/","article_modified_time":"2024-06-10T17:04:21+00:00","og_image":[{"width":1353,"height":1552,"url":"https:\/\/www.artefacial.com\/wp-content\/uploads\/2021\/11\/Abraham-Gomez-M.D-1.jpg","type":"image\/jpeg"}],"twitter_card":"summary_large_image","twitter_misc":{"Est. reading time":"9 minutes"},"schema":{"@context":"https:\/\/schema.org","@graph":[{"@type":"WebPage","@id":"https:\/\/www.artefacial.com\/en\/our-staff\/abraham-gomez\/","url":"https:\/\/www.artefacial.com\/en\/our-staff\/abraham-gomez\/","name":"Oculoplastic Surgery in Costa Rica - Dr. Abraham G\u00f3mez","isPartOf":{"@id":"https:\/\/www.artefacial.com\/en\/#website"},"primaryImageOfPage":{"@id":"https:\/\/www.artefacial.com\/en\/our-staff\/abraham-gomez\/#primaryimage"},"image":{"@id":"https:\/\/www.artefacial.com\/en\/our-staff\/abraham-gomez\/#primaryimage"},"thumbnailUrl":"https:\/\/www.artefacial.com\/wp-content\/uploads\/2021\/11\/Abraham-Gomez-M.D-1.jpg","datePublished":"2021-11-18T18:36:21+00:00","dateModified":"2024-06-10T17:04:21+00:00","description":"Visit Arte Facial and discover the experience and quality of Dr. Gomez in oculoplastic surgery in Costa Rica.","breadcrumb":{"@id":"https:\/\/www.artefacial.com\/en\/our-staff\/abraham-gomez\/#breadcrumb"},"inLanguage":"en-US","potentialAction":[{"@type":"ReadAction","target":["https:\/\/www.artefacial.com\/en\/our-staff\/abraham-gomez\/"]}]},{"@type":"ImageObject","inLanguage":"en-US","@id":"https:\/\/www.artefacial.com\/en\/our-staff\/abraham-gomez\/#primaryimage","url":"https:\/\/www.artefacial.com\/wp-content\/uploads\/2021\/11\/Abraham-Gomez-M.D-1.jpg","contentUrl":"https:\/\/www.artefacial.com\/wp-content\/uploads\/2021\/11\/Abraham-Gomez-M.D-1.jpg","width":1353,"height":1552,"caption":"Oculoplastic surgery in Costa Rica"},{"@type":"BreadcrumbList","@id":"https:\/\/www.artefacial.com\/en\/our-staff\/abraham-gomez\/#breadcrumb","itemListElement":[{"@type":"ListItem","position":1,"name":"Inicio","item":"https:\/\/www.artefacial.com\/en\/"},{"@type":"ListItem","position":2,"name":"Our Staff","item":"https:\/\/www.artefacial.com\/en\/nuestro-equipo\/"},{"@type":"ListItem","position":3,"name":"Abraham G\u00f3mez, M.D."}]},{"@type":"WebSite","@id":"https:\/\/www.artefacial.com\/en\/#website","url":"https:\/\/www.artefacial.com\/en\/","name":"Arte Facial","description":"Ciencia, Arte y Cuidado del Rostro","publisher":{"@id":"https:\/\/www.artefacial.com\/en\/#organization"},"potentialAction":[{"@type":"SearchAction","target":{"@type":"EntryPoint","urlTemplate":"https:\/\/www.artefacial.com\/en\/?s={search_term_string}"},"query-input":{"@type":"PropertyValueSpecification","valueRequired":true,"valueName":"search_term_string"}}],"inLanguage":"en-US"},{"@type":"Organization","@id":"https:\/\/www.artefacial.com\/en\/#organization","name":"Arte Facial","url":"https:\/\/www.artefacial.com\/en\/","logo":{"@type":"ImageObject","inLanguage":"en-US","@id":"https:\/\/www.artefacial.com\/en\/#\/schema\/logo\/image\/","url":"https:\/\/www.artefacial.com\/wp-content\/uploads\/2021\/11\/arte-facial-logo.png","contentUrl":"https:\/\/www.artefacial.com\/wp-content\/uploads\/2021\/11\/arte-facial-logo.png","width":265,"height":100,"caption":"Arte Facial"},"image":{"@id":"https:\/\/www.artefacial.com\/en\/#\/schema\/logo\/image\/"},"sameAs":["https:\/\/www.facebook.com\/ArteFacialCR\/","https:\/\/www.instagram.com\/artefacialcr\/","https:\/\/www.youtube.com\/c\/ArteFacial"]}]}},"_links":{"self":[{"href":"https:\/\/www.artefacial.com\/en\/wp-json\/wp\/v2\/pages\/6696","targetHints":{"allow":["GET"]}}],"collection":[{"href":"https:\/\/www.artefacial.com\/en\/wp-json\/wp\/v2\/pages"}],"about":[{"href":"https:\/\/www.artefacial.com\/en\/wp-json\/wp\/v2\/types\/page"}],"author":[{"embeddable":true,"href":"https:\/\/www.artefacial.com\/en\/wp-json\/wp\/v2\/users\/1"}],"replies":[{"embeddable":true,"href":"https:\/\/www.artefacial.com\/en\/wp-json\/wp\/v2\/comments?post=6696"}],"version-history":[{"count":0,"href":"https:\/\/www.artefacial.com\/en\/wp-json\/wp\/v2\/pages\/6696\/revisions"}],"up":[{"embeddable":true,"href":"https:\/\/www.artefacial.com\/en\/wp-json\/wp\/v2\/pages\/23770"}],"wp:featuredmedia":[{"embeddable":true,"href":"https:\/\/www.artefacial.com\/en\/wp-json\/wp\/v2\/media\/6866"}],"wp:attachment":[{"href":"https:\/\/www.artefacial.com\/en\/wp-json\/wp\/v2\/media?parent=6696"}],"curies":[{"name":"wp","href":"https:\/\/api.w.org\/{rel}","templated":true}]}}