{"id":26787,"date":"2025-12-11T07:46:40","date_gmt":"2025-12-11T13:46:40","guid":{"rendered":"https:\/\/www.artefacial.com\/international-patients\/united-states\/florida\/coral-gables\/"},"modified":"2025-12-11T09:57:19","modified_gmt":"2025-12-11T15:57:19","slug":"coral-gables","status":"publish","type":"page","link":"https:\/\/www.artefacial.com\/en\/international-patients\/united-states\/florida\/coral-gables\/","title":{"rendered":"Coral Gables"},"content":{"rendered":"\t\t<div data-elementor-type=\"wp-page\" data-elementor-id=\"26787\" class=\"elementor elementor-26787 elementor-26775\" data-elementor-post-type=\"page\">\n\t\t\t\t\t\t<section class=\"elementor-section elementor-top-section elementor-element elementor-element-55f35b04 elementor-section-boxed elementor-section-height-default elementor-section-height-default\" data-id=\"55f35b04\" data-element_type=\"section\" data-e-type=\"section\">\n\t\t\t\t\t\t<div class=\"elementor-container elementor-column-gap-extended\">\n\t\t\t\t\t<div class=\"elementor-column elementor-col-100 elementor-top-column elementor-element elementor-element-1607e8cb\" data-id=\"1607e8cb\" data-element_type=\"column\" data-e-type=\"column\">\n\t\t\t<div class=\"elementor-widget-wrap elementor-element-populated\">\n\t\t\t\t\t\t<div class=\"elementor-element elementor-element-579e5e20 textcenter elementor-widget elementor-widget-heading\" data-id=\"579e5e20\" data-element_type=\"widget\" data-e-type=\"widget\" data-widget_type=\"heading.default\">\n\t\t\t\t<div class=\"elementor-widget-container\">\n\t\t\t\t\t<h2 class=\"elementor-heading-title elementor-size-default\">Plastic and functional surgery for patients from Coral Gables in Costa Rica<\/h2>\t\t\t\t<\/div>\n\t\t\t\t<\/div>\n\t\t\t\t<div class=\"elementor-element elementor-element-1c1232c0 elementor-widget-divider--view-line elementor-widget elementor-widget-divider\" data-id=\"1c1232c0\" data-element_type=\"widget\" data-e-type=\"widget\" data-widget_type=\"divider.default\">\n\t\t\t\t<div class=\"elementor-widget-container\">\n\t\t\t\t\t\t\t<div class=\"elementor-divider\">\n\t\t\t<span class=\"elementor-divider-separator\">\n\t\t\t\t\t\t<\/span>\n\t\t<\/div>\n\t\t\t\t\t\t<\/div>\n\t\t\t\t<\/div>\n\t\t\t\t<div class=\"elementor-element elementor-element-58904f4 elementor-widget elementor-widget-text-editor\" data-id=\"58904f4\" data-element_type=\"widget\" data-e-type=\"widget\" data-widget_type=\"text-editor.default\">\n\t\t\t\t<div class=\"elementor-widget-container\">\n\t\t\t\t\t\t\t\t\t<p>Coral Gables is one of the most exclusive residential areas in <a href=\"https:\/\/www.artefacial.com\/en\/international-patients\/united-states\/florida\/\"><strong>Florida<\/strong><\/a>, known for its high quality of life and access to world-class medical services. However, the costs of aesthetic and oculoplastic surgeries in this city tend to be high, especially in private centers or boutique clinics located in areas such as Miracle Mile or Merrick Park.<\/p>\t\t\t\t\t\t\t\t<\/div>\n\t\t\t\t<\/div>\n\t\t\t\t\t<\/div>\n\t\t<\/div>\n\t\t\t\t\t<\/div>\n\t\t<\/section>\n\t\t\t\t<section class=\"elementor-section elementor-top-section elementor-element elementor-element-828768a elementor-section-content-middle elementor-section-boxed elementor-section-height-default elementor-section-height-default\" data-id=\"828768a\" data-element_type=\"section\" data-e-type=\"section\">\n\t\t\t\t\t\t<div class=\"elementor-container elementor-column-gap-default\">\n\t\t\t\t\t<div class=\"elementor-column elementor-col-50 elementor-top-column elementor-element elementor-element-7c68a8e\" data-id=\"7c68a8e\" data-element_type=\"column\" data-e-type=\"column\">\n\t\t\t<div class=\"elementor-widget-wrap elementor-element-populated\">\n\t\t\t\t\t\t<div class=\"elementor-element elementor-element-4596077 elementor-widget elementor-widget-image\" data-id=\"4596077\" data-element_type=\"widget\" data-e-type=\"widget\" data-widget_type=\"image.default\">\n\t\t\t\t<div class=\"elementor-widget-container\">\n\t\t\t\t\t\t\t\t\t\t\t\t\t\t\t<img fetchpriority=\"high\" decoding=\"async\" width=\"600\" height=\"700\" src=\"https:\/\/www.artefacial.com\/wp-content\/uploads\/2025\/12\/Coral-Gables.webp\" class=\"attachment-large size-large wp-image-26782\" alt=\"Cirug\u00eda Pl\u00e1stica para Pacientes de Coral Gables en Costa Rica - Plastic Surgery for Coral Gables Patients\" srcset=\"https:\/\/www.artefacial.com\/wp-content\/uploads\/2025\/12\/Coral-Gables.webp 600w, https:\/\/www.artefacial.com\/wp-content\/uploads\/2025\/12\/Coral-Gables-257x300.webp 257w\" sizes=\"(max-width: 600px) 100vw, 600px\" \/>\t\t\t\t\t\t\t\t\t\t\t\t\t\t\t<\/div>\n\t\t\t\t<\/div>\n\t\t\t\t\t<\/div>\n\t\t<\/div>\n\t\t\t\t<div class=\"elementor-column elementor-col-50 elementor-top-column elementor-element elementor-element-6aa202a\" data-id=\"6aa202a\" data-element_type=\"column\" data-e-type=\"column\">\n\t\t\t<div class=\"elementor-widget-wrap elementor-element-populated\">\n\t\t\t\t\t\t<div class=\"elementor-element elementor-element-f0194fb elementor-widget elementor-widget-text-editor\" data-id=\"f0194fb\" data-element_type=\"widget\" data-e-type=\"widget\" data-widget_type=\"text-editor.default\">\n\t\t\t\t<div class=\"elementor-widget-container\">\n\t\t\t\t\t\t\t\t\t<p>For this reason, an increasing number of patients from Coral Gables choose Costa Rica for their <a href=\"https:\/\/www.artefacial.com\/en\/cosmetic-procedures\/\"><strong>facial procedures<\/strong><\/a>. Just a few hours away by plane, the country offers eyelid surgery, facial rejuvenation and specialized oculoplastic procedures with international medical standards, personalized care and transparent pricing.<\/p><p>At Arte Facial, led by Dr. Abraham G\u00f3mez, we treat patients from Coral Gables, Miami and nearby cities, offering natural results, medical safety and recovery in a peaceful, nature-filled environment.<\/p>\t\t\t\t\t\t\t\t<\/div>\n\t\t\t\t<\/div>\n\t\t\t\t\t<\/div>\n\t\t<\/div>\n\t\t\t\t\t<\/div>\n\t\t<\/section>\n\t\t\t\t<section class=\"elementor-section elementor-top-section elementor-element elementor-element-fa7f48c elementor-section-boxed elementor-section-height-default elementor-section-height-default\" data-id=\"fa7f48c\" data-element_type=\"section\" data-e-type=\"section\" data-settings=\"{&quot;background_background&quot;:&quot;classic&quot;}\">\n\t\t\t\t\t\t<div class=\"elementor-container elementor-column-gap-default\">\n\t\t\t\t\t<div class=\"elementor-column elementor-col-100 elementor-top-column elementor-element elementor-element-d1e3f68\" data-id=\"d1e3f68\" data-element_type=\"column\" data-e-type=\"column\">\n\t\t\t<div class=\"elementor-widget-wrap elementor-element-populated\">\n\t\t\t\t\t\t<div class=\"elementor-element elementor-element-b542c73 textcenter elementor-widget elementor-widget-heading\" data-id=\"b542c73\" data-element_type=\"widget\" data-e-type=\"widget\" data-widget_type=\"heading.default\">\n\t\t\t\t<div class=\"elementor-widget-container\">\n\t\t\t\t\t<h2 class=\"elementor-heading-title elementor-size-default\">Most Requested Procedures in Coral Gables and Their Costs<\/h2>\t\t\t\t<\/div>\n\t\t\t\t<\/div>\n\t\t\t\t<section class=\"elementor-section elementor-inner-section elementor-element elementor-element-0fa0ead elementor-section-boxed elementor-section-height-default elementor-section-height-default\" data-id=\"0fa0ead\" data-element_type=\"section\" data-e-type=\"section\">\n\t\t\t\t\t\t<div class=\"elementor-container elementor-column-gap-default\">\n\t\t\t\t\t<div class=\"elementor-column elementor-col-50 elementor-inner-column elementor-element elementor-element-ba77ce0\" data-id=\"ba77ce0\" data-element_type=\"column\" data-e-type=\"column\">\n\t\t\t<div class=\"elementor-widget-wrap elementor-element-populated\">\n\t\t\t\t\t\t<div class=\"elementor-element elementor-element-8251141 elementor-widget elementor-widget-heading\" data-id=\"8251141\" data-element_type=\"widget\" data-e-type=\"widget\" data-widget_type=\"heading.default\">\n\t\t\t\t<div class=\"elementor-widget-container\">\n\t\t\t\t\t<h3 class=\"elementor-heading-title elementor-size-default\">Estimated facial surgery prices in Coral Gables:<\/h3>\t\t\t\t<\/div>\n\t\t\t\t<\/div>\n\t\t\t\t<div class=\"elementor-element elementor-element-d1c6d31 elementor-widget elementor-widget-text-editor\" data-id=\"d1c6d31\" data-element_type=\"widget\" data-e-type=\"widget\" data-widget_type=\"text-editor.default\">\n\t\t\t\t<div class=\"elementor-widget-container\">\n\t\t\t\t\t\t\t\t\t<p>In Coral Gables, facial surgery prices vary depending on the surgeon, technique, and surgical center. However, many published fees do not include anesthesia or operating room costs, which increase the final price.<\/p>\t\t\t\t\t\t\t\t<\/div>\n\t\t\t\t<\/div>\n\t\t\t\t<div class=\"elementor-element elementor-element-df3794d elementor-align-start elementor-icon-list--layout-traditional elementor-list-item-link-full_width elementor-widget elementor-widget-icon-list\" data-id=\"df3794d\" data-element_type=\"widget\" data-e-type=\"widget\" data-widget_type=\"icon-list.default\">\n\t\t\t\t<div class=\"elementor-widget-container\">\n\t\t\t\t\t\t\t<ul class=\"elementor-icon-list-items\">\n\t\t\t\t\t\t\t<li class=\"elementor-icon-list-item\">\n\t\t\t\t\t\t\t\t\t\t\t<span class=\"elementor-icon-list-icon\">\n\t\t\t\t\t\t\t<i aria-hidden=\"true\" class=\"fas fa-check-circle\"><\/i>\t\t\t\t\t\t<\/span>\n\t\t\t\t\t\t\t\t\t\t<span class=\"elementor-icon-list-text\"><b>Upper blepharoplasty:<\/b><br>from US$ 2,500 \u2013 5,000<\/span>\n\t\t\t\t\t\t\t\t\t<\/li>\n\t\t\t\t\t\t\t\t<li class=\"elementor-icon-list-item\">\n\t\t\t\t\t\t\t\t\t\t\t<span class=\"elementor-icon-list-icon\">\n\t\t\t\t\t\t\t<i aria-hidden=\"true\" class=\"fas fa-check-circle\"><\/i>\t\t\t\t\t\t<\/span>\n\t\t\t\t\t\t\t\t\t\t<span class=\"elementor-icon-list-text\"><b>Lower blepharoplasty:<\/b><br>from US$ 2,500 \u2013 7,500<\/span>\n\t\t\t\t\t\t\t\t\t<\/li>\n\t\t\t\t\t\t\t\t<li class=\"elementor-icon-list-item\">\n\t\t\t\t\t\t\t\t\t\t\t<span class=\"elementor-icon-list-icon\">\n\t\t\t\t\t\t\t<i aria-hidden=\"true\" class=\"fas fa-check-circle\"><\/i>\t\t\t\t\t\t<\/span>\n\t\t\t\t\t\t\t\t\t\t<span class=\"elementor-icon-list-text\"><b>Brow lift:<\/b><br>from US$ 4,000 \u2013 8,000<\/span>\n\t\t\t\t\t\t\t\t\t<\/li>\n\t\t\t\t\t\t\t\t<li class=\"elementor-icon-list-item\">\n\t\t\t\t\t\t\t\t\t\t\t<span class=\"elementor-icon-list-icon\">\n\t\t\t\t\t\t\t<i aria-hidden=\"true\" class=\"fas fa-check-circle\"><\/i>\t\t\t\t\t\t<\/span>\n\t\t\t\t\t\t\t\t\t\t<span class=\"elementor-icon-list-text\"><b>Facial fat transfer:<\/b><br>from US$ 2,500 \u2013 7,000<\/span>\n\t\t\t\t\t\t\t\t\t<\/li>\n\t\t\t\t\t\t\t\t<li class=\"elementor-icon-list-item\">\n\t\t\t\t\t\t\t\t\t\t\t<span class=\"elementor-icon-list-icon\">\n\t\t\t\t\t\t\t<i aria-hidden=\"true\" class=\"fas fa-check-circle\"><\/i>\t\t\t\t\t\t<\/span>\n\t\t\t\t\t\t\t\t\t\t<span class=\"elementor-icon-list-text\"><b>Eyelid retraction repair:<\/b><br>from US$ 8,000 \u2013 8,500 per eye<\/span>\n\t\t\t\t\t\t\t\t\t<\/li>\n\t\t\t\t\t\t<\/ul>\n\t\t\t\t\t\t<\/div>\n\t\t\t\t<\/div>\n\t\t\t\t\t<\/div>\n\t\t<\/div>\n\t\t\t\t<div class=\"elementor-column elementor-col-50 elementor-inner-column elementor-element elementor-element-df76e88\" data-id=\"df76e88\" data-element_type=\"column\" data-e-type=\"column\">\n\t\t\t<div class=\"elementor-widget-wrap elementor-element-populated\">\n\t\t\t\t\t\t<div class=\"elementor-element elementor-element-deebf43 elementor-widget elementor-widget-heading\" data-id=\"deebf43\" data-element_type=\"widget\" data-e-type=\"widget\" data-widget_type=\"heading.default\">\n\t\t\t\t<div class=\"elementor-widget-container\">\n\t\t\t\t\t<h3 class=\"elementor-heading-title elementor-size-default\">Approximate Fees at Arte Facial (Costa Rica):<\/h3>\t\t\t\t<\/div>\n\t\t\t\t<\/div>\n\t\t\t\t<div class=\"elementor-element elementor-element-c9a82ed elementor-widget elementor-widget-text-editor\" data-id=\"c9a82ed\" data-element_type=\"widget\" data-e-type=\"widget\" data-widget_type=\"text-editor.default\">\n\t\t\t\t<div class=\"elementor-widget-container\">\n\t\t\t\t\t\t\t\t\t<p>By choosing Costa Rica, patients from Coral Gables access the same medical quality with more competitive prices and all-inclusive packages (surgeon, anesthesiologist, operating room, and supplies). These are the approximate ranges offered at our clinic:<\/p>\t\t\t\t\t\t\t\t<\/div>\n\t\t\t\t<\/div>\n\t\t\t\t<div class=\"elementor-element elementor-element-7beadbb elementor-align-start elementor-icon-list--layout-traditional elementor-list-item-link-full_width elementor-widget elementor-widget-icon-list\" data-id=\"7beadbb\" data-element_type=\"widget\" data-e-type=\"widget\" data-widget_type=\"icon-list.default\">\n\t\t\t\t<div class=\"elementor-widget-container\">\n\t\t\t\t\t\t\t<ul class=\"elementor-icon-list-items\">\n\t\t\t\t\t\t\t<li class=\"elementor-icon-list-item\">\n\t\t\t\t\t\t\t\t\t\t\t<span class=\"elementor-icon-list-icon\">\n\t\t\t\t\t\t\t<i aria-hidden=\"true\" class=\"fas fa-check-circle\"><\/i>\t\t\t\t\t\t<\/span>\n\t\t\t\t\t\t\t\t\t\t<span class=\"elementor-icon-list-text\"><b>Upper blepharoplasty:<\/b><br>from $2,000 \u2013 $3,500<\/span>\n\t\t\t\t\t\t\t\t\t<\/li>\n\t\t\t\t\t\t\t\t<li class=\"elementor-icon-list-item\">\n\t\t\t\t\t\t\t\t\t\t\t<span class=\"elementor-icon-list-icon\">\n\t\t\t\t\t\t\t<i aria-hidden=\"true\" class=\"fas fa-check-circle\"><\/i>\t\t\t\t\t\t<\/span>\n\t\t\t\t\t\t\t\t\t\t<span class=\"elementor-icon-list-text\"><b>Lower blepharoplasty:<\/b><br>from $3,000 \u2013 $4,500<\/span>\n\t\t\t\t\t\t\t\t\t<\/li>\n\t\t\t\t\t\t\t\t<li class=\"elementor-icon-list-item\">\n\t\t\t\t\t\t\t\t\t\t\t<span class=\"elementor-icon-list-icon\">\n\t\t\t\t\t\t\t<i aria-hidden=\"true\" class=\"fas fa-check-circle\"><\/i>\t\t\t\t\t\t<\/span>\n\t\t\t\t\t\t\t\t\t\t<span class=\"elementor-icon-list-text\"><b>Endoscopic brow lift:<\/b><br>from $4,500 \u2013 $5,500<\/span>\n\t\t\t\t\t\t\t\t\t<\/li>\n\t\t\t\t\t\t\t\t<li class=\"elementor-icon-list-item\">\n\t\t\t\t\t\t\t\t\t\t\t<span class=\"elementor-icon-list-icon\">\n\t\t\t\t\t\t\t<i aria-hidden=\"true\" class=\"fas fa-check-circle\"><\/i>\t\t\t\t\t\t<\/span>\n\t\t\t\t\t\t\t\t\t\t<span class=\"elementor-icon-list-text\"><b>Facial fat transfer:<\/b><br>from $2,500 \u2013 $3,500<\/span>\n\t\t\t\t\t\t\t\t\t<\/li>\n\t\t\t\t\t\t\t\t<li class=\"elementor-icon-list-item\">\n\t\t\t\t\t\t\t\t\t\t\t<span class=\"elementor-icon-list-icon\">\n\t\t\t\t\t\t\t<i aria-hidden=\"true\" class=\"fas fa-check-circle\"><\/i>\t\t\t\t\t\t<\/span>\n\t\t\t\t\t\t\t\t\t\t<span class=\"elementor-icon-list-text\"><b>Eyelid retraction repair:<\/b><br>from $4,000 \u2013 $5,000 per eye<\/span>\n\t\t\t\t\t\t\t\t\t<\/li>\n\t\t\t\t\t\t<\/ul>\n\t\t\t\t\t\t<\/div>\n\t\t\t\t<\/div>\n\t\t\t\t<div class=\"elementor-element elementor-element-85ba7d6 elementor-widget elementor-widget-text-editor\" data-id=\"85ba7d6\" data-element_type=\"widget\" data-e-type=\"widget\" data-widget_type=\"text-editor.default\">\n\t\t\t\t<div class=\"elementor-widget-container\">\n\t\t\t\t\t\t\t\t\t<p>The final cost is confirmed after the medical evaluation according to each individual case.<\/p>\t\t\t\t\t\t\t\t<\/div>\n\t\t\t\t<\/div>\n\t\t\t\t\t<\/div>\n\t\t<\/div>\n\t\t\t\t\t<\/div>\n\t\t<\/section>\n\t\t\t\t\t<\/div>\n\t\t<\/div>\n\t\t\t\t\t<\/div>\n\t\t<\/section>\n\t\t\t\t<section class=\"elementor-section elementor-top-section elementor-element elementor-element-a9033e5 elementor-section-boxed elementor-section-height-default elementor-section-height-default\" data-id=\"a9033e5\" data-element_type=\"section\" data-e-type=\"section\" data-settings=\"{&quot;background_background&quot;:&quot;classic&quot;}\">\n\t\t\t\t\t\t<div class=\"elementor-container elementor-column-gap-default\">\n\t\t\t\t\t<div class=\"elementor-column elementor-col-100 elementor-top-column elementor-element elementor-element-405d3de\" data-id=\"405d3de\" data-element_type=\"column\" data-e-type=\"column\">\n\t\t\t<div class=\"elementor-widget-wrap elementor-element-populated\">\n\t\t\t\t\t\t<div class=\"elementor-element elementor-element-07f903d textcenter elementor-widget elementor-widget-heading\" data-id=\"07f903d\" data-element_type=\"widget\" data-e-type=\"widget\" data-widget_type=\"heading.default\">\n\t\t\t\t<div class=\"elementor-widget-container\">\n\t\t\t\t\t<h2 class=\"elementor-heading-title elementor-size-default\">Dr. Abraham G\u00f3mez\u2019s Experience<\/h2>\t\t\t\t<\/div>\n\t\t\t\t<\/div>\n\t\t\t\t<div class=\"elementor-element elementor-element-d2921d2 elementor-widget elementor-widget-text-editor\" data-id=\"d2921d2\" data-element_type=\"widget\" data-e-type=\"widget\" data-widget_type=\"text-editor.default\">\n\t\t\t\t<div class=\"elementor-widget-container\">\n\t\t\t\t\t\t\t\t\t<p>At Arte Facial, you will be treated by <a href=\"https:\/\/www.artefacial.com\/en\/our-staff\/abraham-gomez\/\"><strong>Dr. Abraham G\u00f3mez<\/strong><\/a>, a specialist in oculoplastic and facial plastic surgery with international training and extensive experience in reconstructive and aesthetic facial procedures.<\/p>\t\t\t\t\t\t\t\t<\/div>\n\t\t\t\t<\/div>\n\t\t\t\t<section class=\"elementor-section elementor-inner-section elementor-element elementor-element-f0955e4 elementor-section-boxed elementor-section-height-default elementor-section-height-default\" data-id=\"f0955e4\" data-element_type=\"section\" data-e-type=\"section\">\n\t\t\t\t\t\t<div class=\"elementor-container elementor-column-gap-default\">\n\t\t\t\t\t<div class=\"elementor-column elementor-col-50 elementor-inner-column elementor-element elementor-element-542a04e\" data-id=\"542a04e\" data-element_type=\"column\" data-e-type=\"column\">\n\t\t\t<div class=\"elementor-widget-wrap elementor-element-populated\">\n\t\t\t\t\t\t<div class=\"elementor-element elementor-element-7e2c0fb elementor-align-start elementor-icon-list--layout-traditional elementor-list-item-link-full_width elementor-widget elementor-widget-icon-list\" data-id=\"7e2c0fb\" data-element_type=\"widget\" data-e-type=\"widget\" data-widget_type=\"icon-list.default\">\n\t\t\t\t<div class=\"elementor-widget-container\">\n\t\t\t\t\t\t\t<ul class=\"elementor-icon-list-items\">\n\t\t\t\t\t\t\t<li class=\"elementor-icon-list-item\">\n\t\t\t\t\t\t\t\t\t\t\t<span class=\"elementor-icon-list-icon\">\n\t\t\t\t\t\t\t<i aria-hidden=\"true\" class=\"fas fa-check-circle\"><\/i>\t\t\t\t\t\t<\/span>\n\t\t\t\t\t\t\t\t\t\t<span class=\"elementor-icon-list-text\">Medical Doctor and Surgeon, University of Costa Rica<\/span>\n\t\t\t\t\t\t\t\t\t<\/li>\n\t\t\t\t\t\t\t\t<li class=\"elementor-icon-list-item\">\n\t\t\t\t\t\t\t\t\t\t\t<span class=\"elementor-icon-list-icon\">\n\t\t\t\t\t\t\t<i aria-hidden=\"true\" class=\"fas fa-check-circle\"><\/i>\t\t\t\t\t\t<\/span>\n\t\t\t\t\t\t\t\t\t\t<span class=\"elementor-icon-list-text\">Ophthalmology specialty, National Autonomous University of Mexico (UNAM)<\/span>\n\t\t\t\t\t\t\t\t\t<\/li>\n\t\t\t\t\t\t\t\t<li class=\"elementor-icon-list-item\">\n\t\t\t\t\t\t\t\t\t\t\t<span class=\"elementor-icon-list-icon\">\n\t\t\t\t\t\t\t<i aria-hidden=\"true\" class=\"fas fa-check-circle\"><\/i>\t\t\t\t\t\t<\/span>\n\t\t\t\t\t\t\t\t\t\t<span class=\"elementor-icon-list-text\">Subspecialty in Ocular Plastic and Facial Aesthetic Surgery, \u201cDr. Luis S\u00e1nchez Bulnes\u201d Blindness Hospital, Mexico<\/span>\n\t\t\t\t\t\t\t\t\t<\/li>\n\t\t\t\t\t\t\t\t<li class=\"elementor-icon-list-item\">\n\t\t\t\t\t\t\t\t\t\t\t<span class=\"elementor-icon-list-icon\">\n\t\t\t\t\t\t\t<i aria-hidden=\"true\" class=\"fas fa-check-circle\"><\/i>\t\t\t\t\t\t<\/span>\n\t\t\t\t\t\t\t\t\t\t<span class=\"elementor-icon-list-text\">International training in eyelid, orbit and lacrimal duct surgery in world-renowned centers<\/span>\n\t\t\t\t\t\t\t\t\t<\/li>\n\t\t\t\t\t\t\t\t<li class=\"elementor-icon-list-item\">\n\t\t\t\t\t\t\t\t\t\t\t<span class=\"elementor-icon-list-icon\">\n\t\t\t\t\t\t\t<i aria-hidden=\"true\" class=\"fas fa-check-circle\"><\/i>\t\t\t\t\t\t<\/span>\n\t\t\t\t\t\t\t\t\t\t<span class=\"elementor-icon-list-text\">Active member of international oculoplastic and reconstructive surgery associations<\/span>\n\t\t\t\t\t\t\t\t\t<\/li>\n\t\t\t\t\t\t<\/ul>\n\t\t\t\t\t\t<\/div>\n\t\t\t\t<\/div>\n\t\t\t\t\t<\/div>\n\t\t<\/div>\n\t\t\t\t<div class=\"elementor-column elementor-col-50 elementor-inner-column elementor-element elementor-element-b99c1f2\" data-id=\"b99c1f2\" data-element_type=\"column\" data-e-type=\"column\">\n\t\t\t<div class=\"elementor-widget-wrap elementor-element-populated\">\n\t\t\t\t\t\t<div class=\"elementor-element elementor-element-13132fa elementor-widget elementor-widget-image\" data-id=\"13132fa\" data-element_type=\"widget\" data-e-type=\"widget\" data-widget_type=\"image.default\">\n\t\t\t\t<div class=\"elementor-widget-container\">\n\t\t\t\t\t\t\t\t\t\t\t\t\t\t\t<img decoding=\"async\" width=\"900\" height=\"623\" src=\"https:\/\/www.artefacial.com\/wp-content\/uploads\/2021\/08\/Abraham-Gomez-Dr-.jpg\" class=\"attachment-large size-large wp-image-5806\" alt=\"\" srcset=\"https:\/\/www.artefacial.com\/wp-content\/uploads\/2021\/08\/Abraham-Gomez-Dr-.jpg 900w, https:\/\/www.artefacial.com\/wp-content\/uploads\/2021\/08\/Abraham-Gomez-Dr--300x208.jpg 300w, https:\/\/www.artefacial.com\/wp-content\/uploads\/2021\/08\/Abraham-Gomez-Dr--768x532.jpg 768w\" sizes=\"(max-width: 900px) 100vw, 900px\" loading=\"lazy\" \/>\t\t\t\t\t\t\t\t\t\t\t\t\t\t\t<\/div>\n\t\t\t\t<\/div>\n\t\t\t\t\t<\/div>\n\t\t<\/div>\n\t\t\t\t\t<\/div>\n\t\t<\/section>\n\t\t\t\t<div class=\"elementor-element elementor-element-c1e8eed elementor-widget elementor-widget-text-editor\" data-id=\"c1e8eed\" data-element_type=\"widget\" data-e-type=\"widget\" data-widget_type=\"text-editor.default\">\n\t\t\t\t<div class=\"elementor-widget-container\">\n\t\t\t\t\t\t\t\t\t<p>Dr. G\u00f3mez combines technical precision, natural results and warm, personalized care that ensures confidence, safety and medical excellence.<\/p>\t\t\t\t\t\t\t\t<\/div>\n\t\t\t\t<\/div>\n\t\t\t\t\t<\/div>\n\t\t<\/div>\n\t\t\t\t\t<\/div>\n\t\t<\/section>\n\t\t\t\t<section class=\"elementor-section elementor-top-section elementor-element elementor-element-7ad93dd elementor-section-boxed elementor-section-height-default elementor-section-height-default\" data-id=\"7ad93dd\" data-element_type=\"section\" data-e-type=\"section\" data-settings=\"{&quot;background_background&quot;:&quot;classic&quot;}\">\n\t\t\t\t\t\t<div class=\"elementor-container elementor-column-gap-default\">\n\t\t\t\t\t<div class=\"elementor-column elementor-col-100 elementor-top-column elementor-element elementor-element-599ec94\" data-id=\"599ec94\" data-element_type=\"column\" data-e-type=\"column\">\n\t\t\t<div class=\"elementor-widget-wrap elementor-element-populated\">\n\t\t\t\t\t\t<div class=\"elementor-element elementor-element-d3c9b26 textcenter elementor-widget elementor-widget-heading\" data-id=\"d3c9b26\" data-element_type=\"widget\" data-e-type=\"widget\" data-widget_type=\"heading.default\">\n\t\t\t\t<div class=\"elementor-widget-container\">\n\t\t\t\t\t<h2 class=\"elementor-heading-title elementor-size-default\">Flights from Coral Gables \/ Miami to Costa Rica<\/h2>\t\t\t\t<\/div>\n\t\t\t\t<\/div>\n\t\t\t\t<section class=\"elementor-section elementor-inner-section elementor-element elementor-element-eec66f3 elementor-section-boxed elementor-section-height-default elementor-section-height-default\" data-id=\"eec66f3\" data-element_type=\"section\" data-e-type=\"section\">\n\t\t\t\t\t\t<div class=\"elementor-container elementor-column-gap-default\">\n\t\t\t\t\t<div class=\"elementor-column elementor-col-50 elementor-inner-column elementor-element elementor-element-b732332\" data-id=\"b732332\" data-element_type=\"column\" data-e-type=\"column\">\n\t\t\t<div class=\"elementor-widget-wrap elementor-element-populated\">\n\t\t\t\t\t\t<div class=\"elementor-element elementor-element-fa210b0 elementor-widget elementor-widget-image\" data-id=\"fa210b0\" data-element_type=\"widget\" data-e-type=\"widget\" data-widget_type=\"image.default\">\n\t\t\t\t<div class=\"elementor-widget-container\">\n\t\t\t\t\t\t\t\t\t\t\t\t\t\t\t<img decoding=\"async\" width=\"800\" height=\"800\" src=\"https:\/\/www.artefacial.com\/wp-content\/uploads\/2025\/11\/Vuelos-desde-Miami-a-Costa-Rica.webp\" class=\"attachment-full size-full wp-image-26576\" alt=\"Vuelos desde Miami a Costa Rica\" srcset=\"https:\/\/www.artefacial.com\/wp-content\/uploads\/2025\/11\/Vuelos-desde-Miami-a-Costa-Rica.webp 800w, https:\/\/www.artefacial.com\/wp-content\/uploads\/2025\/11\/Vuelos-desde-Miami-a-Costa-Rica-300x300.webp 300w, https:\/\/www.artefacial.com\/wp-content\/uploads\/2025\/11\/Vuelos-desde-Miami-a-Costa-Rica-150x150.webp 150w, https:\/\/www.artefacial.com\/wp-content\/uploads\/2025\/11\/Vuelos-desde-Miami-a-Costa-Rica-768x768.webp 768w, https:\/\/www.artefacial.com\/wp-content\/uploads\/2025\/11\/Vuelos-desde-Miami-a-Costa-Rica-700x700.webp 700w\" sizes=\"(max-width: 800px) 100vw, 800px\" loading=\"lazy\" \/>\t\t\t\t\t\t\t\t\t\t\t\t\t\t\t<\/div>\n\t\t\t\t<\/div>\n\t\t\t\t\t<\/div>\n\t\t<\/div>\n\t\t\t\t<div class=\"elementor-column elementor-col-50 elementor-inner-column elementor-element elementor-element-4280ffa\" data-id=\"4280ffa\" data-element_type=\"column\" data-e-type=\"column\">\n\t\t\t<div class=\"elementor-widget-wrap elementor-element-populated\">\n\t\t\t\t\t\t<div class=\"elementor-element elementor-element-2c4d541 elementor-widget elementor-widget-text-editor\" data-id=\"2c4d541\" data-element_type=\"widget\" data-e-type=\"widget\" data-widget_type=\"text-editor.default\">\n\t\t\t\t<div class=\"elementor-widget-container\">\n\t\t\t\t\t\t\t\t\t<p>Coral Gables is located just 20 minutes from Miami International Airport (MIA), one of the main departure points to Costa Rica.<\/p><ul><li>Direct daily flights from Miami (MIA) to San Jos\u00e9 (SJO) are operated by: American Airlines, Avianca, Volaris Costa Rica and Aerol\u00edneas MAS.<\/li><li>Average flight duration: 3 hours and 10 minutes.<\/li><li>There are also options from Fort Lauderdale (FLL) or connections from Orlando (MCO).<\/li><\/ul><p><strong>Important:<\/strong> Direct flight availability may vary depending on season, demand or airline changes.<\/p><p>U.S. citizens may enter Costa Rica without a visa for up to 90 days, making it easy to plan both surgery and recovery.<\/p>\t\t\t\t\t\t\t\t<\/div>\n\t\t\t\t<\/div>\n\t\t\t\t\t<\/div>\n\t\t<\/div>\n\t\t\t\t\t<\/div>\n\t\t<\/section>\n\t\t\t\t\t<\/div>\n\t\t<\/div>\n\t\t\t\t\t<\/div>\n\t\t<\/section>\n\t\t\t\t<section class=\"elementor-section elementor-top-section elementor-element elementor-element-990de76 elementor-section-boxed elementor-section-height-default elementor-section-height-default\" data-id=\"990de76\" data-element_type=\"section\" data-e-type=\"section\" data-settings=\"{&quot;background_background&quot;:&quot;classic&quot;}\">\n\t\t\t\t\t\t<div class=\"elementor-container elementor-column-gap-default\">\n\t\t\t\t\t<div class=\"elementor-column elementor-col-100 elementor-top-column elementor-element elementor-element-6f2958c\" data-id=\"6f2958c\" data-element_type=\"column\" data-e-type=\"column\">\n\t\t\t<div class=\"elementor-widget-wrap elementor-element-populated\">\n\t\t\t\t\t\t<div class=\"elementor-element elementor-element-45c65b3 textcenter elementor-widget elementor-widget-heading\" data-id=\"45c65b3\" data-element_type=\"widget\" data-e-type=\"widget\" data-widget_type=\"heading.default\">\n\t\t\t\t<div class=\"elementor-widget-container\">\n\t\t\t\t\t<h2 class=\"elementor-heading-title elementor-size-default\">Why Do Coral Gables Patients Choose Costa Rica for Their Oculoplastic Surgery?<\/h2>\t\t\t\t<\/div>\n\t\t\t\t<\/div>\n\t\t\t\t<div class=\"elementor-element elementor-element-363d3c2 elementor-widget elementor-widget-text-editor\" data-id=\"363d3c2\" data-element_type=\"widget\" data-e-type=\"widget\" data-widget_type=\"text-editor.default\">\n\t\t\t\t<div class=\"elementor-widget-container\">\n\t\t\t\t\t\t\t\t\t<p>In Costa Rica, you can undergo the same aesthetic and oculoplastic procedures available in the U.S.\u2014such as upper and lower blepharoplasty, brow lift, facial fat transfer or eyelid repair\u2014with the added advantages of certified care, advanced technology and more accessible pricing.<\/p>\t\t\t\t\t\t\t\t<\/div>\n\t\t\t\t<\/div>\n\t\t\t\t<section class=\"elementor-section elementor-inner-section elementor-element elementor-element-a61114d elementor-section-boxed elementor-section-height-default elementor-section-height-default\" data-id=\"a61114d\" data-element_type=\"section\" data-e-type=\"section\">\n\t\t\t\t\t\t<div class=\"elementor-container elementor-column-gap-default\">\n\t\t\t\t\t<div class=\"elementor-column elementor-col-50 elementor-inner-column elementor-element elementor-element-c33392f\" data-id=\"c33392f\" data-element_type=\"column\" data-e-type=\"column\">\n\t\t\t<div class=\"elementor-widget-wrap elementor-element-populated\">\n\t\t\t\t\t\t<div class=\"elementor-element elementor-element-a7b41f7 elementor-widget elementor-widget-text-editor\" data-id=\"a7b41f7\" data-element_type=\"widget\" data-e-type=\"widget\" data-widget_type=\"text-editor.default\">\n\t\t\t\t<div class=\"elementor-widget-container\">\n\t\t\t\t\t\t\t\t\t<ul><li>Costs up to 50% lower than in the U.S.<\/li><li>Specialists with international training<\/li><li>Full pricing transparency<\/li><li>Safe, natural environment for recovery<\/li><li>Personalized and attentive medical care<\/li><\/ul><p>In Costa Rica, we combine advanced medicine, hospitality and well-being. We offer patients a surgical experience as positive as the results themselves.<\/p>\t\t\t\t\t\t\t\t<\/div>\n\t\t\t\t<\/div>\n\t\t\t\t\t<\/div>\n\t\t<\/div>\n\t\t\t\t<div class=\"elementor-column elementor-col-50 elementor-inner-column elementor-element elementor-element-4af1f5a\" data-id=\"4af1f5a\" data-element_type=\"column\" data-e-type=\"column\">\n\t\t\t<div class=\"elementor-widget-wrap elementor-element-populated\">\n\t\t\t\t\t\t<div class=\"elementor-element elementor-element-5707b7d elementor-widget elementor-widget-image\" data-id=\"5707b7d\" data-element_type=\"widget\" data-e-type=\"widget\" data-widget_type=\"image.default\">\n\t\t\t\t<div class=\"elementor-widget-container\">\n\t\t\t\t\t\t\t\t\t\t\t\t\t\t\t<img loading=\"lazy\" decoding=\"async\" width=\"800\" height=\"800\" src=\"https:\/\/www.artefacial.com\/wp-content\/uploads\/2025\/11\/pacientes-de-Miami-eligen-Costa-Rica.webp\" class=\"attachment-large size-large wp-image-26578\" alt=\"\u00bfPor qu\u00e9 pacientes de Miami eligen Costa Rica para su cirug\u00eda oculopl\u00e1stica\" srcset=\"https:\/\/www.artefacial.com\/wp-content\/uploads\/2025\/11\/pacientes-de-Miami-eligen-Costa-Rica.webp 800w, https:\/\/www.artefacial.com\/wp-content\/uploads\/2025\/11\/pacientes-de-Miami-eligen-Costa-Rica-300x300.webp 300w, https:\/\/www.artefacial.com\/wp-content\/uploads\/2025\/11\/pacientes-de-Miami-eligen-Costa-Rica-150x150.webp 150w, https:\/\/www.artefacial.com\/wp-content\/uploads\/2025\/11\/pacientes-de-Miami-eligen-Costa-Rica-768x768.webp 768w, https:\/\/www.artefacial.com\/wp-content\/uploads\/2025\/11\/pacientes-de-Miami-eligen-Costa-Rica-700x700.webp 700w\" sizes=\"(max-width: 800px) 100vw, 800px\" \/>\t\t\t\t\t\t\t\t\t\t\t\t\t\t\t<\/div>\n\t\t\t\t<\/div>\n\t\t\t\t\t<\/div>\n\t\t<\/div>\n\t\t\t\t\t<\/div>\n\t\t<\/section>\n\t\t\t\t\t<\/div>\n\t\t<\/div>\n\t\t\t\t\t<\/div>\n\t\t<\/section>\n\t\t\t\t<section class=\"elementor-section elementor-top-section elementor-element elementor-element-b5733b8 elementor-section-boxed elementor-section-height-default elementor-section-height-default\" data-id=\"b5733b8\" data-element_type=\"section\" data-e-type=\"section\" data-settings=\"{&quot;background_background&quot;:&quot;classic&quot;}\">\n\t\t\t\t\t\t<div class=\"elementor-container elementor-column-gap-default\">\n\t\t\t\t\t<div class=\"elementor-column elementor-col-100 elementor-top-column elementor-element elementor-element-bc01515\" data-id=\"bc01515\" data-element_type=\"column\" data-e-type=\"column\">\n\t\t\t<div class=\"elementor-widget-wrap elementor-element-populated\">\n\t\t\t\t\t\t<div class=\"elementor-element elementor-element-d06549b textcenter elementor-widget elementor-widget-heading\" data-id=\"d06549b\" data-element_type=\"widget\" data-e-type=\"widget\" data-widget_type=\"heading.default\">\n\t\t\t\t<div class=\"elementor-widget-container\">\n\t\t\t\t\t<h2 class=\"elementor-heading-title elementor-size-default\">See Our Results<\/h2>\t\t\t\t<\/div>\n\t\t\t\t<\/div>\n\t\t\t\t<div class=\"elementor-element elementor-element-66228e1 elementor-widget-divider--view-line elementor-widget elementor-widget-divider\" data-id=\"66228e1\" data-element_type=\"widget\" data-e-type=\"widget\" data-widget_type=\"divider.default\">\n\t\t\t\t<div class=\"elementor-widget-container\">\n\t\t\t\t\t\t\t<div class=\"elementor-divider\">\n\t\t\t<span class=\"elementor-divider-separator\">\n\t\t\t\t\t\t<\/span>\n\t\t<\/div>\n\t\t\t\t\t\t<\/div>\n\t\t\t\t<\/div>\n\t\t\t\t<div class=\"elementor-element elementor-element-2091dbf elementor-widget elementor-widget-text-editor\" data-id=\"2091dbf\" data-element_type=\"widget\" data-e-type=\"widget\" data-widget_type=\"text-editor.default\">\n\t\t\t\t<div class=\"elementor-widget-container\">\n\t\t\t\t\t\t\t\t\t<p>Discover how our patients have rejuvenated their eyes and face through safe, natural procedures.<\/p>\t\t\t\t\t\t\t\t<\/div>\n\t\t\t\t<\/div>\n\t\t\t\t<div class=\"elementor-element elementor-element-b908291 elementor-widget elementor-widget-image-gallery\" data-id=\"b908291\" data-element_type=\"widget\" data-e-type=\"widget\" data-widget_type=\"image-gallery.default\">\n\t\t\t\t<div class=\"elementor-widget-container\">\n\t\t\t\t\t\t\t<div class=\"elementor-image-gallery\">\n\t\t\t\n\t\t\t<style type='text\/css'>\n\t\t\t\t#gallery-1 {\n\t\t\t\t\tmargin: auto;\n\t\t\t\t}\n\t\t\t\t#gallery-1 .gallery-item {\n\t\t\t\t\tfloat: left;\n\t\t\t\t\tmargin-top: 10px;\n\t\t\t\t\ttext-align: center;\n\t\t\t\t\twidth: 50%;\n\t\t\t\t}\n\t\t\t\t#gallery-1 img {\n\t\t\t\t\tborder: 2px solid #cfcfcf;\n\t\t\t\t}\n\t\t\t\t#gallery-1 .gallery-caption {\n\t\t\t\t\tmargin-left: 0;\n\t\t\t\t}\n\t\t\t\t\/* see gallery_shortcode() in wp-includes\/media.php *\/\n\t\t\t<\/style>\n\t\t<div id='gallery-1' class='dt-gallery-container gallery galleryid-26787 gallery-columns-2 gallery-size-full'><dl class='gallery-item'>\n\t\t\t\t<dt class='gallery-icon landscape'>\n\t\t\t\t\t<a class=\"rollover rollover-zoom\" title=\"\"data-elementor-open-lightbox=\"yes\" data-elementor-lightbox-slideshow=\"b908291\" data-elementor-lightbox-title=\"Before and after facial fat transfer\" data-e-action-hash=\"#elementor-action%3Aaction%3Dlightbox%26settings%3DeyJpZCI6MjUxMTgsInVybCI6Imh0dHBzOlwvXC93d3cuYXJ0ZWZhY2lhbC5jb21cL3dwLWNvbnRlbnRcL3VwbG9hZHNcLzIwMjNcLzAzXC9hbnRlcy15LWRlc3B1ZXMtZGUtbGEtdHJhbnNmZXJlbmNpYS1kZS1ncmFzYS1mYWNpYWwtNjc4MDRjMTE5NDhmNC53ZWJwIiwic2xpZGVzaG93IjoiYjkwODI5MSJ9\" href='https:\/\/www.artefacial.com\/wp-content\/uploads\/2023\/03\/antes-y-despues-de-la-transferencia-de-grasa-facial-67804c11948f4.webp'><img loading=\"lazy\" decoding=\"async\" width=\"1200\" height=\"900\" src=\"https:\/\/www.artefacial.com\/wp-content\/uploads\/2023\/03\/antes-y-despues-de-la-transferencia-de-grasa-facial-67804c11948f4.webp\" class=\"attachment-full size-full\" alt=\"Before and after facial fat transfer\" srcset=\"https:\/\/www.artefacial.com\/wp-content\/uploads\/2023\/03\/antes-y-despues-de-la-transferencia-de-grasa-facial-67804c11948f4.webp 1200w, https:\/\/www.artefacial.com\/wp-content\/uploads\/2023\/03\/antes-y-despues-de-la-transferencia-de-grasa-facial-67804c11948f4-300x225.webp 300w, https:\/\/www.artefacial.com\/wp-content\/uploads\/2023\/03\/antes-y-despues-de-la-transferencia-de-grasa-facial-67804c11948f4-1024x768.webp 1024w, https:\/\/www.artefacial.com\/wp-content\/uploads\/2023\/03\/antes-y-despues-de-la-transferencia-de-grasa-facial-67804c11948f4-768x576.webp 768w\" sizes=\"(max-width: 1200px) 100vw, 1200px\" \/><\/a>\n\t\t\t\t<\/dt><\/dl><dl class='gallery-item'>\n\t\t\t\t<dt class='gallery-icon landscape'>\n\t\t\t\t\t<a class=\"rollover rollover-zoom\" title=\"\"data-elementor-open-lightbox=\"yes\" data-elementor-lightbox-slideshow=\"b908291\" data-elementor-lightbox-title=\"Before and after blepharoplasty and ptosis\" data-e-action-hash=\"#elementor-action%3Aaction%3Dlightbox%26settings%3DeyJpZCI6MjE4NDQsInVybCI6Imh0dHBzOlwvXC93d3cuYXJ0ZWZhY2lhbC5jb21cL3dwLWNvbnRlbnRcL3VwbG9hZHNcLzIwMjNcLzEyXC9CZWZvcmUtYW5kLWFmdGVyLWJsZXBoYXJvcGxhc3R5LWFuZC1wdG9zaXMuanBnIiwic2xpZGVzaG93IjoiYjkwODI5MSJ9\" href='https:\/\/www.artefacial.com\/wp-content\/uploads\/2023\/12\/Before-and-after-blepharoplasty-and-ptosis.jpg'><img loading=\"lazy\" decoding=\"async\" width=\"1024\" height=\"768\" src=\"https:\/\/www.artefacial.com\/wp-content\/uploads\/2023\/12\/Before-and-after-blepharoplasty-and-ptosis.jpg\" class=\"attachment-full size-full\" alt=\"\" srcset=\"https:\/\/www.artefacial.com\/wp-content\/uploads\/2023\/12\/Before-and-after-blepharoplasty-and-ptosis.jpg 1024w, https:\/\/www.artefacial.com\/wp-content\/uploads\/2023\/12\/Before-and-after-blepharoplasty-and-ptosis-300x225.jpg 300w, https:\/\/www.artefacial.com\/wp-content\/uploads\/2023\/12\/Before-and-after-blepharoplasty-and-ptosis-768x576.jpg 768w\" sizes=\"(max-width: 1024px) 100vw, 1024px\" \/><\/a>\n\t\t\t\t<\/dt><\/dl><br style=\"clear: both\" \/>\n\t\t\t<\/div>\n\t\t<\/div>\n\t\t\t\t\t\t<\/div>\n\t\t\t\t<\/div>\n\t\t\t\t<div class=\"elementor-element elementor-element-32b6c98 elementor-widget elementor-widget-html\" data-id=\"32b6c98\" data-element_type=\"widget\" data-e-type=\"widget\" data-widget_type=\"html.default\">\n\t\t\t\t<div class=\"elementor-widget-container\">\n\t\t\t\t\t<div class=\"gallery-view-all\"><a href=\"\/en\/eyelid-plastic-surgeon\/facial-plastic-surgery\/galleries\/\">View more galleries<\/a><\/div>\r\n<div><\/div>\t\t\t\t<\/div>\n\t\t\t\t<\/div>\n\t\t\t\t\t<\/div>\n\t\t<\/div>\n\t\t\t\t\t<\/div>\n\t\t<\/section>\n\t\t\t\t<\/div>\n\t\t","protected":false},"excerpt":{"rendered":"<p>Plastic and functional surgery for patients from Coral Gables in Costa Rica Coral Gables is one of the most exclusive residential areas in Florida, known for its high quality of life and access to world-class medical services. However, the costs of aesthetic and oculoplastic surgeries in this city tend to be high, especially in private&hellip;<\/p>\n","protected":false},"author":1,"featured_media":26782,"parent":26477,"menu_order":0,"comment_status":"closed","ping_status":"closed","template":"elementor_header_footer","meta":{"footnotes":""},"class_list":["post-26787","page","type-page","status-publish","has-post-thumbnail","hentry"],"yoast_head":"<!-- This site is optimized with the Yoast SEO plugin v27.4 - https:\/\/yoast.com\/product\/yoast-seo-wordpress\/ -->\n<title>Plastic Surgery for Coral Gables Patients in Costa Rica - Arte Facial<\/title>\n<meta name=\"description\" content=\"At Arte Facial, under the direction of Dr. Abraham G\u00f3mez, we welcome patients from Coral Gables and other cities in Florida...\" \/>\n<meta name=\"robots\" content=\"index, follow, max-snippet:-1, max-image-preview:large, max-video-preview:-1\" \/>\n<link rel=\"canonical\" href=\"https:\/\/www.artefacial.com\/en\/international-patients\/united-states\/florida\/coral-gables\/\" \/>\n<meta property=\"og:locale\" content=\"en_US\" \/>\n<meta property=\"og:type\" content=\"article\" \/>\n<meta property=\"og:title\" content=\"Plastic Surgery for Coral Gables Patients in Costa Rica - Arte Facial\" \/>\n<meta property=\"og:description\" content=\"At Arte Facial, under the direction of Dr. Abraham G\u00f3mez, we welcome patients from Coral Gables and other cities in Florida...\" \/>\n<meta property=\"og:url\" content=\"https:\/\/www.artefacial.com\/en\/international-patients\/united-states\/florida\/coral-gables\/\" \/>\n<meta property=\"og:site_name\" content=\"Arte Facial\" \/>\n<meta property=\"article:publisher\" content=\"https:\/\/www.facebook.com\/ArteFacialCR\/\" \/>\n<meta property=\"article:modified_time\" content=\"2025-12-11T15:57:19+00:00\" \/>\n<meta property=\"og:image\" content=\"https:\/\/www.artefacial.com\/wp-content\/uploads\/2025\/12\/Coral-Gables.webp\" \/>\n\t<meta property=\"og:image:width\" content=\"600\" \/>\n\t<meta property=\"og:image:height\" content=\"700\" \/>\n\t<meta property=\"og:image:type\" content=\"image\/webp\" \/>\n<meta name=\"twitter:card\" content=\"summary_large_image\" \/>\n<meta name=\"twitter:label1\" content=\"Est. reading time\" \/>\n\t<meta name=\"twitter:data1\" content=\"5 minutes\" \/>\n<script type=\"application\/ld+json\" class=\"yoast-schema-graph\">{\"@context\":\"https:\\\/\\\/schema.org\",\"@graph\":[{\"@type\":\"WebPage\",\"@id\":\"https:\\\/\\\/www.artefacial.com\\\/en\\\/international-patients\\\/united-states\\\/florida\\\/coral-gables\\\/\",\"url\":\"https:\\\/\\\/www.artefacial.com\\\/en\\\/international-patients\\\/united-states\\\/florida\\\/coral-gables\\\/\",\"name\":\"Plastic Surgery for Coral Gables Patients in Costa Rica - Arte Facial\",\"isPartOf\":{\"@id\":\"https:\\\/\\\/www.artefacial.com\\\/en\\\/#website\"},\"primaryImageOfPage\":{\"@id\":\"https:\\\/\\\/www.artefacial.com\\\/en\\\/international-patients\\\/united-states\\\/florida\\\/coral-gables\\\/#primaryimage\"},\"image\":{\"@id\":\"https:\\\/\\\/www.artefacial.com\\\/en\\\/international-patients\\\/united-states\\\/florida\\\/coral-gables\\\/#primaryimage\"},\"thumbnailUrl\":\"https:\\\/\\\/www.artefacial.com\\\/wp-content\\\/uploads\\\/2025\\\/12\\\/Coral-Gables.webp\",\"datePublished\":\"2025-12-11T13:46:40+00:00\",\"dateModified\":\"2025-12-11T15:57:19+00:00\",\"description\":\"At Arte Facial, under the direction of Dr. Abraham G\u00f3mez, we welcome patients from Coral Gables and other cities in Florida...\",\"breadcrumb\":{\"@id\":\"https:\\\/\\\/www.artefacial.com\\\/en\\\/international-patients\\\/united-states\\\/florida\\\/coral-gables\\\/#breadcrumb\"},\"inLanguage\":\"en-US\",\"potentialAction\":[{\"@type\":\"ReadAction\",\"target\":[\"https:\\\/\\\/www.artefacial.com\\\/en\\\/international-patients\\\/united-states\\\/florida\\\/coral-gables\\\/\"]}]},{\"@type\":\"ImageObject\",\"inLanguage\":\"en-US\",\"@id\":\"https:\\\/\\\/www.artefacial.com\\\/en\\\/international-patients\\\/united-states\\\/florida\\\/coral-gables\\\/#primaryimage\",\"url\":\"https:\\\/\\\/www.artefacial.com\\\/wp-content\\\/uploads\\\/2025\\\/12\\\/Coral-Gables.webp\",\"contentUrl\":\"https:\\\/\\\/www.artefacial.com\\\/wp-content\\\/uploads\\\/2025\\\/12\\\/Coral-Gables.webp\",\"width\":600,\"height\":700,\"caption\":\"Cirug\u00eda Pl\u00e1stica para Pacientes de Coral Gables en Costa Rica - Plastic Surgery for Coral Gables Patients\"},{\"@type\":\"BreadcrumbList\",\"@id\":\"https:\\\/\\\/www.artefacial.com\\\/en\\\/international-patients\\\/united-states\\\/florida\\\/coral-gables\\\/#breadcrumb\",\"itemListElement\":[{\"@type\":\"ListItem\",\"position\":1,\"name\":\"Inicio\",\"item\":\"https:\\\/\\\/www.artefacial.com\\\/en\\\/\"},{\"@type\":\"ListItem\",\"position\":2,\"name\":\"International Patients\",\"item\":\"https:\\\/\\\/www.artefacial.com\\\/en\\\/pacientes-internacionales\\\/\"},{\"@type\":\"ListItem\",\"position\":3,\"name\":\"United States\",\"item\":\"https:\\\/\\\/www.artefacial.com\\\/en\\\/pacientes-internacionales\\\/estados-unidos\\\/\"},{\"@type\":\"ListItem\",\"position\":4,\"name\":\"Florida\",\"item\":\"https:\\\/\\\/www.artefacial.com\\\/en\\\/pacientes-internacionales\\\/estados-unidos\\\/florida\\\/\"},{\"@type\":\"ListItem\",\"position\":5,\"name\":\"Coral Gables\"}]},{\"@type\":\"WebSite\",\"@id\":\"https:\\\/\\\/www.artefacial.com\\\/en\\\/#website\",\"url\":\"https:\\\/\\\/www.artefacial.com\\\/en\\\/\",\"name\":\"Arte Facial\",\"description\":\"Ciencia, Arte y Cuidado del Rostro\",\"publisher\":{\"@id\":\"https:\\\/\\\/www.artefacial.com\\\/en\\\/#organization\"},\"potentialAction\":[{\"@type\":\"SearchAction\",\"target\":{\"@type\":\"EntryPoint\",\"urlTemplate\":\"https:\\\/\\\/www.artefacial.com\\\/en\\\/?s={search_term_string}\"},\"query-input\":{\"@type\":\"PropertyValueSpecification\",\"valueRequired\":true,\"valueName\":\"search_term_string\"}}],\"inLanguage\":\"en-US\"},{\"@type\":\"Organization\",\"@id\":\"https:\\\/\\\/www.artefacial.com\\\/en\\\/#organization\",\"name\":\"Arte Facial\",\"url\":\"https:\\\/\\\/www.artefacial.com\\\/en\\\/\",\"logo\":{\"@type\":\"ImageObject\",\"inLanguage\":\"en-US\",\"@id\":\"https:\\\/\\\/www.artefacial.com\\\/en\\\/#\\\/schema\\\/logo\\\/image\\\/\",\"url\":\"https:\\\/\\\/www.artefacial.com\\\/wp-content\\\/uploads\\\/2021\\\/11\\\/arte-facial-logo.png\",\"contentUrl\":\"https:\\\/\\\/www.artefacial.com\\\/wp-content\\\/uploads\\\/2021\\\/11\\\/arte-facial-logo.png\",\"width\":265,\"height\":100,\"caption\":\"Arte Facial\"},\"image\":{\"@id\":\"https:\\\/\\\/www.artefacial.com\\\/en\\\/#\\\/schema\\\/logo\\\/image\\\/\"},\"sameAs\":[\"https:\\\/\\\/www.facebook.com\\\/ArteFacialCR\\\/\",\"https:\\\/\\\/www.instagram.com\\\/artefacialcr\\\/\",\"https:\\\/\\\/www.youtube.com\\\/c\\\/ArteFacial\"]}]}<\/script>\n<!-- \/ Yoast SEO plugin. -->","yoast_head_json":{"title":"Plastic Surgery for Coral Gables Patients in Costa Rica - Arte Facial","description":"At Arte Facial, under the direction of Dr. Abraham G\u00f3mez, we welcome patients from Coral Gables and other cities in Florida...","robots":{"index":"index","follow":"follow","max-snippet":"max-snippet:-1","max-image-preview":"max-image-preview:large","max-video-preview":"max-video-preview:-1"},"canonical":"https:\/\/www.artefacial.com\/en\/international-patients\/united-states\/florida\/coral-gables\/","og_locale":"en_US","og_type":"article","og_title":"Plastic Surgery for Coral Gables Patients in Costa Rica - Arte Facial","og_description":"At Arte Facial, under the direction of Dr. Abraham G\u00f3mez, we welcome patients from Coral Gables and other cities in Florida...","og_url":"https:\/\/www.artefacial.com\/en\/international-patients\/united-states\/florida\/coral-gables\/","og_site_name":"Arte Facial","article_publisher":"https:\/\/www.facebook.com\/ArteFacialCR\/","article_modified_time":"2025-12-11T15:57:19+00:00","og_image":[{"width":600,"height":700,"url":"https:\/\/www.artefacial.com\/wp-content\/uploads\/2025\/12\/Coral-Gables.webp","type":"image\/webp"}],"twitter_card":"summary_large_image","twitter_misc":{"Est. reading time":"5 minutes"},"schema":{"@context":"https:\/\/schema.org","@graph":[{"@type":"WebPage","@id":"https:\/\/www.artefacial.com\/en\/international-patients\/united-states\/florida\/coral-gables\/","url":"https:\/\/www.artefacial.com\/en\/international-patients\/united-states\/florida\/coral-gables\/","name":"Plastic Surgery for Coral Gables Patients in Costa Rica - Arte Facial","isPartOf":{"@id":"https:\/\/www.artefacial.com\/en\/#website"},"primaryImageOfPage":{"@id":"https:\/\/www.artefacial.com\/en\/international-patients\/united-states\/florida\/coral-gables\/#primaryimage"},"image":{"@id":"https:\/\/www.artefacial.com\/en\/international-patients\/united-states\/florida\/coral-gables\/#primaryimage"},"thumbnailUrl":"https:\/\/www.artefacial.com\/wp-content\/uploads\/2025\/12\/Coral-Gables.webp","datePublished":"2025-12-11T13:46:40+00:00","dateModified":"2025-12-11T15:57:19+00:00","description":"At Arte Facial, under the direction of Dr. Abraham G\u00f3mez, we welcome patients from Coral Gables and other cities in Florida...","breadcrumb":{"@id":"https:\/\/www.artefacial.com\/en\/international-patients\/united-states\/florida\/coral-gables\/#breadcrumb"},"inLanguage":"en-US","potentialAction":[{"@type":"ReadAction","target":["https:\/\/www.artefacial.com\/en\/international-patients\/united-states\/florida\/coral-gables\/"]}]},{"@type":"ImageObject","inLanguage":"en-US","@id":"https:\/\/www.artefacial.com\/en\/international-patients\/united-states\/florida\/coral-gables\/#primaryimage","url":"https:\/\/www.artefacial.com\/wp-content\/uploads\/2025\/12\/Coral-Gables.webp","contentUrl":"https:\/\/www.artefacial.com\/wp-content\/uploads\/2025\/12\/Coral-Gables.webp","width":600,"height":700,"caption":"Cirug\u00eda Pl\u00e1stica para Pacientes de Coral Gables en Costa Rica - Plastic Surgery for Coral Gables Patients"},{"@type":"BreadcrumbList","@id":"https:\/\/www.artefacial.com\/en\/international-patients\/united-states\/florida\/coral-gables\/#breadcrumb","itemListElement":[{"@type":"ListItem","position":1,"name":"Inicio","item":"https:\/\/www.artefacial.com\/en\/"},{"@type":"ListItem","position":2,"name":"International Patients","item":"https:\/\/www.artefacial.com\/en\/pacientes-internacionales\/"},{"@type":"ListItem","position":3,"name":"United States","item":"https:\/\/www.artefacial.com\/en\/pacientes-internacionales\/estados-unidos\/"},{"@type":"ListItem","position":4,"name":"Florida","item":"https:\/\/www.artefacial.com\/en\/pacientes-internacionales\/estados-unidos\/florida\/"},{"@type":"ListItem","position":5,"name":"Coral Gables"}]},{"@type":"WebSite","@id":"https:\/\/www.artefacial.com\/en\/#website","url":"https:\/\/www.artefacial.com\/en\/","name":"Arte Facial","description":"Ciencia, Arte y Cuidado del Rostro","publisher":{"@id":"https:\/\/www.artefacial.com\/en\/#organization"},"potentialAction":[{"@type":"SearchAction","target":{"@type":"EntryPoint","urlTemplate":"https:\/\/www.artefacial.com\/en\/?s={search_term_string}"},"query-input":{"@type":"PropertyValueSpecification","valueRequired":true,"valueName":"search_term_string"}}],"inLanguage":"en-US"},{"@type":"Organization","@id":"https:\/\/www.artefacial.com\/en\/#organization","name":"Arte Facial","url":"https:\/\/www.artefacial.com\/en\/","logo":{"@type":"ImageObject","inLanguage":"en-US","@id":"https:\/\/www.artefacial.com\/en\/#\/schema\/logo\/image\/","url":"https:\/\/www.artefacial.com\/wp-content\/uploads\/2021\/11\/arte-facial-logo.png","contentUrl":"https:\/\/www.artefacial.com\/wp-content\/uploads\/2021\/11\/arte-facial-logo.png","width":265,"height":100,"caption":"Arte Facial"},"image":{"@id":"https:\/\/www.artefacial.com\/en\/#\/schema\/logo\/image\/"},"sameAs":["https:\/\/www.facebook.com\/ArteFacialCR\/","https:\/\/www.instagram.com\/artefacialcr\/","https:\/\/www.youtube.com\/c\/ArteFacial"]}]}},"_links":{"self":[{"href":"https:\/\/www.artefacial.com\/en\/wp-json\/wp\/v2\/pages\/26787","targetHints":{"allow":["GET"]}}],"collection":[{"href":"https:\/\/www.artefacial.com\/en\/wp-json\/wp\/v2\/pages"}],"about":[{"href":"https:\/\/www.artefacial.com\/en\/wp-json\/wp\/v2\/types\/page"}],"author":[{"embeddable":true,"href":"https:\/\/www.artefacial.com\/en\/wp-json\/wp\/v2\/users\/1"}],"replies":[{"embeddable":true,"href":"https:\/\/www.artefacial.com\/en\/wp-json\/wp\/v2\/comments?post=26787"}],"version-history":[{"count":0,"href":"https:\/\/www.artefacial.com\/en\/wp-json\/wp\/v2\/pages\/26787\/revisions"}],"up":[{"embeddable":true,"href":"https:\/\/www.artefacial.com\/en\/wp-json\/wp\/v2\/pages\/26477"}],"wp:featuredmedia":[{"embeddable":true,"href":"https:\/\/www.artefacial.com\/en\/wp-json\/wp\/v2\/media\/26782"}],"wp:attachment":[{"href":"https:\/\/www.artefacial.com\/en\/wp-json\/wp\/v2\/media?parent=26787"}],"curies":[{"name":"wp","href":"https:\/\/api.w.org\/{rel}","templated":true}]}}