{"id":26588,"date":"2025-11-11T12:13:40","date_gmt":"2025-11-11T18:13:40","guid":{"rendered":"https:\/\/www.artefacial.com\/international-patients\/united-states\/florida\/miami\/"},"modified":"2025-11-11T12:46:59","modified_gmt":"2025-11-11T18:46:59","slug":"miami","status":"publish","type":"page","link":"https:\/\/www.artefacial.com\/en\/international-patients\/united-states\/florida\/miami\/","title":{"rendered":"Miami"},"content":{"rendered":"\t\t<div data-elementor-type=\"wp-page\" data-elementor-id=\"26588\" class=\"elementor elementor-26588 elementor-26570\" data-elementor-post-type=\"page\">\n\t\t\t\t\t\t<section class=\"elementor-section elementor-top-section elementor-element elementor-element-55f35b04 elementor-section-boxed elementor-section-height-default elementor-section-height-default\" data-id=\"55f35b04\" data-element_type=\"section\" data-e-type=\"section\">\n\t\t\t\t\t\t<div class=\"elementor-container elementor-column-gap-extended\">\n\t\t\t\t\t<div class=\"elementor-column elementor-col-100 elementor-top-column elementor-element elementor-element-1607e8cb\" data-id=\"1607e8cb\" data-element_type=\"column\" data-e-type=\"column\">\n\t\t\t<div class=\"elementor-widget-wrap elementor-element-populated\">\n\t\t\t\t\t\t<div class=\"elementor-element elementor-element-579e5e20 textcenter elementor-widget elementor-widget-heading\" data-id=\"579e5e20\" data-element_type=\"widget\" data-e-type=\"widget\" data-widget_type=\"heading.default\">\n\t\t\t\t<div class=\"elementor-widget-container\">\n\t\t\t\t\t<h2 class=\"elementor-heading-title elementor-size-default\">Plastic and Functional Surgery for Miami Patients in Costa Rica<\/h2>\t\t\t\t<\/div>\n\t\t\t\t<\/div>\n\t\t\t\t<div class=\"elementor-element elementor-element-1c1232c0 elementor-widget-divider--view-line elementor-widget elementor-widget-divider\" data-id=\"1c1232c0\" data-element_type=\"widget\" data-e-type=\"widget\" data-widget_type=\"divider.default\">\n\t\t\t\t<div class=\"elementor-widget-container\">\n\t\t\t\t\t\t\t<div class=\"elementor-divider\">\n\t\t\t<span class=\"elementor-divider-separator\">\n\t\t\t\t\t\t<\/span>\n\t\t<\/div>\n\t\t\t\t\t\t<\/div>\n\t\t\t\t<\/div>\n\t\t\t\t\t<\/div>\n\t\t<\/div>\n\t\t\t\t\t<\/div>\n\t\t<\/section>\n\t\t\t\t<section class=\"elementor-section elementor-top-section elementor-element elementor-element-828768a elementor-section-content-middle elementor-section-boxed elementor-section-height-default elementor-section-height-default\" data-id=\"828768a\" data-element_type=\"section\" data-e-type=\"section\">\n\t\t\t\t\t\t<div class=\"elementor-container elementor-column-gap-default\">\n\t\t\t\t\t<div class=\"elementor-column elementor-col-50 elementor-top-column elementor-element elementor-element-7c68a8e\" data-id=\"7c68a8e\" data-element_type=\"column\" data-e-type=\"column\">\n\t\t\t<div class=\"elementor-widget-wrap elementor-element-populated\">\n\t\t\t\t\t\t<div class=\"elementor-element elementor-element-4596077 elementor-widget elementor-widget-image\" data-id=\"4596077\" data-element_type=\"widget\" data-e-type=\"widget\" data-widget_type=\"image.default\">\n\t\t\t\t<div class=\"elementor-widget-container\">\n\t\t\t\t\t\t\t\t\t\t\t\t\t\t\t<img fetchpriority=\"high\" decoding=\"async\" width=\"800\" height=\"800\" src=\"https:\/\/www.artefacial.com\/wp-content\/uploads\/2025\/11\/miami.webp\" class=\"attachment-large size-large wp-image-26574\" alt=\"Cirug\u00eda pl\u00e1stica y funcional para pacientes de Miami en Costa Rica \/ Plastic Surgery for Miami Patients in Costa Rica\" srcset=\"https:\/\/www.artefacial.com\/wp-content\/uploads\/2025\/11\/miami.webp 800w, https:\/\/www.artefacial.com\/wp-content\/uploads\/2025\/11\/miami-300x300.webp 300w, https:\/\/www.artefacial.com\/wp-content\/uploads\/2025\/11\/miami-150x150.webp 150w, https:\/\/www.artefacial.com\/wp-content\/uploads\/2025\/11\/miami-768x768.webp 768w, https:\/\/www.artefacial.com\/wp-content\/uploads\/2025\/11\/miami-700x700.webp 700w\" sizes=\"(max-width: 800px) 100vw, 800px\" \/>\t\t\t\t\t\t\t\t\t\t\t\t\t\t\t<\/div>\n\t\t\t\t<\/div>\n\t\t\t\t\t<\/div>\n\t\t<\/div>\n\t\t\t\t<div class=\"elementor-column elementor-col-50 elementor-top-column elementor-element elementor-element-6aa202a\" data-id=\"6aa202a\" data-element_type=\"column\" data-e-type=\"column\">\n\t\t\t<div class=\"elementor-widget-wrap elementor-element-populated\">\n\t\t\t\t\t\t<div class=\"elementor-element elementor-element-f0194fb elementor-widget elementor-widget-text-editor\" data-id=\"f0194fb\" data-element_type=\"widget\" data-e-type=\"widget\" data-widget_type=\"text-editor.default\">\n\t\t\t\t<div class=\"elementor-widget-container\">\n\t\t\t\t\t\t\t\t\t<p>Miami is recognized as one of the world\u2019s leading hubs for aesthetic medicine. However, the high cost of procedures has led many patients to explore international options that offer the same level of medical excellence with greater price transparency. Costa Rica has become one of the most attractive alternatives \u2014 a nearby destination offering personalized care and highly qualified specialists in oculoplastic and facial rejuvenation surgery.<\/p><p>At <strong>Arte Facial<\/strong>, under the direction of <strong>Dr. Abraham G\u00f3mez<\/strong>, we welcome patients from Miami and other cities across South Florida who seek natural results, accredited medical care, and a peaceful, safe environment for their recovery.<\/p>\t\t\t\t\t\t\t\t<\/div>\n\t\t\t\t<\/div>\n\t\t\t\t\t<\/div>\n\t\t<\/div>\n\t\t\t\t\t<\/div>\n\t\t<\/section>\n\t\t\t\t<section class=\"elementor-section elementor-top-section elementor-element elementor-element-fa7f48c elementor-section-boxed elementor-section-height-default elementor-section-height-default\" data-id=\"fa7f48c\" data-element_type=\"section\" data-e-type=\"section\" data-settings=\"{&quot;background_background&quot;:&quot;classic&quot;}\">\n\t\t\t\t\t\t<div class=\"elementor-container elementor-column-gap-default\">\n\t\t\t\t\t<div class=\"elementor-column elementor-col-100 elementor-top-column elementor-element elementor-element-d1e3f68\" data-id=\"d1e3f68\" data-element_type=\"column\" data-e-type=\"column\">\n\t\t\t<div class=\"elementor-widget-wrap elementor-element-populated\">\n\t\t\t\t\t\t<div class=\"elementor-element elementor-element-b542c73 textcenter elementor-widget elementor-widget-heading\" data-id=\"b542c73\" data-element_type=\"widget\" data-e-type=\"widget\" data-widget_type=\"heading.default\">\n\t\t\t\t<div class=\"elementor-widget-container\">\n\t\t\t\t\t<h2 class=\"elementor-heading-title elementor-size-default\">Most Requested Procedures in Miami and Their Costs<\/h2>\t\t\t\t<\/div>\n\t\t\t\t<\/div>\n\t\t\t\t<section class=\"elementor-section elementor-inner-section elementor-element elementor-element-0fa0ead elementor-section-boxed elementor-section-height-default elementor-section-height-default\" data-id=\"0fa0ead\" data-element_type=\"section\" data-e-type=\"section\">\n\t\t\t\t\t\t<div class=\"elementor-container elementor-column-gap-default\">\n\t\t\t\t\t<div class=\"elementor-column elementor-col-50 elementor-inner-column elementor-element elementor-element-ba77ce0\" data-id=\"ba77ce0\" data-element_type=\"column\" data-e-type=\"column\">\n\t\t\t<div class=\"elementor-widget-wrap elementor-element-populated\">\n\t\t\t\t\t\t<div class=\"elementor-element elementor-element-8251141 elementor-widget elementor-widget-heading\" data-id=\"8251141\" data-element_type=\"widget\" data-e-type=\"widget\" data-widget_type=\"heading.default\">\n\t\t\t\t<div class=\"elementor-widget-container\">\n\t\t\t\t\t<h3 class=\"elementor-heading-title elementor-size-default\">Facial Surgery Price References in Miami:<\/h3>\t\t\t\t<\/div>\n\t\t\t\t<\/div>\n\t\t\t\t<div class=\"elementor-element elementor-element-d1c6d31 elementor-widget elementor-widget-text-editor\" data-id=\"d1c6d31\" data-element_type=\"widget\" data-e-type=\"widget\" data-widget_type=\"text-editor.default\">\n\t\t\t\t<div class=\"elementor-widget-container\">\n\t\t\t\t\t\t\t\t\t<p>The aesthetic market in Miami is both highly competitive and among the most expensive in the United States. The initial prices listed online rarely include anesthesiologist fees, operating room costs, or medical supplies, which can significantly increase the total cost of the procedure.<\/p>\t\t\t\t\t\t\t\t<\/div>\n\t\t\t\t<\/div>\n\t\t\t\t<div class=\"elementor-element elementor-element-df3794d elementor-align-start elementor-icon-list--layout-traditional elementor-list-item-link-full_width elementor-widget elementor-widget-icon-list\" data-id=\"df3794d\" data-element_type=\"widget\" data-e-type=\"widget\" data-widget_type=\"icon-list.default\">\n\t\t\t\t<div class=\"elementor-widget-container\">\n\t\t\t\t\t\t\t<ul class=\"elementor-icon-list-items\">\n\t\t\t\t\t\t\t<li class=\"elementor-icon-list-item\">\n\t\t\t\t\t\t\t\t\t\t\t<span class=\"elementor-icon-list-icon\">\n\t\t\t\t\t\t\t<i aria-hidden=\"true\" class=\"fas fa-check-circle\"><\/i>\t\t\t\t\t\t<\/span>\n\t\t\t\t\t\t\t\t\t\t<span class=\"elementor-icon-list-text\"><b>Upper blepharoplasty:<\/b><br>from US $2,500 \u2013 $5,000<\/span>\n\t\t\t\t\t\t\t\t\t<\/li>\n\t\t\t\t\t\t\t\t<li class=\"elementor-icon-list-item\">\n\t\t\t\t\t\t\t\t\t\t\t<span class=\"elementor-icon-list-icon\">\n\t\t\t\t\t\t\t<i aria-hidden=\"true\" class=\"fas fa-check-circle\"><\/i>\t\t\t\t\t\t<\/span>\n\t\t\t\t\t\t\t\t\t\t<span class=\"elementor-icon-list-text\"><b>Lower blepharoplasty:<\/b><br>from US $2,500 \u2013 $7,500<\/span>\n\t\t\t\t\t\t\t\t\t<\/li>\n\t\t\t\t\t\t\t\t<li class=\"elementor-icon-list-item\">\n\t\t\t\t\t\t\t\t\t\t\t<span class=\"elementor-icon-list-icon\">\n\t\t\t\t\t\t\t<i aria-hidden=\"true\" class=\"fas fa-check-circle\"><\/i>\t\t\t\t\t\t<\/span>\n\t\t\t\t\t\t\t\t\t\t<span class=\"elementor-icon-list-text\"><b>Brow lift:<\/b><br>from US $4,000 \u2013 $8,000 (up to US $20,000 with advanced techniques)<\/span>\n\t\t\t\t\t\t\t\t\t<\/li>\n\t\t\t\t\t\t\t\t<li class=\"elementor-icon-list-item\">\n\t\t\t\t\t\t\t\t\t\t\t<span class=\"elementor-icon-list-icon\">\n\t\t\t\t\t\t\t<i aria-hidden=\"true\" class=\"fas fa-check-circle\"><\/i>\t\t\t\t\t\t<\/span>\n\t\t\t\t\t\t\t\t\t\t<span class=\"elementor-icon-list-text\"><b>Facial fat transfer:<\/b><br>from US $5,000 \u2013 $7,000<\/span>\n\t\t\t\t\t\t\t\t\t<\/li>\n\t\t\t\t\t\t\t\t<li class=\"elementor-icon-list-item\">\n\t\t\t\t\t\t\t\t\t\t\t<span class=\"elementor-icon-list-icon\">\n\t\t\t\t\t\t\t<i aria-hidden=\"true\" class=\"fas fa-check-circle\"><\/i>\t\t\t\t\t\t<\/span>\n\t\t\t\t\t\t\t\t\t\t<span class=\"elementor-icon-list-text\"><b>Eyelid retraction repair:<\/b><br>from US $8,000 \u2013 $8,500 por ojo<\/span>\n\t\t\t\t\t\t\t\t\t<\/li>\n\t\t\t\t\t\t<\/ul>\n\t\t\t\t\t\t<\/div>\n\t\t\t\t<\/div>\n\t\t\t\t\t<\/div>\n\t\t<\/div>\n\t\t\t\t<div class=\"elementor-column elementor-col-50 elementor-inner-column elementor-element elementor-element-df76e88\" data-id=\"df76e88\" data-element_type=\"column\" data-e-type=\"column\">\n\t\t\t<div class=\"elementor-widget-wrap elementor-element-populated\">\n\t\t\t\t\t\t<div class=\"elementor-element elementor-element-deebf43 elementor-widget elementor-widget-heading\" data-id=\"deebf43\" data-element_type=\"widget\" data-e-type=\"widget\" data-widget_type=\"heading.default\">\n\t\t\t\t<div class=\"elementor-widget-container\">\n\t\t\t\t\t<h3 class=\"elementor-heading-title elementor-size-default\">Estimated Rates at Arte Facial (Costa Rica):<\/h3>\t\t\t\t<\/div>\n\t\t\t\t<\/div>\n\t\t\t\t<div class=\"elementor-element elementor-element-c9a82ed elementor-widget elementor-widget-text-editor\" data-id=\"c9a82ed\" data-element_type=\"widget\" data-e-type=\"widget\" data-widget_type=\"text-editor.default\">\n\t\t\t\t<div class=\"elementor-widget-container\">\n\t\t\t\t\t\t\t\t\t<p>When traveling to Costa Rica, patients from Miami can access the same level of surgical quality at more competitive costs and with complete price transparency. All our fees include <strong>the surgeon, anesthesiologist, operating room, and medical supplies<\/strong>, ensuring no hidden charges or last-minute surprises.<\/p>\t\t\t\t\t\t\t\t<\/div>\n\t\t\t\t<\/div>\n\t\t\t\t<div class=\"elementor-element elementor-element-2a3c282 elementor-align-start elementor-icon-list--layout-traditional elementor-list-item-link-full_width elementor-widget elementor-widget-icon-list\" data-id=\"2a3c282\" data-element_type=\"widget\" data-e-type=\"widget\" data-widget_type=\"icon-list.default\">\n\t\t\t\t<div class=\"elementor-widget-container\">\n\t\t\t\t\t\t\t<ul class=\"elementor-icon-list-items\">\n\t\t\t\t\t\t\t<li class=\"elementor-icon-list-item\">\n\t\t\t\t\t\t\t\t\t\t\t<span class=\"elementor-icon-list-icon\">\n\t\t\t\t\t\t\t<i aria-hidden=\"true\" class=\"fas fa-check-circle\"><\/i>\t\t\t\t\t\t<\/span>\n\t\t\t\t\t\t\t\t\t\t<span class=\"elementor-icon-list-text\"><b>Upper blepharoplasty:<\/b><br>from $2.000 \u2013 $3.500<\/span>\n\t\t\t\t\t\t\t\t\t<\/li>\n\t\t\t\t\t\t\t\t<li class=\"elementor-icon-list-item\">\n\t\t\t\t\t\t\t\t\t\t\t<span class=\"elementor-icon-list-icon\">\n\t\t\t\t\t\t\t<i aria-hidden=\"true\" class=\"fas fa-check-circle\"><\/i>\t\t\t\t\t\t<\/span>\n\t\t\t\t\t\t\t\t\t\t<span class=\"elementor-icon-list-text\"><b>Lower blepharoplasty:<\/b><br>from $3.000 \u2013 $4.500<\/span>\n\t\t\t\t\t\t\t\t\t<\/li>\n\t\t\t\t\t\t\t\t<li class=\"elementor-icon-list-item\">\n\t\t\t\t\t\t\t\t\t\t\t<span class=\"elementor-icon-list-icon\">\n\t\t\t\t\t\t\t<i aria-hidden=\"true\" class=\"fas fa-check-circle\"><\/i>\t\t\t\t\t\t<\/span>\n\t\t\t\t\t\t\t\t\t\t<span class=\"elementor-icon-list-text\"><b>Endoscopic brow lift:<\/b><br>from $4.500 \u2013 $5.500<\/span>\n\t\t\t\t\t\t\t\t\t<\/li>\n\t\t\t\t\t\t\t\t<li class=\"elementor-icon-list-item\">\n\t\t\t\t\t\t\t\t\t\t\t<span class=\"elementor-icon-list-icon\">\n\t\t\t\t\t\t\t<i aria-hidden=\"true\" class=\"fas fa-check-circle\"><\/i>\t\t\t\t\t\t<\/span>\n\t\t\t\t\t\t\t\t\t\t<span class=\"elementor-icon-list-text\"><b>Facial fat transfer:<\/b><br>from $2.500 \u2013 $3.500<\/span>\n\t\t\t\t\t\t\t\t\t<\/li>\n\t\t\t\t\t\t\t\t<li class=\"elementor-icon-list-item\">\n\t\t\t\t\t\t\t\t\t\t\t<span class=\"elementor-icon-list-icon\">\n\t\t\t\t\t\t\t<i aria-hidden=\"true\" class=\"fas fa-check-circle\"><\/i>\t\t\t\t\t\t<\/span>\n\t\t\t\t\t\t\t\t\t\t<span class=\"elementor-icon-list-text\"><b>Eyelid retraction repair:<\/b><br>from $4.000 \u2013 $5.000 per eye<\/span>\n\t\t\t\t\t\t\t\t\t<\/li>\n\t\t\t\t\t\t<\/ul>\n\t\t\t\t\t\t<\/div>\n\t\t\t\t<\/div>\n\t\t\t\t<div class=\"elementor-element elementor-element-85ba7d6 elementor-widget elementor-widget-text-editor\" data-id=\"85ba7d6\" data-element_type=\"widget\" data-e-type=\"widget\" data-widget_type=\"text-editor.default\">\n\t\t\t\t<div class=\"elementor-widget-container\">\n\t\t\t\t\t\t\t\t\t<p>The final cost is confirmed after the medical evaluation, based on the specific characteristics of each case.<\/p>\t\t\t\t\t\t\t\t<\/div>\n\t\t\t\t<\/div>\n\t\t\t\t\t<\/div>\n\t\t<\/div>\n\t\t\t\t\t<\/div>\n\t\t<\/section>\n\t\t\t\t\t<\/div>\n\t\t<\/div>\n\t\t\t\t\t<\/div>\n\t\t<\/section>\n\t\t\t\t<section class=\"elementor-section elementor-top-section elementor-element elementor-element-a9033e5 elementor-section-boxed elementor-section-height-default elementor-section-height-default\" data-id=\"a9033e5\" data-element_type=\"section\" data-e-type=\"section\" data-settings=\"{&quot;background_background&quot;:&quot;classic&quot;}\">\n\t\t\t\t\t\t<div class=\"elementor-container elementor-column-gap-default\">\n\t\t\t\t\t<div class=\"elementor-column elementor-col-100 elementor-top-column elementor-element elementor-element-405d3de\" data-id=\"405d3de\" data-element_type=\"column\" data-e-type=\"column\">\n\t\t\t<div class=\"elementor-widget-wrap elementor-element-populated\">\n\t\t\t\t\t\t<div class=\"elementor-element elementor-element-07f903d textcenter elementor-widget elementor-widget-heading\" data-id=\"07f903d\" data-element_type=\"widget\" data-e-type=\"widget\" data-widget_type=\"heading.default\">\n\t\t\t\t<div class=\"elementor-widget-container\">\n\t\t\t\t\t<h2 class=\"elementor-heading-title elementor-size-default\">The Expertise of Dr. Abraham G\u00f3mez<\/h2>\t\t\t\t<\/div>\n\t\t\t\t<\/div>\n\t\t\t\t<div class=\"elementor-element elementor-element-d2921d2 elementor-widget elementor-widget-text-editor\" data-id=\"d2921d2\" data-element_type=\"widget\" data-e-type=\"widget\" data-widget_type=\"text-editor.default\">\n\t\t\t\t<div class=\"elementor-widget-container\">\n\t\t\t\t\t\t\t\t\t<p>At Arte Facial, you will be under the care of <a href=\"https:\/\/www.artefacial.com\/en\/our-staff\/abraham-gomez\/\"><strong>Dr. Abraham G\u00f3mez<\/strong><\/a>, a specialist in oculoplastic and facial plastic surgery with a solid academic background and extensive international experience.<\/p>\t\t\t\t\t\t\t\t<\/div>\n\t\t\t\t<\/div>\n\t\t\t\t<section class=\"elementor-section elementor-inner-section elementor-element elementor-element-f0955e4 elementor-section-boxed elementor-section-height-default elementor-section-height-default\" data-id=\"f0955e4\" data-element_type=\"section\" data-e-type=\"section\">\n\t\t\t\t\t\t<div class=\"elementor-container elementor-column-gap-default\">\n\t\t\t\t\t<div class=\"elementor-column elementor-col-50 elementor-inner-column elementor-element elementor-element-542a04e\" data-id=\"542a04e\" data-element_type=\"column\" data-e-type=\"column\">\n\t\t\t<div class=\"elementor-widget-wrap elementor-element-populated\">\n\t\t\t\t\t\t<div class=\"elementor-element elementor-element-7e2c0fb elementor-align-start elementor-icon-list--layout-traditional elementor-list-item-link-full_width elementor-widget elementor-widget-icon-list\" data-id=\"7e2c0fb\" data-element_type=\"widget\" data-e-type=\"widget\" data-widget_type=\"icon-list.default\">\n\t\t\t\t<div class=\"elementor-widget-container\">\n\t\t\t\t\t\t\t<ul class=\"elementor-icon-list-items\">\n\t\t\t\t\t\t\t<li class=\"elementor-icon-list-item\">\n\t\t\t\t\t\t\t\t\t\t\t<span class=\"elementor-icon-list-icon\">\n\t\t\t\t\t\t\t<i aria-hidden=\"true\" class=\"fas fa-check-circle\"><\/i>\t\t\t\t\t\t<\/span>\n\t\t\t\t\t\t\t\t\t\t<span class=\"elementor-icon-list-text\">Medical degree from the University of Costa Rica<\/span>\n\t\t\t\t\t\t\t\t\t<\/li>\n\t\t\t\t\t\t\t\t<li class=\"elementor-icon-list-item\">\n\t\t\t\t\t\t\t\t\t\t\t<span class=\"elementor-icon-list-icon\">\n\t\t\t\t\t\t\t<i aria-hidden=\"true\" class=\"fas fa-check-circle\"><\/i>\t\t\t\t\t\t<\/span>\n\t\t\t\t\t\t\t\t\t\t<span class=\"elementor-icon-list-text\">Ophthalmology specialty from the National Autonomous University of Mexico (UNAM)<\/span>\n\t\t\t\t\t\t\t\t\t<\/li>\n\t\t\t\t\t\t\t\t<li class=\"elementor-icon-list-item\">\n\t\t\t\t\t\t\t\t\t\t\t<span class=\"elementor-icon-list-icon\">\n\t\t\t\t\t\t\t<i aria-hidden=\"true\" class=\"fas fa-check-circle\"><\/i>\t\t\t\t\t\t<\/span>\n\t\t\t\t\t\t\t\t\t\t<span class=\"elementor-icon-list-text\">Subspecialty in Ocular Plastic and Facial Aesthetic Surgery at the Hospital de la Ceguera \u201cDr. Luis S\u00e1nchez Bulnes\u201d, Mexico<\/span>\n\t\t\t\t\t\t\t\t\t<\/li>\n\t\t\t\t\t\t\t\t<li class=\"elementor-icon-list-item\">\n\t\t\t\t\t\t\t\t\t\t\t<span class=\"elementor-icon-list-icon\">\n\t\t\t\t\t\t\t<i aria-hidden=\"true\" class=\"fas fa-check-circle\"><\/i>\t\t\t\t\t\t<\/span>\n\t\t\t\t\t\t\t\t\t\t<span class=\"elementor-icon-list-text\">International training in eyelid, orbital, and lacrimal system surgery at world-renowned centers<\/span>\n\t\t\t\t\t\t\t\t\t<\/li>\n\t\t\t\t\t\t\t\t<li class=\"elementor-icon-list-item\">\n\t\t\t\t\t\t\t\t\t\t\t<span class=\"elementor-icon-list-icon\">\n\t\t\t\t\t\t\t<i aria-hidden=\"true\" class=\"fas fa-check-circle\"><\/i>\t\t\t\t\t\t<\/span>\n\t\t\t\t\t\t\t\t\t\t<span class=\"elementor-icon-list-text\">Active member of international oculoplastic and reconstructive surgery associations<\/span>\n\t\t\t\t\t\t\t\t\t<\/li>\n\t\t\t\t\t\t<\/ul>\n\t\t\t\t\t\t<\/div>\n\t\t\t\t<\/div>\n\t\t\t\t\t<\/div>\n\t\t<\/div>\n\t\t\t\t<div class=\"elementor-column elementor-col-50 elementor-inner-column elementor-element elementor-element-b99c1f2\" data-id=\"b99c1f2\" data-element_type=\"column\" data-e-type=\"column\">\n\t\t\t<div class=\"elementor-widget-wrap elementor-element-populated\">\n\t\t\t\t\t\t<div class=\"elementor-element elementor-element-13132fa elementor-widget elementor-widget-image\" data-id=\"13132fa\" data-element_type=\"widget\" data-e-type=\"widget\" data-widget_type=\"image.default\">\n\t\t\t\t<div class=\"elementor-widget-container\">\n\t\t\t\t\t\t\t\t\t\t\t\t\t\t\t\t<a href=\"https:\/\/www.artefacial.com\/wp-content\/uploads\/2021\/08\/Abraham-Gomez-Dr-.jpg\" data-elementor-open-lightbox=\"yes\" data-elementor-lightbox-title=\"Abraham-Gomez-Dr-\" data-e-action-hash=\"#elementor-action%3Aaction%3Dlightbox%26settings%3DeyJpZCI6NTgwNiwidXJsIjoiaHR0cHM6XC9cL3d3dy5hcnRlZmFjaWFsLmNvbVwvd3AtY29udGVudFwvdXBsb2Fkc1wvMjAyMVwvMDhcL0FicmFoYW0tR29tZXotRHItLmpwZyJ9\">\n\t\t\t\t\t\t\t<img decoding=\"async\" width=\"900\" height=\"623\" src=\"https:\/\/www.artefacial.com\/wp-content\/uploads\/2021\/08\/Abraham-Gomez-Dr-.jpg\" class=\"attachment-large size-large wp-image-5806\" alt=\"\" srcset=\"https:\/\/www.artefacial.com\/wp-content\/uploads\/2021\/08\/Abraham-Gomez-Dr-.jpg 900w, https:\/\/www.artefacial.com\/wp-content\/uploads\/2021\/08\/Abraham-Gomez-Dr--300x208.jpg 300w, https:\/\/www.artefacial.com\/wp-content\/uploads\/2021\/08\/Abraham-Gomez-Dr--768x532.jpg 768w\" sizes=\"(max-width: 900px) 100vw, 900px\" loading=\"lazy\" \/>\t\t\t\t\t\t\t\t<\/a>\n\t\t\t\t\t\t\t\t\t\t\t\t\t\t\t<\/div>\n\t\t\t\t<\/div>\n\t\t\t\t\t<\/div>\n\t\t<\/div>\n\t\t\t\t\t<\/div>\n\t\t<\/section>\n\t\t\t\t<div class=\"elementor-element elementor-element-c1e8eed elementor-widget elementor-widget-text-editor\" data-id=\"c1e8eed\" data-element_type=\"widget\" data-e-type=\"widget\" data-widget_type=\"text-editor.default\">\n\t\t\t\t<div class=\"elementor-widget-container\">\n\t\t\t\t\t\t\t\t\t<p>Dr. G\u00f3mez combines technical precision, natural aesthetics, and a close, human approach\u2014offering every patient a surgical experience that is safe, professional, and fully personalized.<\/p>\t\t\t\t\t\t\t\t<\/div>\n\t\t\t\t<\/div>\n\t\t\t\t\t<\/div>\n\t\t<\/div>\n\t\t\t\t\t<\/div>\n\t\t<\/section>\n\t\t\t\t<section class=\"elementor-section elementor-top-section elementor-element elementor-element-7ad93dd elementor-section-boxed elementor-section-height-default elementor-section-height-default\" data-id=\"7ad93dd\" data-element_type=\"section\" data-e-type=\"section\" data-settings=\"{&quot;background_background&quot;:&quot;classic&quot;}\">\n\t\t\t\t\t\t<div class=\"elementor-container elementor-column-gap-default\">\n\t\t\t\t\t<div class=\"elementor-column elementor-col-100 elementor-top-column elementor-element elementor-element-599ec94\" data-id=\"599ec94\" data-element_type=\"column\" data-e-type=\"column\">\n\t\t\t<div class=\"elementor-widget-wrap elementor-element-populated\">\n\t\t\t\t\t\t<div class=\"elementor-element elementor-element-d3c9b26 textcenter elementor-widget elementor-widget-heading\" data-id=\"d3c9b26\" data-element_type=\"widget\" data-e-type=\"widget\" data-widget_type=\"heading.default\">\n\t\t\t\t<div class=\"elementor-widget-container\">\n\t\t\t\t\t<h2 class=\"elementor-heading-title elementor-size-default\">Flights from Miami to Costa Rica<\/h2>\t\t\t\t<\/div>\n\t\t\t\t<\/div>\n\t\t\t\t<section class=\"elementor-section elementor-inner-section elementor-element elementor-element-eec66f3 elementor-section-boxed elementor-section-height-default elementor-section-height-default\" data-id=\"eec66f3\" data-element_type=\"section\" data-e-type=\"section\">\n\t\t\t\t\t\t<div class=\"elementor-container elementor-column-gap-default\">\n\t\t\t\t\t<div class=\"elementor-column elementor-col-50 elementor-inner-column elementor-element elementor-element-b732332\" data-id=\"b732332\" data-element_type=\"column\" data-e-type=\"column\">\n\t\t\t<div class=\"elementor-widget-wrap elementor-element-populated\">\n\t\t\t\t\t\t<div class=\"elementor-element elementor-element-fa210b0 elementor-widget elementor-widget-image\" data-id=\"fa210b0\" data-element_type=\"widget\" data-e-type=\"widget\" data-widget_type=\"image.default\">\n\t\t\t\t<div class=\"elementor-widget-container\">\n\t\t\t\t\t\t\t\t\t\t\t\t\t\t\t\t<a href=\"https:\/\/www.artefacial.com\/wp-content\/uploads\/2025\/11\/Vuelos-desde-Miami-a-Costa-Rica.webp\" data-elementor-open-lightbox=\"yes\" data-elementor-lightbox-title=\"Vuelos desde Miami a Costa Rica\" data-e-action-hash=\"#elementor-action%3Aaction%3Dlightbox%26settings%3DeyJpZCI6MjY1NzYsInVybCI6Imh0dHBzOlwvXC93d3cuYXJ0ZWZhY2lhbC5jb21cL3dwLWNvbnRlbnRcL3VwbG9hZHNcLzIwMjVcLzExXC9WdWVsb3MtZGVzZGUtTWlhbWktYS1Db3N0YS1SaWNhLndlYnAifQ%3D%3D\">\n\t\t\t\t\t\t\t<img decoding=\"async\" width=\"700\" height=\"700\" src=\"https:\/\/www.artefacial.com\/wp-content\/uploads\/2025\/11\/Vuelos-desde-Miami-a-Costa-Rica-700x700.webp\" class=\"attachment-tp-image-grid size-tp-image-grid wp-image-26576\" alt=\"Vuelos desde Miami a Costa Rica\" srcset=\"https:\/\/www.artefacial.com\/wp-content\/uploads\/2025\/11\/Vuelos-desde-Miami-a-Costa-Rica-700x700.webp 700w, https:\/\/www.artefacial.com\/wp-content\/uploads\/2025\/11\/Vuelos-desde-Miami-a-Costa-Rica-300x300.webp 300w, https:\/\/www.artefacial.com\/wp-content\/uploads\/2025\/11\/Vuelos-desde-Miami-a-Costa-Rica-150x150.webp 150w, https:\/\/www.artefacial.com\/wp-content\/uploads\/2025\/11\/Vuelos-desde-Miami-a-Costa-Rica-768x768.webp 768w, https:\/\/www.artefacial.com\/wp-content\/uploads\/2025\/11\/Vuelos-desde-Miami-a-Costa-Rica.webp 800w\" sizes=\"(max-width: 700px) 100vw, 700px\" loading=\"lazy\" \/>\t\t\t\t\t\t\t\t<\/a>\n\t\t\t\t\t\t\t\t\t\t\t\t\t\t\t<\/div>\n\t\t\t\t<\/div>\n\t\t\t\t\t<\/div>\n\t\t<\/div>\n\t\t\t\t<div class=\"elementor-column elementor-col-50 elementor-inner-column elementor-element elementor-element-4280ffa\" data-id=\"4280ffa\" data-element_type=\"column\" data-e-type=\"column\">\n\t\t\t<div class=\"elementor-widget-wrap elementor-element-populated\">\n\t\t\t\t\t\t<div class=\"elementor-element elementor-element-2c4d541 elementor-widget elementor-widget-text-editor\" data-id=\"2c4d541\" data-element_type=\"widget\" data-e-type=\"widget\" data-widget_type=\"text-editor.default\">\n\t\t\t\t<div class=\"elementor-widget-container\">\n\t\t\t\t\t\t\t\t\t<p>Traveling from Miami (MIA) to San Jos\u00e9, Costa Rica (SJO) is quick and convenient. Currently, airlines such as American Airlines, Avianca, Aerol\u00edneas MAS, and Volaris Costa Rica operate nonstop flights with an average flight time of about 3 hours and 15 minutes.<\/p><p>There are also connecting routes with airlines such as <strong>Spirit<\/strong> and <strong>JetBlue<\/strong>, which fly to <strong>San Jos\u00e9 (SJO)<\/strong> or <strong>Liberia (LIR)<\/strong> depending on the season. The availability of direct flights may vary depending on the season, demand, or operational changes by airlines.<\/p><p>U.S. citizens can enter Costa Rica <strong>without a visa for stays of up to 90 days<\/strong>, making travel planning simple and allowing for a smooth surgery and recovery experience.<\/p>\t\t\t\t\t\t\t\t<\/div>\n\t\t\t\t<\/div>\n\t\t\t\t\t<\/div>\n\t\t<\/div>\n\t\t\t\t\t<\/div>\n\t\t<\/section>\n\t\t\t\t\t<\/div>\n\t\t<\/div>\n\t\t\t\t\t<\/div>\n\t\t<\/section>\n\t\t\t\t<section class=\"elementor-section elementor-top-section elementor-element elementor-element-990de76 elementor-section-boxed elementor-section-height-default elementor-section-height-default\" data-id=\"990de76\" data-element_type=\"section\" data-e-type=\"section\" data-settings=\"{&quot;background_background&quot;:&quot;classic&quot;}\">\n\t\t\t\t\t\t<div class=\"elementor-container elementor-column-gap-default\">\n\t\t\t\t\t<div class=\"elementor-column elementor-col-100 elementor-top-column elementor-element elementor-element-6f2958c\" data-id=\"6f2958c\" data-element_type=\"column\" data-e-type=\"column\">\n\t\t\t<div class=\"elementor-widget-wrap elementor-element-populated\">\n\t\t\t\t\t\t<div class=\"elementor-element elementor-element-45c65b3 textcenter elementor-widget elementor-widget-heading\" data-id=\"45c65b3\" data-element_type=\"widget\" data-e-type=\"widget\" data-widget_type=\"heading.default\">\n\t\t\t\t<div class=\"elementor-widget-container\">\n\t\t\t\t\t<h2 class=\"elementor-heading-title elementor-size-default\">Why Do Miami Patients Choose Costa Rica for Their Oculoplastic Surgery?<\/h2>\t\t\t\t<\/div>\n\t\t\t\t<\/div>\n\t\t\t\t<div class=\"elementor-element elementor-element-363d3c2 elementor-widget elementor-widget-text-editor\" data-id=\"363d3c2\" data-element_type=\"widget\" data-e-type=\"widget\" data-widget_type=\"text-editor.default\">\n\t\t\t\t<div class=\"elementor-widget-container\">\n\t\t\t\t\t\t\t\t\t<p>In Costa Rica, you can undergo the same aesthetic and oculoplastic procedures available in the United States, with the added benefit of certified medical care and more affordable costs. Surgeries such as upper and lower blepharoplasty, endoscopic brow lift, facial fat transfer, and eyelid retraction repair are performed under the highest standards of safety, technology, and post-operative care.<\/p>\t\t\t\t\t\t\t\t<\/div>\n\t\t\t\t<\/div>\n\t\t\t\t<section class=\"elementor-section elementor-inner-section elementor-element elementor-element-a61114d elementor-section-boxed elementor-section-height-default elementor-section-height-default\" data-id=\"a61114d\" data-element_type=\"section\" data-e-type=\"section\">\n\t\t\t\t\t\t<div class=\"elementor-container elementor-column-gap-default\">\n\t\t\t\t\t<div class=\"elementor-column elementor-col-50 elementor-inner-column elementor-element elementor-element-c33392f\" data-id=\"c33392f\" data-element_type=\"column\" data-e-type=\"column\">\n\t\t\t<div class=\"elementor-widget-wrap elementor-element-populated\">\n\t\t\t\t\t\t<div class=\"elementor-element elementor-element-a7b41f7 elementor-widget elementor-widget-text-editor\" data-id=\"a7b41f7\" data-element_type=\"widget\" data-e-type=\"widget\" data-widget_type=\"text-editor.default\">\n\t\t\t\t<div class=\"elementor-widget-container\">\n\t\t\t\t\t\t\t\t\t<p>In addition, patients who choose Costa Rica enjoy other advantages such as:<\/p><ul><li>Up to 50% lower costs compared to the U.S.<\/li><li>Internationally trained specialists<\/li><li>Transparent, all-inclusive pricing<\/li><li>Natural and peaceful recovery environment<\/li><li>Personalized medical attention<\/li><\/ul><p>Costa Rica blends advanced medicine, hospitality, and wellness\u2014turning your recovery into an experience as rewarding as your surgical results.<\/p>\t\t\t\t\t\t\t\t<\/div>\n\t\t\t\t<\/div>\n\t\t\t\t\t<\/div>\n\t\t<\/div>\n\t\t\t\t<div class=\"elementor-column elementor-col-50 elementor-inner-column elementor-element elementor-element-4af1f5a\" data-id=\"4af1f5a\" data-element_type=\"column\" data-e-type=\"column\">\n\t\t\t<div class=\"elementor-widget-wrap elementor-element-populated\">\n\t\t\t\t\t\t<div class=\"elementor-element elementor-element-5707b7d elementor-widget elementor-widget-image\" data-id=\"5707b7d\" data-element_type=\"widget\" data-e-type=\"widget\" data-widget_type=\"image.default\">\n\t\t\t\t<div class=\"elementor-widget-container\">\n\t\t\t\t\t\t\t\t\t\t\t\t\t\t\t<img loading=\"lazy\" decoding=\"async\" width=\"800\" height=\"800\" src=\"https:\/\/www.artefacial.com\/wp-content\/uploads\/2025\/11\/pacientes-de-Miami-eligen-Costa-Rica.webp\" class=\"attachment-large size-large wp-image-26578\" alt=\"\u00bfPor qu\u00e9 pacientes de Miami eligen Costa Rica para su cirug\u00eda oculopl\u00e1stica\" srcset=\"https:\/\/www.artefacial.com\/wp-content\/uploads\/2025\/11\/pacientes-de-Miami-eligen-Costa-Rica.webp 800w, https:\/\/www.artefacial.com\/wp-content\/uploads\/2025\/11\/pacientes-de-Miami-eligen-Costa-Rica-300x300.webp 300w, https:\/\/www.artefacial.com\/wp-content\/uploads\/2025\/11\/pacientes-de-Miami-eligen-Costa-Rica-150x150.webp 150w, https:\/\/www.artefacial.com\/wp-content\/uploads\/2025\/11\/pacientes-de-Miami-eligen-Costa-Rica-768x768.webp 768w, https:\/\/www.artefacial.com\/wp-content\/uploads\/2025\/11\/pacientes-de-Miami-eligen-Costa-Rica-700x700.webp 700w\" sizes=\"(max-width: 800px) 100vw, 800px\" \/>\t\t\t\t\t\t\t\t\t\t\t\t\t\t\t<\/div>\n\t\t\t\t<\/div>\n\t\t\t\t\t<\/div>\n\t\t<\/div>\n\t\t\t\t\t<\/div>\n\t\t<\/section>\n\t\t\t\t\t<\/div>\n\t\t<\/div>\n\t\t\t\t\t<\/div>\n\t\t<\/section>\n\t\t\t\t<section class=\"elementor-section elementor-top-section elementor-element elementor-element-b5733b8 elementor-section-boxed elementor-section-height-default elementor-section-height-default\" data-id=\"b5733b8\" data-element_type=\"section\" data-e-type=\"section\" data-settings=\"{&quot;background_background&quot;:&quot;classic&quot;}\">\n\t\t\t\t\t\t<div class=\"elementor-container elementor-column-gap-default\">\n\t\t\t\t\t<div class=\"elementor-column elementor-col-100 elementor-top-column elementor-element elementor-element-bc01515\" data-id=\"bc01515\" data-element_type=\"column\" data-e-type=\"column\">\n\t\t\t<div class=\"elementor-widget-wrap elementor-element-populated\">\n\t\t\t\t\t\t<div class=\"elementor-element elementor-element-d06549b textcenter elementor-widget elementor-widget-heading\" data-id=\"d06549b\" data-element_type=\"widget\" data-e-type=\"widget\" data-widget_type=\"heading.default\">\n\t\t\t\t<div class=\"elementor-widget-container\">\n\t\t\t\t\t<h2 class=\"elementor-heading-title elementor-size-default\">See Our Results<\/h2>\t\t\t\t<\/div>\n\t\t\t\t<\/div>\n\t\t\t\t<div class=\"elementor-element elementor-element-66228e1 elementor-widget-divider--view-line elementor-widget elementor-widget-divider\" data-id=\"66228e1\" data-element_type=\"widget\" data-e-type=\"widget\" data-widget_type=\"divider.default\">\n\t\t\t\t<div class=\"elementor-widget-container\">\n\t\t\t\t\t\t\t<div class=\"elementor-divider\">\n\t\t\t<span class=\"elementor-divider-separator\">\n\t\t\t\t\t\t<\/span>\n\t\t<\/div>\n\t\t\t\t\t\t<\/div>\n\t\t\t\t<\/div>\n\t\t\t\t<div class=\"elementor-element elementor-element-2091dbf elementor-widget elementor-widget-text-editor\" data-id=\"2091dbf\" data-element_type=\"widget\" data-e-type=\"widget\" data-widget_type=\"text-editor.default\">\n\t\t\t\t<div class=\"elementor-widget-container\">\n\t\t\t\t\t\t\t\t\t<p>Discover how our patients have enhanced their appearance and rejuvenated their faces through safe, natural, and customized procedures.<\/p>\t\t\t\t\t\t\t\t<\/div>\n\t\t\t\t<\/div>\n\t\t\t\t<div class=\"elementor-element elementor-element-b908291 elementor-widget elementor-widget-image-gallery\" data-id=\"b908291\" data-element_type=\"widget\" data-e-type=\"widget\" data-widget_type=\"image-gallery.default\">\n\t\t\t\t<div class=\"elementor-widget-container\">\n\t\t\t\t\t\t\t<div class=\"elementor-image-gallery\">\n\t\t\t\n\t\t\t<style type='text\/css'>\n\t\t\t\t#gallery-1 {\n\t\t\t\t\tmargin: auto;\n\t\t\t\t}\n\t\t\t\t#gallery-1 .gallery-item {\n\t\t\t\t\tfloat: left;\n\t\t\t\t\tmargin-top: 10px;\n\t\t\t\t\ttext-align: center;\n\t\t\t\t\twidth: 50%;\n\t\t\t\t}\n\t\t\t\t#gallery-1 img {\n\t\t\t\t\tborder: 2px solid #cfcfcf;\n\t\t\t\t}\n\t\t\t\t#gallery-1 .gallery-caption {\n\t\t\t\t\tmargin-left: 0;\n\t\t\t\t}\n\t\t\t\t\/* see gallery_shortcode() in wp-includes\/media.php *\/\n\t\t\t<\/style>\n\t\t<div id='gallery-1' class='dt-gallery-container gallery galleryid-26588 gallery-columns-2 gallery-size-full'><dl class='gallery-item'>\n\t\t\t\t<dt class='gallery-icon landscape'>\n\t\t\t\t\t<a class=\"rollover rollover-zoom\" title=\"\"data-elementor-open-lightbox=\"yes\" data-elementor-lightbox-slideshow=\"b908291\" data-elementor-lightbox-title=\"Before and after blepharoplasty and ptosis\" data-e-action-hash=\"#elementor-action%3Aaction%3Dlightbox%26settings%3DeyJpZCI6MjE4NDQsInVybCI6Imh0dHBzOlwvXC93d3cuYXJ0ZWZhY2lhbC5jb21cL3dwLWNvbnRlbnRcL3VwbG9hZHNcLzIwMjNcLzEyXC9CZWZvcmUtYW5kLWFmdGVyLWJsZXBoYXJvcGxhc3R5LWFuZC1wdG9zaXMuanBnIiwic2xpZGVzaG93IjoiYjkwODI5MSJ9\" href='https:\/\/www.artefacial.com\/wp-content\/uploads\/2023\/12\/Before-and-after-blepharoplasty-and-ptosis.jpg'><img loading=\"lazy\" decoding=\"async\" width=\"1024\" height=\"768\" src=\"https:\/\/www.artefacial.com\/wp-content\/uploads\/2023\/12\/Before-and-after-blepharoplasty-and-ptosis.jpg\" class=\"attachment-full size-full\" alt=\"\" srcset=\"https:\/\/www.artefacial.com\/wp-content\/uploads\/2023\/12\/Before-and-after-blepharoplasty-and-ptosis.jpg 1024w, https:\/\/www.artefacial.com\/wp-content\/uploads\/2023\/12\/Before-and-after-blepharoplasty-and-ptosis-300x225.jpg 300w, https:\/\/www.artefacial.com\/wp-content\/uploads\/2023\/12\/Before-and-after-blepharoplasty-and-ptosis-768x576.jpg 768w\" sizes=\"(max-width: 1024px) 100vw, 1024px\" \/><\/a>\n\t\t\t\t<\/dt><\/dl><dl class='gallery-item'>\n\t\t\t\t<dt class='gallery-icon landscape'>\n\t\t\t\t\t<a class=\"rollover rollover-zoom\" title=\"\"data-elementor-open-lightbox=\"yes\" data-elementor-lightbox-slideshow=\"b908291\" data-elementor-lightbox-title=\"Lower lid bags before and after male\" data-e-action-hash=\"#elementor-action%3Aaction%3Dlightbox%26settings%3DeyJpZCI6MjU1NjgsInVybCI6Imh0dHBzOlwvXC93d3cuYXJ0ZWZhY2lhbC5jb21cL3dwLWNvbnRlbnRcL3VwbG9hZHNcLzIwMjVcLzAzXC9sb3dlci1saWQtYmFncy1iZWZvcmUtYW5kLWFmdGVyLW1hbGUtNjdjYjA5MTQ5NWZhZS53ZWJwIiwic2xpZGVzaG93IjoiYjkwODI5MSJ9\" href='https:\/\/www.artefacial.com\/wp-content\/uploads\/2025\/03\/lower-lid-bags-before-and-after-male-67cb091495fae.webp'><img loading=\"lazy\" decoding=\"async\" width=\"1200\" height=\"900\" src=\"https:\/\/www.artefacial.com\/wp-content\/uploads\/2025\/03\/lower-lid-bags-before-and-after-male-67cb091495fae.webp\" class=\"attachment-full size-full\" alt=\"Lower lid bags before and after male\" srcset=\"https:\/\/www.artefacial.com\/wp-content\/uploads\/2025\/03\/lower-lid-bags-before-and-after-male-67cb091495fae.webp 1200w, https:\/\/www.artefacial.com\/wp-content\/uploads\/2025\/03\/lower-lid-bags-before-and-after-male-67cb091495fae-300x225.webp 300w, https:\/\/www.artefacial.com\/wp-content\/uploads\/2025\/03\/lower-lid-bags-before-and-after-male-67cb091495fae-1024x768.webp 1024w, https:\/\/www.artefacial.com\/wp-content\/uploads\/2025\/03\/lower-lid-bags-before-and-after-male-67cb091495fae-768x576.webp 768w\" sizes=\"(max-width: 1200px) 100vw, 1200px\" \/><\/a>\n\t\t\t\t<\/dt><\/dl><br style=\"clear: both\" \/>\n\t\t\t<\/div>\n\t\t<\/div>\n\t\t\t\t\t\t<\/div>\n\t\t\t\t<\/div>\n\t\t\t\t<div class=\"elementor-element elementor-element-32b6c98 elementor-widget elementor-widget-html\" data-id=\"32b6c98\" data-element_type=\"widget\" data-e-type=\"widget\" data-widget_type=\"html.default\">\n\t\t\t\t<div class=\"elementor-widget-container\">\n\t\t\t\t\t<div class=\"gallery-view-all\"><a href=\"\/en\/eyelid-plastic-surgeon\/facial-plastic-surgery\/galleries\/\">View More Galleries<\/a><\/div>\r\n<div><\/div>\t\t\t\t<\/div>\n\t\t\t\t<\/div>\n\t\t\t\t\t<\/div>\n\t\t<\/div>\n\t\t\t\t\t<\/div>\n\t\t<\/section>\n\t\t\t\t<\/div>\n\t\t","protected":false},"excerpt":{"rendered":"<p>Plastic and Functional Surgery for Miami Patients in Costa Rica Miami is recognized as one of the world\u2019s leading hubs for aesthetic medicine. However, the high cost of procedures has led many patients to explore international options that offer the same level of medical excellence with greater price transparency. Costa Rica has become one of&hellip;<\/p>\n","protected":false},"author":1,"featured_media":26574,"parent":26477,"menu_order":0,"comment_status":"closed","ping_status":"closed","template":"elementor_header_footer","meta":{"footnotes":""},"class_list":["post-26588","page","type-page","status-publish","has-post-thumbnail","hentry"],"yoast_head":"<!-- This site is optimized with the Yoast SEO plugin v27.4 - https:\/\/yoast.com\/product\/yoast-seo-wordpress\/ -->\n<title>Plastic Surgery for Miami Patients in Costa Rica - Arte Facial<\/title>\n<meta name=\"description\" content=\"Miami is recognized as one of the world\u2019s leading hubs for aesthetic medicine. However, the high cost of procedures has led many patients...\" \/>\n<meta name=\"robots\" content=\"index, follow, max-snippet:-1, max-image-preview:large, max-video-preview:-1\" \/>\n<link rel=\"canonical\" href=\"https:\/\/www.artefacial.com\/en\/international-patients\/united-states\/florida\/miami\/\" \/>\n<meta property=\"og:locale\" content=\"en_US\" \/>\n<meta property=\"og:type\" content=\"article\" \/>\n<meta property=\"og:title\" content=\"Plastic Surgery for Miami Patients in Costa Rica - Arte Facial\" \/>\n<meta property=\"og:description\" content=\"Miami is recognized as one of the world\u2019s leading hubs for aesthetic medicine. However, the high cost of procedures has led many patients...\" \/>\n<meta property=\"og:url\" content=\"https:\/\/www.artefacial.com\/en\/international-patients\/united-states\/florida\/miami\/\" \/>\n<meta property=\"og:site_name\" content=\"Arte Facial\" \/>\n<meta property=\"article:publisher\" content=\"https:\/\/www.facebook.com\/ArteFacialCR\/\" \/>\n<meta property=\"article:modified_time\" content=\"2025-11-11T18:46:59+00:00\" \/>\n<meta property=\"og:image\" content=\"https:\/\/www.artefacial.com\/wp-content\/uploads\/2025\/11\/miami.webp\" \/>\n\t<meta property=\"og:image:width\" content=\"800\" \/>\n\t<meta property=\"og:image:height\" content=\"800\" \/>\n\t<meta property=\"og:image:type\" content=\"image\/webp\" \/>\n<meta name=\"twitter:card\" content=\"summary_large_image\" \/>\n<meta name=\"twitter:label1\" content=\"Est. reading time\" \/>\n\t<meta name=\"twitter:data1\" content=\"5 minutes\" \/>\n<script type=\"application\/ld+json\" class=\"yoast-schema-graph\">{\"@context\":\"https:\\\/\\\/schema.org\",\"@graph\":[{\"@type\":\"WebPage\",\"@id\":\"https:\\\/\\\/www.artefacial.com\\\/en\\\/international-patients\\\/united-states\\\/florida\\\/miami\\\/\",\"url\":\"https:\\\/\\\/www.artefacial.com\\\/en\\\/international-patients\\\/united-states\\\/florida\\\/miami\\\/\",\"name\":\"Plastic Surgery for Miami Patients in Costa Rica - Arte Facial\",\"isPartOf\":{\"@id\":\"https:\\\/\\\/www.artefacial.com\\\/en\\\/#website\"},\"primaryImageOfPage\":{\"@id\":\"https:\\\/\\\/www.artefacial.com\\\/en\\\/international-patients\\\/united-states\\\/florida\\\/miami\\\/#primaryimage\"},\"image\":{\"@id\":\"https:\\\/\\\/www.artefacial.com\\\/en\\\/international-patients\\\/united-states\\\/florida\\\/miami\\\/#primaryimage\"},\"thumbnailUrl\":\"https:\\\/\\\/www.artefacial.com\\\/wp-content\\\/uploads\\\/2025\\\/11\\\/miami.webp\",\"datePublished\":\"2025-11-11T18:13:40+00:00\",\"dateModified\":\"2025-11-11T18:46:59+00:00\",\"description\":\"Miami is recognized as one of the world\u2019s leading hubs for aesthetic medicine. However, the high cost of procedures has led many patients...\",\"breadcrumb\":{\"@id\":\"https:\\\/\\\/www.artefacial.com\\\/en\\\/international-patients\\\/united-states\\\/florida\\\/miami\\\/#breadcrumb\"},\"inLanguage\":\"en-US\",\"potentialAction\":[{\"@type\":\"ReadAction\",\"target\":[\"https:\\\/\\\/www.artefacial.com\\\/en\\\/international-patients\\\/united-states\\\/florida\\\/miami\\\/\"]}]},{\"@type\":\"ImageObject\",\"inLanguage\":\"en-US\",\"@id\":\"https:\\\/\\\/www.artefacial.com\\\/en\\\/international-patients\\\/united-states\\\/florida\\\/miami\\\/#primaryimage\",\"url\":\"https:\\\/\\\/www.artefacial.com\\\/wp-content\\\/uploads\\\/2025\\\/11\\\/miami.webp\",\"contentUrl\":\"https:\\\/\\\/www.artefacial.com\\\/wp-content\\\/uploads\\\/2025\\\/11\\\/miami.webp\",\"width\":800,\"height\":800,\"caption\":\"Cirug\u00eda pl\u00e1stica y funcional para pacientes de Miami en Costa Rica \\\/ Plastic Surgery for Miami Patients in Costa Rica\"},{\"@type\":\"BreadcrumbList\",\"@id\":\"https:\\\/\\\/www.artefacial.com\\\/en\\\/international-patients\\\/united-states\\\/florida\\\/miami\\\/#breadcrumb\",\"itemListElement\":[{\"@type\":\"ListItem\",\"position\":1,\"name\":\"Inicio\",\"item\":\"https:\\\/\\\/www.artefacial.com\\\/en\\\/\"},{\"@type\":\"ListItem\",\"position\":2,\"name\":\"International Patients\",\"item\":\"https:\\\/\\\/www.artefacial.com\\\/en\\\/pacientes-internacionales\\\/\"},{\"@type\":\"ListItem\",\"position\":3,\"name\":\"United States\",\"item\":\"https:\\\/\\\/www.artefacial.com\\\/en\\\/pacientes-internacionales\\\/estados-unidos\\\/\"},{\"@type\":\"ListItem\",\"position\":4,\"name\":\"Florida\",\"item\":\"https:\\\/\\\/www.artefacial.com\\\/en\\\/pacientes-internacionales\\\/estados-unidos\\\/florida\\\/\"},{\"@type\":\"ListItem\",\"position\":5,\"name\":\"Miami\"}]},{\"@type\":\"WebSite\",\"@id\":\"https:\\\/\\\/www.artefacial.com\\\/en\\\/#website\",\"url\":\"https:\\\/\\\/www.artefacial.com\\\/en\\\/\",\"name\":\"Arte Facial\",\"description\":\"Ciencia, Arte y Cuidado del Rostro\",\"publisher\":{\"@id\":\"https:\\\/\\\/www.artefacial.com\\\/en\\\/#organization\"},\"potentialAction\":[{\"@type\":\"SearchAction\",\"target\":{\"@type\":\"EntryPoint\",\"urlTemplate\":\"https:\\\/\\\/www.artefacial.com\\\/en\\\/?s={search_term_string}\"},\"query-input\":{\"@type\":\"PropertyValueSpecification\",\"valueRequired\":true,\"valueName\":\"search_term_string\"}}],\"inLanguage\":\"en-US\"},{\"@type\":\"Organization\",\"@id\":\"https:\\\/\\\/www.artefacial.com\\\/en\\\/#organization\",\"name\":\"Arte Facial\",\"url\":\"https:\\\/\\\/www.artefacial.com\\\/en\\\/\",\"logo\":{\"@type\":\"ImageObject\",\"inLanguage\":\"en-US\",\"@id\":\"https:\\\/\\\/www.artefacial.com\\\/en\\\/#\\\/schema\\\/logo\\\/image\\\/\",\"url\":\"https:\\\/\\\/www.artefacial.com\\\/wp-content\\\/uploads\\\/2021\\\/11\\\/arte-facial-logo.png\",\"contentUrl\":\"https:\\\/\\\/www.artefacial.com\\\/wp-content\\\/uploads\\\/2021\\\/11\\\/arte-facial-logo.png\",\"width\":265,\"height\":100,\"caption\":\"Arte Facial\"},\"image\":{\"@id\":\"https:\\\/\\\/www.artefacial.com\\\/en\\\/#\\\/schema\\\/logo\\\/image\\\/\"},\"sameAs\":[\"https:\\\/\\\/www.facebook.com\\\/ArteFacialCR\\\/\",\"https:\\\/\\\/www.instagram.com\\\/artefacialcr\\\/\",\"https:\\\/\\\/www.youtube.com\\\/c\\\/ArteFacial\"]}]}<\/script>\n<!-- \/ Yoast SEO plugin. -->","yoast_head_json":{"title":"Plastic Surgery for Miami Patients in Costa Rica - Arte Facial","description":"Miami is recognized as one of the world\u2019s leading hubs for aesthetic medicine. However, the high cost of procedures has led many patients...","robots":{"index":"index","follow":"follow","max-snippet":"max-snippet:-1","max-image-preview":"max-image-preview:large","max-video-preview":"max-video-preview:-1"},"canonical":"https:\/\/www.artefacial.com\/en\/international-patients\/united-states\/florida\/miami\/","og_locale":"en_US","og_type":"article","og_title":"Plastic Surgery for Miami Patients in Costa Rica - Arte Facial","og_description":"Miami is recognized as one of the world\u2019s leading hubs for aesthetic medicine. However, the high cost of procedures has led many patients...","og_url":"https:\/\/www.artefacial.com\/en\/international-patients\/united-states\/florida\/miami\/","og_site_name":"Arte Facial","article_publisher":"https:\/\/www.facebook.com\/ArteFacialCR\/","article_modified_time":"2025-11-11T18:46:59+00:00","og_image":[{"width":800,"height":800,"url":"https:\/\/www.artefacial.com\/wp-content\/uploads\/2025\/11\/miami.webp","type":"image\/webp"}],"twitter_card":"summary_large_image","twitter_misc":{"Est. reading time":"5 minutes"},"schema":{"@context":"https:\/\/schema.org","@graph":[{"@type":"WebPage","@id":"https:\/\/www.artefacial.com\/en\/international-patients\/united-states\/florida\/miami\/","url":"https:\/\/www.artefacial.com\/en\/international-patients\/united-states\/florida\/miami\/","name":"Plastic Surgery for Miami Patients in Costa Rica - Arte Facial","isPartOf":{"@id":"https:\/\/www.artefacial.com\/en\/#website"},"primaryImageOfPage":{"@id":"https:\/\/www.artefacial.com\/en\/international-patients\/united-states\/florida\/miami\/#primaryimage"},"image":{"@id":"https:\/\/www.artefacial.com\/en\/international-patients\/united-states\/florida\/miami\/#primaryimage"},"thumbnailUrl":"https:\/\/www.artefacial.com\/wp-content\/uploads\/2025\/11\/miami.webp","datePublished":"2025-11-11T18:13:40+00:00","dateModified":"2025-11-11T18:46:59+00:00","description":"Miami is recognized as one of the world\u2019s leading hubs for aesthetic medicine. However, the high cost of procedures has led many patients...","breadcrumb":{"@id":"https:\/\/www.artefacial.com\/en\/international-patients\/united-states\/florida\/miami\/#breadcrumb"},"inLanguage":"en-US","potentialAction":[{"@type":"ReadAction","target":["https:\/\/www.artefacial.com\/en\/international-patients\/united-states\/florida\/miami\/"]}]},{"@type":"ImageObject","inLanguage":"en-US","@id":"https:\/\/www.artefacial.com\/en\/international-patients\/united-states\/florida\/miami\/#primaryimage","url":"https:\/\/www.artefacial.com\/wp-content\/uploads\/2025\/11\/miami.webp","contentUrl":"https:\/\/www.artefacial.com\/wp-content\/uploads\/2025\/11\/miami.webp","width":800,"height":800,"caption":"Cirug\u00eda pl\u00e1stica y funcional para pacientes de Miami en Costa Rica \/ Plastic Surgery for Miami Patients in Costa Rica"},{"@type":"BreadcrumbList","@id":"https:\/\/www.artefacial.com\/en\/international-patients\/united-states\/florida\/miami\/#breadcrumb","itemListElement":[{"@type":"ListItem","position":1,"name":"Inicio","item":"https:\/\/www.artefacial.com\/en\/"},{"@type":"ListItem","position":2,"name":"International Patients","item":"https:\/\/www.artefacial.com\/en\/pacientes-internacionales\/"},{"@type":"ListItem","position":3,"name":"United States","item":"https:\/\/www.artefacial.com\/en\/pacientes-internacionales\/estados-unidos\/"},{"@type":"ListItem","position":4,"name":"Florida","item":"https:\/\/www.artefacial.com\/en\/pacientes-internacionales\/estados-unidos\/florida\/"},{"@type":"ListItem","position":5,"name":"Miami"}]},{"@type":"WebSite","@id":"https:\/\/www.artefacial.com\/en\/#website","url":"https:\/\/www.artefacial.com\/en\/","name":"Arte Facial","description":"Ciencia, Arte y Cuidado del Rostro","publisher":{"@id":"https:\/\/www.artefacial.com\/en\/#organization"},"potentialAction":[{"@type":"SearchAction","target":{"@type":"EntryPoint","urlTemplate":"https:\/\/www.artefacial.com\/en\/?s={search_term_string}"},"query-input":{"@type":"PropertyValueSpecification","valueRequired":true,"valueName":"search_term_string"}}],"inLanguage":"en-US"},{"@type":"Organization","@id":"https:\/\/www.artefacial.com\/en\/#organization","name":"Arte Facial","url":"https:\/\/www.artefacial.com\/en\/","logo":{"@type":"ImageObject","inLanguage":"en-US","@id":"https:\/\/www.artefacial.com\/en\/#\/schema\/logo\/image\/","url":"https:\/\/www.artefacial.com\/wp-content\/uploads\/2021\/11\/arte-facial-logo.png","contentUrl":"https:\/\/www.artefacial.com\/wp-content\/uploads\/2021\/11\/arte-facial-logo.png","width":265,"height":100,"caption":"Arte Facial"},"image":{"@id":"https:\/\/www.artefacial.com\/en\/#\/schema\/logo\/image\/"},"sameAs":["https:\/\/www.facebook.com\/ArteFacialCR\/","https:\/\/www.instagram.com\/artefacialcr\/","https:\/\/www.youtube.com\/c\/ArteFacial"]}]}},"_links":{"self":[{"href":"https:\/\/www.artefacial.com\/en\/wp-json\/wp\/v2\/pages\/26588","targetHints":{"allow":["GET"]}}],"collection":[{"href":"https:\/\/www.artefacial.com\/en\/wp-json\/wp\/v2\/pages"}],"about":[{"href":"https:\/\/www.artefacial.com\/en\/wp-json\/wp\/v2\/types\/page"}],"author":[{"embeddable":true,"href":"https:\/\/www.artefacial.com\/en\/wp-json\/wp\/v2\/users\/1"}],"replies":[{"embeddable":true,"href":"https:\/\/www.artefacial.com\/en\/wp-json\/wp\/v2\/comments?post=26588"}],"version-history":[{"count":0,"href":"https:\/\/www.artefacial.com\/en\/wp-json\/wp\/v2\/pages\/26588\/revisions"}],"up":[{"embeddable":true,"href":"https:\/\/www.artefacial.com\/en\/wp-json\/wp\/v2\/pages\/26477"}],"wp:featuredmedia":[{"embeddable":true,"href":"https:\/\/www.artefacial.com\/en\/wp-json\/wp\/v2\/media\/26574"}],"wp:attachment":[{"href":"https:\/\/www.artefacial.com\/en\/wp-json\/wp\/v2\/media?parent=26588"}],"curies":[{"name":"wp","href":"https:\/\/api.w.org\/{rel}","templated":true}]}}