{"id":23699,"date":"2024-05-10T15:08:08","date_gmt":"2024-05-10T21:08:08","guid":{"rendered":"https:\/\/www.artefacial.com\/?page_id=23699"},"modified":"2024-07-09T07:36:34","modified_gmt":"2024-07-09T13:36:34","slug":"esteban-delgado","status":"publish","type":"page","link":"https:\/\/www.artefacial.com\/en\/our-staff\/esteban-delgado\/","title":{"rendered":"Esteban Delgado, M.D."},"content":{"rendered":"\t\t<div data-elementor-type=\"wp-page\" data-elementor-id=\"23699\" class=\"elementor elementor-23699 elementor-23688\" data-elementor-post-type=\"page\">\n\t\t\t\t\t\t<section class=\"elementor-section elementor-top-section elementor-element elementor-element-f9f5771 elementor-section-boxed elementor-section-height-default elementor-section-height-default\" data-id=\"f9f5771\" data-element_type=\"section\" data-e-type=\"section\" data-settings=\"{&quot;background_background&quot;:&quot;classic&quot;}\">\n\t\t\t\t\t\t\t<div class=\"elementor-background-overlay\"><\/div>\n\t\t\t\t\t\t\t<div class=\"elementor-container elementor-column-gap-extended\">\n\t\t\t\t\t<div class=\"elementor-column elementor-col-50 elementor-top-column elementor-element elementor-element-89f1a75 elementor-hidden-tablet elementor-hidden-mobile\" data-id=\"89f1a75\" data-element_type=\"column\" data-e-type=\"column\">\n\t\t\t<div class=\"elementor-widget-wrap elementor-element-populated\">\n\t\t\t\t\t\t<div class=\"elementor-element elementor-element-49422e7 elementor-widget elementor-widget-image\" data-id=\"49422e7\" data-element_type=\"widget\" data-e-type=\"widget\" data-settings=\"{&quot;_animation&quot;:&quot;none&quot;,&quot;_animation_delay&quot;:600}\" data-widget_type=\"image.default\">\n\t\t\t\t<div class=\"elementor-widget-container\">\n\t\t\t\t\t\t\t\t\t\t\t\t\t\t\t\t<a href=\"https:\/\/www.artefacial.com\/wp-content\/uploads\/2024\/05\/Dr.-Esteban-Delgado-1.webp\" data-elementor-open-lightbox=\"yes\" data-elementor-lightbox-title=\"Aesthetic medicine in Costa Rica\" data-e-action-hash=\"#elementor-action%3Aaction%3Dlightbox%26settings%3DeyJpZCI6MjM3MjMsInVybCI6Imh0dHBzOlwvXC93d3cuYXJ0ZWZhY2lhbC5jb21cL3dwLWNvbnRlbnRcL3VwbG9hZHNcLzIwMjRcLzA1XC9Eci4tRXN0ZWJhbi1EZWxnYWRvLTEud2VicCJ9\">\n\t\t\t\t\t\t\t<img fetchpriority=\"high\" decoding=\"async\" width=\"600\" height=\"900\" src=\"data:image\/svg+xml;charset=utf-8,%3Csvg xmlns%3D'http%3A%2F%2Fwww.w3.org%2F2000%2Fsvg' viewBox%3D'0 0 600 900'%2F%3E\" data-src=\"https:\/\/www.artefacial.com\/wp-content\/uploads\/2024\/05\/Dr.-Esteban-Delgado-1.webp\" class=\"lazy-load attachment-large size-large wp-image-23723\" alt=\"Aesthetic medicine in Costa Rica\" data-srcset=\"https:\/\/www.artefacial.com\/wp-content\/uploads\/2024\/05\/Dr.-Esteban-Delgado-1.webp 600w, https:\/\/www.artefacial.com\/wp-content\/uploads\/2024\/05\/Dr.-Esteban-Delgado-1-200x300.webp 200w\" sizes=\"(max-width: 600px) 100vw, 600px\" \/>\t\t\t\t\t\t\t\t<\/a>\n\t\t\t\t\t\t\t\t\t\t\t\t\t\t\t<\/div>\n\t\t\t\t<\/div>\n\t\t\t\t\t<\/div>\n\t\t<\/div>\n\t\t\t\t<div class=\"elementor-column elementor-col-50 elementor-top-column elementor-element elementor-element-87e3e8b\" data-id=\"87e3e8b\" data-element_type=\"column\" data-e-type=\"column\" data-settings=\"{&quot;background_background&quot;:&quot;classic&quot;}\">\n\t\t\t<div class=\"elementor-widget-wrap elementor-element-populated\">\n\t\t\t\t\t\t<section class=\"elementor-section elementor-inner-section elementor-element elementor-element-50aac50 elementor-section-boxed elementor-section-height-default elementor-section-height-default\" data-id=\"50aac50\" data-element_type=\"section\" data-e-type=\"section\">\n\t\t\t\t\t\t<div class=\"elementor-container elementor-column-gap-default\">\n\t\t\t\t\t<div class=\"elementor-column elementor-col-16 elementor-inner-column elementor-element elementor-element-77693b4\" data-id=\"77693b4\" data-element_type=\"column\" data-e-type=\"column\">\n\t\t\t<div class=\"elementor-widget-wrap\">\n\t\t\t\t\t\t\t<\/div>\n\t\t<\/div>\n\t\t\t\t<div class=\"elementor-column elementor-col-66 elementor-inner-column elementor-element elementor-element-a518830\" data-id=\"a518830\" data-element_type=\"column\" data-e-type=\"column\">\n\t\t\t<div class=\"elementor-widget-wrap elementor-element-populated\">\n\t\t\t\t\t\t<div class=\"elementor-element elementor-element-3ea247d elementor-widget-divider--view-line elementor-widget elementor-widget-divider\" data-id=\"3ea247d\" data-element_type=\"widget\" data-e-type=\"widget\" data-widget_type=\"divider.default\">\n\t\t\t\t<div class=\"elementor-widget-container\">\n\t\t\t\t\t\t\t<div class=\"elementor-divider\">\n\t\t\t<span class=\"elementor-divider-separator\">\n\t\t\t\t\t\t<\/span>\n\t\t<\/div>\n\t\t\t\t\t\t<\/div>\n\t\t\t\t<\/div>\n\t\t\t\t<div class=\"elementor-element elementor-element-a493fa7 textcenter elementor-widget elementor-widget-heading\" data-id=\"a493fa7\" data-element_type=\"widget\" data-e-type=\"widget\" data-widget_type=\"heading.default\">\n\t\t\t\t<div class=\"elementor-widget-container\">\n\t\t\t\t\t<h2 class=\"elementor-heading-title elementor-size-default\">Esteban Delgado, M.D.<\/h2>\t\t\t\t<\/div>\n\t\t\t\t<\/div>\n\t\t\t\t<div class=\"elementor-element elementor-element-4d47cfa elementor-widget-divider--view-line elementor-widget elementor-widget-divider\" data-id=\"4d47cfa\" data-element_type=\"widget\" data-e-type=\"widget\" data-widget_type=\"divider.default\">\n\t\t\t\t<div class=\"elementor-widget-container\">\n\t\t\t\t\t\t\t<div class=\"elementor-divider\">\n\t\t\t<span class=\"elementor-divider-separator\">\n\t\t\t\t\t\t<\/span>\n\t\t<\/div>\n\t\t\t\t\t\t<\/div>\n\t\t\t\t<\/div>\n\t\t\t\t\t<\/div>\n\t\t<\/div>\n\t\t\t\t<div class=\"elementor-column elementor-col-16 elementor-inner-column elementor-element elementor-element-9a17bee\" data-id=\"9a17bee\" data-element_type=\"column\" data-e-type=\"column\">\n\t\t\t<div class=\"elementor-widget-wrap\">\n\t\t\t\t\t\t\t<\/div>\n\t\t<\/div>\n\t\t\t\t\t<\/div>\n\t\t<\/section>\n\t\t\t\t<section class=\"elementor-section elementor-inner-section elementor-element elementor-element-ddfedc1 elementor-section-boxed elementor-section-height-default elementor-section-height-default\" data-id=\"ddfedc1\" data-element_type=\"section\" data-e-type=\"section\">\n\t\t\t\t\t\t<div class=\"elementor-container elementor-column-gap-default\">\n\t\t\t\t\t<div class=\"elementor-column elementor-col-100 elementor-inner-column elementor-element elementor-element-b0eeefe\" data-id=\"b0eeefe\" data-element_type=\"column\" data-e-type=\"column\">\n\t\t\t<div class=\"elementor-widget-wrap elementor-element-populated\">\n\t\t\t\t\t\t<div class=\"elementor-element elementor-element-d7e7e77 textcenter elementor-widget elementor-widget-heading\" data-id=\"d7e7e77\" data-element_type=\"widget\" data-e-type=\"widget\" data-widget_type=\"heading.default\">\n\t\t\t\t<div class=\"elementor-widget-container\">\n\t\t\t\t\t<h3 class=\"elementor-heading-title elementor-size-default\">Abraham G\u00f3mez, M.D.<\/h3>\t\t\t\t<\/div>\n\t\t\t\t<\/div>\n\t\t\t\t<div class=\"elementor-element elementor-element-572ade4 elementor-hidden-desktop elementor-widget elementor-widget-image\" data-id=\"572ade4\" data-element_type=\"widget\" data-e-type=\"widget\" data-settings=\"{&quot;_animation&quot;:&quot;none&quot;,&quot;_animation_delay&quot;:600}\" data-widget_type=\"image.default\">\n\t\t\t\t<div class=\"elementor-widget-container\">\n\t\t\t\t\t\t\t\t\t\t\t\t\t\t\t\t<a href=\"https:\/\/www.artefacial.com\/wp-content\/uploads\/2024\/05\/Dr.-Esteban-Delgado-1.webp\" data-elementor-open-lightbox=\"yes\" data-elementor-lightbox-title=\"Aesthetic medicine in Costa Rica\" data-e-action-hash=\"#elementor-action%3Aaction%3Dlightbox%26settings%3DeyJpZCI6MjM3MjMsInVybCI6Imh0dHBzOlwvXC93d3cuYXJ0ZWZhY2lhbC5jb21cL3dwLWNvbnRlbnRcL3VwbG9hZHNcLzIwMjRcLzA1XC9Eci4tRXN0ZWJhbi1EZWxnYWRvLTEud2VicCJ9\">\n\t\t\t\t\t\t\t<img fetchpriority=\"high\" decoding=\"async\" width=\"600\" height=\"900\" src=\"data:image\/svg+xml;charset=utf-8,%3Csvg xmlns%3D'http%3A%2F%2Fwww.w3.org%2F2000%2Fsvg' viewBox%3D'0 0 600 900'%2F%3E\" data-src=\"https:\/\/www.artefacial.com\/wp-content\/uploads\/2024\/05\/Dr.-Esteban-Delgado-1.webp\" class=\"lazy-load attachment-large size-large wp-image-23723\" alt=\"Aesthetic medicine in Costa Rica\" data-srcset=\"https:\/\/www.artefacial.com\/wp-content\/uploads\/2024\/05\/Dr.-Esteban-Delgado-1.webp 600w, https:\/\/www.artefacial.com\/wp-content\/uploads\/2024\/05\/Dr.-Esteban-Delgado-1-200x300.webp 200w\" sizes=\"(max-width: 600px) 100vw, 600px\" \/>\t\t\t\t\t\t\t\t<\/a>\n\t\t\t\t\t\t\t\t\t\t\t\t\t\t\t<\/div>\n\t\t\t\t<\/div>\n\t\t\t\t<div class=\"elementor-element elementor-element-af4c019 elementor-widget elementor-widget-text-editor\" data-id=\"af4c019\" data-element_type=\"widget\" data-e-type=\"widget\" data-widget_type=\"text-editor.default\">\n\t\t\t\t<div class=\"elementor-widget-container\">\n\t\t\t\t\t\t\t\t\t<p>Dr. Esteban Delgado is a graduate of the medical school at the Universidad Aut\u00f3noma de Centroam\u00e9rica. Throughout his medical career, he has worked as a physician and surgeon in both public and private healthcare sectors. He is certified in aesthetic medicine at the Cenet Academy (CR).<\/p><p>He continuously updates his knowledge in cutting-edge medical aesthetic procedures, focusing on increasingly safe and effective treatments for patients. He undergoes training at institutions like the Allergan Medical Institute, among others. Currently, he practices general and aesthetic medicine at Dr. Delgado&#8217;s office and Loras Medical Clinic.<\/p>\t\t\t\t\t\t\t\t<\/div>\n\t\t\t\t<\/div>\n\t\t\t\t\t<\/div>\n\t\t<\/div>\n\t\t\t\t\t<\/div>\n\t\t<\/section>\n\t\t\t\t\t<\/div>\n\t\t<\/div>\n\t\t\t\t\t<\/div>\n\t\t<\/section>\n\t\t\t\t<section class=\"elementor-section elementor-top-section elementor-element elementor-element-f12f9d0 elementor-section-boxed elementor-section-height-default elementor-section-height-default\" data-id=\"f12f9d0\" data-element_type=\"section\" data-e-type=\"section\">\n\t\t\t\t\t\t<div class=\"elementor-container elementor-column-gap-extended\">\n\t\t\t\t\t<div class=\"elementor-column elementor-col-100 elementor-top-column elementor-element elementor-element-322b751\" data-id=\"322b751\" data-element_type=\"column\" data-e-type=\"column\">\n\t\t\t<div class=\"elementor-widget-wrap elementor-element-populated\">\n\t\t\t\t\t\t<div class=\"elementor-element elementor-element-f4b03e6 elementor-widget elementor-widget-text-editor\" data-id=\"f4b03e6\" data-element_type=\"widget\" data-e-type=\"widget\" data-widget_type=\"text-editor.default\">\n\t\t\t\t<div class=\"elementor-widget-container\">\n\t\t\t\t\t\t\t\t\t<p>Dr. Delgado is known for his kindness, empathy, and dedication to providing the best possible care in every medical procedure he performs. He is passionate about his work, striving for the best and most accurate results, always aiming for excellence and the complete satisfaction of each patient he treats.<\/p>\t\t\t\t\t\t\t\t<\/div>\n\t\t\t\t<\/div>\n\t\t\t\t\t<\/div>\n\t\t<\/div>\n\t\t\t\t\t<\/div>\n\t\t<\/section>\n\t\t\t\t<\/div>\n\t\t","protected":false},"excerpt":{"rendered":"<p>Esteban Delgado, M.D. Abraham G\u00f3mez, M.D. Dr. Esteban Delgado is a graduate of the medical school at the Universidad Aut\u00f3noma de Centroam\u00e9rica. Throughout his medical career, he has worked as a physician and surgeon in both public and private healthcare sectors. He is certified in aesthetic medicine at the Cenet Academy (CR). He continuously updates&hellip;<\/p>\n","protected":false},"author":1,"featured_media":23723,"parent":23770,"menu_order":0,"comment_status":"closed","ping_status":"closed","template":"","meta":{"footnotes":""},"class_list":["post-23699","page","type-page","status-publish","has-post-thumbnail","hentry"],"yoast_head":"<!-- This site is optimized with the Yoast SEO plugin v27.4 - https:\/\/yoast.com\/product\/yoast-seo-wordpress\/ -->\n<title>Aesthetic Medicine in Costa Rica - Dr. Esteban Delgado<\/title>\n<meta name=\"description\" content=\"Dr. Esteban Delgado, a specialist in aesthetic medicine in Costa Rica, offers personalized treatments to enhance your natural beauty.\" \/>\n<meta name=\"robots\" content=\"index, follow, max-snippet:-1, max-image-preview:large, max-video-preview:-1\" \/>\n<link rel=\"canonical\" href=\"https:\/\/www.artefacial.com\/en\/our-staff\/esteban-delgado\/\" \/>\n<meta property=\"og:locale\" content=\"en_US\" \/>\n<meta property=\"og:type\" content=\"article\" \/>\n<meta property=\"og:title\" content=\"Aesthetic Medicine in Costa Rica - Dr. Esteban Delgado\" \/>\n<meta property=\"og:description\" content=\"Dr. Esteban Delgado, a specialist in aesthetic medicine in Costa Rica, offers personalized treatments to enhance your natural beauty.\" \/>\n<meta property=\"og:url\" content=\"https:\/\/www.artefacial.com\/en\/our-staff\/esteban-delgado\/\" \/>\n<meta property=\"og:site_name\" content=\"Arte Facial\" \/>\n<meta property=\"article:publisher\" content=\"https:\/\/www.facebook.com\/ArteFacialCR\/\" \/>\n<meta property=\"article:modified_time\" content=\"2024-07-09T13:36:34+00:00\" \/>\n<meta property=\"og:image\" content=\"https:\/\/www.artefacial.com\/wp-content\/uploads\/2024\/05\/Dr.-Esteban-Delgado-1.webp\" \/>\n\t<meta property=\"og:image:width\" content=\"600\" \/>\n\t<meta property=\"og:image:height\" content=\"900\" \/>\n\t<meta property=\"og:image:type\" content=\"image\/webp\" \/>\n<meta name=\"twitter:card\" content=\"summary_large_image\" \/>\n<meta name=\"twitter:label1\" content=\"Est. reading time\" \/>\n\t<meta name=\"twitter:data1\" content=\"2 minutes\" \/>\n<script type=\"application\/ld+json\" class=\"yoast-schema-graph\">{\"@context\":\"https:\\\/\\\/schema.org\",\"@graph\":[{\"@type\":\"WebPage\",\"@id\":\"https:\\\/\\\/www.artefacial.com\\\/en\\\/our-staff\\\/esteban-delgado\\\/\",\"url\":\"https:\\\/\\\/www.artefacial.com\\\/en\\\/our-staff\\\/esteban-delgado\\\/\",\"name\":\"Aesthetic Medicine in Costa Rica - Dr. Esteban Delgado\",\"isPartOf\":{\"@id\":\"https:\\\/\\\/www.artefacial.com\\\/en\\\/#website\"},\"primaryImageOfPage\":{\"@id\":\"https:\\\/\\\/www.artefacial.com\\\/en\\\/our-staff\\\/esteban-delgado\\\/#primaryimage\"},\"image\":{\"@id\":\"https:\\\/\\\/www.artefacial.com\\\/en\\\/our-staff\\\/esteban-delgado\\\/#primaryimage\"},\"thumbnailUrl\":\"https:\\\/\\\/www.artefacial.com\\\/wp-content\\\/uploads\\\/2024\\\/05\\\/Dr.-Esteban-Delgado-1.webp\",\"datePublished\":\"2024-05-10T21:08:08+00:00\",\"dateModified\":\"2024-07-09T13:36:34+00:00\",\"description\":\"Dr. Esteban Delgado, a specialist in aesthetic medicine in Costa Rica, offers personalized treatments to enhance your natural beauty.\",\"breadcrumb\":{\"@id\":\"https:\\\/\\\/www.artefacial.com\\\/en\\\/our-staff\\\/esteban-delgado\\\/#breadcrumb\"},\"inLanguage\":\"en-US\",\"potentialAction\":[{\"@type\":\"ReadAction\",\"target\":[\"https:\\\/\\\/www.artefacial.com\\\/en\\\/our-staff\\\/esteban-delgado\\\/\"]}]},{\"@type\":\"ImageObject\",\"inLanguage\":\"en-US\",\"@id\":\"https:\\\/\\\/www.artefacial.com\\\/en\\\/our-staff\\\/esteban-delgado\\\/#primaryimage\",\"url\":\"https:\\\/\\\/www.artefacial.com\\\/wp-content\\\/uploads\\\/2024\\\/05\\\/Dr.-Esteban-Delgado-1.webp\",\"contentUrl\":\"https:\\\/\\\/www.artefacial.com\\\/wp-content\\\/uploads\\\/2024\\\/05\\\/Dr.-Esteban-Delgado-1.webp\",\"width\":600,\"height\":900,\"caption\":\"Aesthetic medicine in Costa Rica\"},{\"@type\":\"BreadcrumbList\",\"@id\":\"https:\\\/\\\/www.artefacial.com\\\/en\\\/our-staff\\\/esteban-delgado\\\/#breadcrumb\",\"itemListElement\":[{\"@type\":\"ListItem\",\"position\":1,\"name\":\"Inicio\",\"item\":\"https:\\\/\\\/www.artefacial.com\\\/en\\\/\"},{\"@type\":\"ListItem\",\"position\":2,\"name\":\"Our Staff\",\"item\":\"https:\\\/\\\/www.artefacial.com\\\/en\\\/nuestro-equipo\\\/\"},{\"@type\":\"ListItem\",\"position\":3,\"name\":\"Esteban Delgado, M.D.\"}]},{\"@type\":\"WebSite\",\"@id\":\"https:\\\/\\\/www.artefacial.com\\\/en\\\/#website\",\"url\":\"https:\\\/\\\/www.artefacial.com\\\/en\\\/\",\"name\":\"Arte Facial\",\"description\":\"Ciencia, Arte y Cuidado del Rostro\",\"publisher\":{\"@id\":\"https:\\\/\\\/www.artefacial.com\\\/en\\\/#organization\"},\"potentialAction\":[{\"@type\":\"SearchAction\",\"target\":{\"@type\":\"EntryPoint\",\"urlTemplate\":\"https:\\\/\\\/www.artefacial.com\\\/en\\\/?s={search_term_string}\"},\"query-input\":{\"@type\":\"PropertyValueSpecification\",\"valueRequired\":true,\"valueName\":\"search_term_string\"}}],\"inLanguage\":\"en-US\"},{\"@type\":\"Organization\",\"@id\":\"https:\\\/\\\/www.artefacial.com\\\/en\\\/#organization\",\"name\":\"Arte Facial\",\"url\":\"https:\\\/\\\/www.artefacial.com\\\/en\\\/\",\"logo\":{\"@type\":\"ImageObject\",\"inLanguage\":\"en-US\",\"@id\":\"https:\\\/\\\/www.artefacial.com\\\/en\\\/#\\\/schema\\\/logo\\\/image\\\/\",\"url\":\"https:\\\/\\\/www.artefacial.com\\\/wp-content\\\/uploads\\\/2021\\\/11\\\/arte-facial-logo.png\",\"contentUrl\":\"https:\\\/\\\/www.artefacial.com\\\/wp-content\\\/uploads\\\/2021\\\/11\\\/arte-facial-logo.png\",\"width\":265,\"height\":100,\"caption\":\"Arte Facial\"},\"image\":{\"@id\":\"https:\\\/\\\/www.artefacial.com\\\/en\\\/#\\\/schema\\\/logo\\\/image\\\/\"},\"sameAs\":[\"https:\\\/\\\/www.facebook.com\\\/ArteFacialCR\\\/\",\"https:\\\/\\\/www.instagram.com\\\/artefacialcr\\\/\",\"https:\\\/\\\/www.youtube.com\\\/c\\\/ArteFacial\"]}]}<\/script>\n<!-- \/ Yoast SEO plugin. -->","yoast_head_json":{"title":"Aesthetic Medicine in Costa Rica - Dr. Esteban Delgado","description":"Dr. Esteban Delgado, a specialist in aesthetic medicine in Costa Rica, offers personalized treatments to enhance your natural beauty.","robots":{"index":"index","follow":"follow","max-snippet":"max-snippet:-1","max-image-preview":"max-image-preview:large","max-video-preview":"max-video-preview:-1"},"canonical":"https:\/\/www.artefacial.com\/en\/our-staff\/esteban-delgado\/","og_locale":"en_US","og_type":"article","og_title":"Aesthetic Medicine in Costa Rica - Dr. Esteban Delgado","og_description":"Dr. Esteban Delgado, a specialist in aesthetic medicine in Costa Rica, offers personalized treatments to enhance your natural beauty.","og_url":"https:\/\/www.artefacial.com\/en\/our-staff\/esteban-delgado\/","og_site_name":"Arte Facial","article_publisher":"https:\/\/www.facebook.com\/ArteFacialCR\/","article_modified_time":"2024-07-09T13:36:34+00:00","og_image":[{"width":600,"height":900,"url":"https:\/\/www.artefacial.com\/wp-content\/uploads\/2024\/05\/Dr.-Esteban-Delgado-1.webp","type":"image\/webp"}],"twitter_card":"summary_large_image","twitter_misc":{"Est. reading time":"2 minutes"},"schema":{"@context":"https:\/\/schema.org","@graph":[{"@type":"WebPage","@id":"https:\/\/www.artefacial.com\/en\/our-staff\/esteban-delgado\/","url":"https:\/\/www.artefacial.com\/en\/our-staff\/esteban-delgado\/","name":"Aesthetic Medicine in Costa Rica - Dr. Esteban Delgado","isPartOf":{"@id":"https:\/\/www.artefacial.com\/en\/#website"},"primaryImageOfPage":{"@id":"https:\/\/www.artefacial.com\/en\/our-staff\/esteban-delgado\/#primaryimage"},"image":{"@id":"https:\/\/www.artefacial.com\/en\/our-staff\/esteban-delgado\/#primaryimage"},"thumbnailUrl":"https:\/\/www.artefacial.com\/wp-content\/uploads\/2024\/05\/Dr.-Esteban-Delgado-1.webp","datePublished":"2024-05-10T21:08:08+00:00","dateModified":"2024-07-09T13:36:34+00:00","description":"Dr. Esteban Delgado, a specialist in aesthetic medicine in Costa Rica, offers personalized treatments to enhance your natural beauty.","breadcrumb":{"@id":"https:\/\/www.artefacial.com\/en\/our-staff\/esteban-delgado\/#breadcrumb"},"inLanguage":"en-US","potentialAction":[{"@type":"ReadAction","target":["https:\/\/www.artefacial.com\/en\/our-staff\/esteban-delgado\/"]}]},{"@type":"ImageObject","inLanguage":"en-US","@id":"https:\/\/www.artefacial.com\/en\/our-staff\/esteban-delgado\/#primaryimage","url":"https:\/\/www.artefacial.com\/wp-content\/uploads\/2024\/05\/Dr.-Esteban-Delgado-1.webp","contentUrl":"https:\/\/www.artefacial.com\/wp-content\/uploads\/2024\/05\/Dr.-Esteban-Delgado-1.webp","width":600,"height":900,"caption":"Aesthetic medicine in Costa Rica"},{"@type":"BreadcrumbList","@id":"https:\/\/www.artefacial.com\/en\/our-staff\/esteban-delgado\/#breadcrumb","itemListElement":[{"@type":"ListItem","position":1,"name":"Inicio","item":"https:\/\/www.artefacial.com\/en\/"},{"@type":"ListItem","position":2,"name":"Our Staff","item":"https:\/\/www.artefacial.com\/en\/nuestro-equipo\/"},{"@type":"ListItem","position":3,"name":"Esteban Delgado, M.D."}]},{"@type":"WebSite","@id":"https:\/\/www.artefacial.com\/en\/#website","url":"https:\/\/www.artefacial.com\/en\/","name":"Arte Facial","description":"Ciencia, Arte y Cuidado del Rostro","publisher":{"@id":"https:\/\/www.artefacial.com\/en\/#organization"},"potentialAction":[{"@type":"SearchAction","target":{"@type":"EntryPoint","urlTemplate":"https:\/\/www.artefacial.com\/en\/?s={search_term_string}"},"query-input":{"@type":"PropertyValueSpecification","valueRequired":true,"valueName":"search_term_string"}}],"inLanguage":"en-US"},{"@type":"Organization","@id":"https:\/\/www.artefacial.com\/en\/#organization","name":"Arte Facial","url":"https:\/\/www.artefacial.com\/en\/","logo":{"@type":"ImageObject","inLanguage":"en-US","@id":"https:\/\/www.artefacial.com\/en\/#\/schema\/logo\/image\/","url":"https:\/\/www.artefacial.com\/wp-content\/uploads\/2021\/11\/arte-facial-logo.png","contentUrl":"https:\/\/www.artefacial.com\/wp-content\/uploads\/2021\/11\/arte-facial-logo.png","width":265,"height":100,"caption":"Arte Facial"},"image":{"@id":"https:\/\/www.artefacial.com\/en\/#\/schema\/logo\/image\/"},"sameAs":["https:\/\/www.facebook.com\/ArteFacialCR\/","https:\/\/www.instagram.com\/artefacialcr\/","https:\/\/www.youtube.com\/c\/ArteFacial"]}]}},"_links":{"self":[{"href":"https:\/\/www.artefacial.com\/en\/wp-json\/wp\/v2\/pages\/23699","targetHints":{"allow":["GET"]}}],"collection":[{"href":"https:\/\/www.artefacial.com\/en\/wp-json\/wp\/v2\/pages"}],"about":[{"href":"https:\/\/www.artefacial.com\/en\/wp-json\/wp\/v2\/types\/page"}],"author":[{"embeddable":true,"href":"https:\/\/www.artefacial.com\/en\/wp-json\/wp\/v2\/users\/1"}],"replies":[{"embeddable":true,"href":"https:\/\/www.artefacial.com\/en\/wp-json\/wp\/v2\/comments?post=23699"}],"version-history":[{"count":0,"href":"https:\/\/www.artefacial.com\/en\/wp-json\/wp\/v2\/pages\/23699\/revisions"}],"up":[{"embeddable":true,"href":"https:\/\/www.artefacial.com\/en\/wp-json\/wp\/v2\/pages\/23770"}],"wp:featuredmedia":[{"embeddable":true,"href":"https:\/\/www.artefacial.com\/en\/wp-json\/wp\/v2\/media\/23723"}],"wp:attachment":[{"href":"https:\/\/www.artefacial.com\/en\/wp-json\/wp\/v2\/media?parent=23699"}],"curies":[{"name":"wp","href":"https:\/\/api.w.org\/{rel}","templated":true}]}}