{"id":21042,"date":"2023-09-18T15:22:33","date_gmt":"2023-09-18T21:22:33","guid":{"rendered":"https:\/\/www.artefacial.com\/?page_id=21042"},"modified":"2023-11-10T07:38:54","modified_gmt":"2023-11-10T13:38:54","slug":"featured","status":"publish","type":"page","link":"https:\/\/www.artefacial.com\/en\/featured\/","title":{"rendered":"Featured"},"content":{"rendered":"\t\t<div data-elementor-type=\"wp-page\" data-elementor-id=\"21042\" class=\"elementor elementor-21042 elementor-21018\" data-elementor-post-type=\"page\">\n\t\t\t\t\t\t<section class=\"elementor-section elementor-top-section elementor-element elementor-element-461e7dd elementor-section-boxed elementor-section-height-default elementor-section-height-default\" data-id=\"461e7dd\" data-element_type=\"section\" data-e-type=\"section\">\n\t\t\t\t\t\t<div class=\"elementor-container elementor-column-gap-default\">\n\t\t\t\t\t<div class=\"elementor-column elementor-col-100 elementor-top-column elementor-element elementor-element-956ea97\" data-id=\"956ea97\" data-element_type=\"column\" data-e-type=\"column\">\n\t\t\t<div class=\"elementor-widget-wrap elementor-element-populated\">\n\t\t\t\t\t\t<div class=\"elementor-element elementor-element-88be72b elementor-widget elementor-widget-the7_elements\" data-id=\"88be72b\" data-element_type=\"widget\" data-e-type=\"widget\" data-widget_type=\"the7_elements.default\">\n\t\t\t\t<div class=\"elementor-widget-container\">\n\t\t\t\t\t<div class=\"portfolio-shortcode the7-elementor-widget the7_elements-88be72b mode-grid dt-css-grid-wrap classic-layout-list description-under-image quick-scale-img content-bg-on enable-bg-rollover resize-by-browser-width loading-effect-none show-all-pages\" data-padding=\"30px\" data-mobile-columns-num=\"1\" data-tablet-columns-num=\"2\" data-desktop-columns-num=\"2\" data-wide-desktop-columns-num=\"2\" data-post-limit=\"-1\" data-pagination-mode=\"standard\" data-scroll-offset=\"\"><div class=\"dt-css-grid custom-pagination-handler\"><div class=\"visible wf-cell\" data-post-id=\"4106\" data-date=\"2024-12-05T09:01:15-06:00\" data-name=\"What to expect after plastic surgery to remove bags under the eyes\"><article class=\"post visible post-4106 type-post status-publish format-standard has-post-thumbnail hentry category-featured category-surgery tag-brow-lift-surgery tag-eye-wrinkles tag-eyelid-plastic-surgery-escazu tag-eyelid-plastic-surgery-san-jose tag-eyelid-surgery tag-lower-eyelid-bags tag-oculoplastic-surgery\" data-name=\"What to expect after plastic surgery to remove bags under the eyes\" data-date=\"2024-12-05T09:01:15-06:00\">\n\n\t<div class=\"post-thumbnail-wrap\">\n\t\t<div class=\"post-thumbnail\">\n\n\t\t\t<a class=\"post-thumbnail-rollover layzr-bg img-css-resize-wrapper\" aria-label=\"Post image\" href=\"https:\/\/www.artefacial.com\/en\/surgery\/what-to-expect-after-plastic-surgery-to-remove-bags-under-the-eyes\/\"><img fetchpriority=\"high\" decoding=\"async\" width=\"1024\" height=\"512\" src=\"data:image\/svg+xml,%3Csvg%20xmlns%3D&#039;http%3A%2F%2Fwww.w3.org%2F2000%2Fsvg&#039;%20viewBox%3D&#039;0%200%201024%20512&#039;%2F%3E\" class=\"attachment-full size-full preload-me aspect lazy lazy-load\" alt=\"What to expect after plastic surgery to remove bags under the eyes\" sizes=\"(max-width: 1024px) 100vw, 1024px\" style=\"--ratio: 1024 \/ 512;\" data-src=\"https:\/\/www.artefacial.com\/wp-content\/uploads\/2020\/02\/recuperacion-de-una-cirugia-para-eliminar-bolsas-en-los-ojos-6752fa8ab2083.webp\" loading=\"eager\" data-srcset=\"https:\/\/www.artefacial.com\/wp-content\/uploads\/2020\/02\/recuperacion-de-una-cirugia-para-eliminar-bolsas-en-los-ojos-6752fa8ab2083.webp 1024w, https:\/\/www.artefacial.com\/wp-content\/uploads\/2020\/02\/recuperacion-de-una-cirugia-para-eliminar-bolsas-en-los-ojos-6752fa8ab2083-300x150.webp 300w, https:\/\/www.artefacial.com\/wp-content\/uploads\/2020\/02\/recuperacion-de-una-cirugia-para-eliminar-bolsas-en-los-ojos-6752fa8ab2083-768x384.webp 768w\" \/><span class=\"the7-hover-icon\"><i aria-hidden=\"true\" class=\"fas fa-plus\"><\/i><\/span><\/a>\n\t\t<\/div>\n\t<\/div>\n\n\n<div class=\"post-entry-content\">\n\n\t<h2 class=\"ele-entry-title\"><a href=\"https:\/\/www.artefacial.com\/en\/surgery\/what-to-expect-after-plastic-surgery-to-remove-bags-under-the-eyes\/\" rel=\"bookmark\" title=\"What to expect after plastic surgery to remove bags under the eyes\">What to expect after plastic surgery to remove bags under the eyes<\/a><\/h2><div class=\"entry-meta\"><span class=\"meta-item category-link\"><a href=\"https:\/\/www.artefacial.com\/en\/category\/featured\/\" rel=\"tag\">Featured<\/a>, <a href=\"https:\/\/www.artefacial.com\/en\/category\/surgery\/\" rel=\"tag\">Surgery<\/a><\/span><a href=\"https:\/\/www.artefacial.com\/en\/2024\/12\/05\/\" title=\"9:01 am\" class=\"meta-item data-link\" rel=\"bookmark\"><time class=\"entry-date updated\" datetime=\"2024-12-05T09:01:15-06:00\">5 December, 2024<\/time><\/a><\/div><div class=\"entry-excerpt\"><p><a title=\"\" class=\"aalmanual\" target=\"_self\"   href=\"\/en\/info\/lower-eyelid-blepharoplasty\/\">Lower eyelid blepharoplasty<\/a> is performed to remove bags and wrinkles from under the eyes and to recover a youthful eye contour.<\/p>\n<\/div><a href=\"https:\/\/www.artefacial.com\/en\/surgery\/what-to-expect-after-plastic-surgery-to-remove-bags-under-the-eyes\/\" target=\"\" aria-label=\"Read more about What to expect after plastic surgery to remove bags under the eyes\" class=\"box-button elementor-button elementor-size-xs\">Read More<\/a>\n<\/div><\/article><\/div><div class=\"visible wf-cell\" data-post-id=\"20801\" data-date=\"2023-08-23T08:05:08-06:00\" data-name=\"Surgical treatment of lower eyelid retraction\"><article class=\"post visible post-20801 type-post status-publish format-standard has-post-thumbnail hentry category-featured category-surgery tag-canthal-suspension tag-cosmetic-surgery-of-the-face-in-santa-ana tag-eyelid-doctor-escazu tag-eyelid-retraction tag-facial-fat-transfer-in-escazu\" data-name=\"Surgical treatment of lower eyelid retraction\" data-date=\"2023-08-23T08:05:08-06:00\">\n\n\t<div class=\"post-thumbnail-wrap\">\n\t\t<div class=\"post-thumbnail\">\n\n\t\t\t<a class=\"post-thumbnail-rollover layzr-bg img-css-resize-wrapper\" aria-label=\"Post image\" href=\"https:\/\/www.artefacial.com\/en\/surgery\/surgical-treatment-of-lower-eyelid-retraction\/\"><img decoding=\"async\" width=\"1024\" height=\"512\" src=\"data:image\/svg+xml,%3Csvg%20xmlns%3D&#039;http%3A%2F%2Fwww.w3.org%2F2000%2Fsvg&#039;%20viewBox%3D&#039;0%200%201024%20512&#039;%2F%3E\" class=\"attachment-full size-full preload-me aspect lazy lazy-load\" alt=\"lower eyelid retraction\" sizes=\"(max-width: 1024px) 100vw, 1024px\" style=\"--ratio: 1024 \/ 512;\" data-src=\"https:\/\/www.artefacial.com\/wp-content\/uploads\/2023\/08\/surgical-treatment-of-lower-eyelid-retraction.webp\" loading=\"eager\" data-srcset=\"https:\/\/www.artefacial.com\/wp-content\/uploads\/2023\/08\/surgical-treatment-of-lower-eyelid-retraction.webp 1024w, https:\/\/www.artefacial.com\/wp-content\/uploads\/2023\/08\/surgical-treatment-of-lower-eyelid-retraction-300x150.webp 300w, https:\/\/www.artefacial.com\/wp-content\/uploads\/2023\/08\/surgical-treatment-of-lower-eyelid-retraction-768x384.webp 768w\" \/><span class=\"the7-hover-icon\"><i aria-hidden=\"true\" class=\"fas fa-plus\"><\/i><\/span><\/a>\n\t\t<\/div>\n\t<\/div>\n\n\n<div class=\"post-entry-content\">\n\n\t<h2 class=\"ele-entry-title\"><a href=\"https:\/\/www.artefacial.com\/en\/surgery\/surgical-treatment-of-lower-eyelid-retraction\/\" rel=\"bookmark\" title=\"Surgical treatment of lower eyelid retraction\">Surgical treatment of lower eyelid retraction<\/a><\/h2><div class=\"entry-meta\"><span class=\"meta-item category-link\"><a href=\"https:\/\/www.artefacial.com\/en\/category\/featured\/\" rel=\"tag\">Featured<\/a>, <a href=\"https:\/\/www.artefacial.com\/en\/category\/surgery\/\" rel=\"tag\">Surgery<\/a><\/span><a href=\"https:\/\/www.artefacial.com\/en\/2023\/08\/23\/\" title=\"8:05 am\" class=\"meta-item data-link\" rel=\"bookmark\"><time class=\"entry-date updated\" datetime=\"2023-08-23T08:05:08-06:00\">23 August, 2023<\/time><\/a><\/div><div class=\"entry-excerpt\"><p>Lower eyelid retraction is defined as the inferior displacement of the eyelid margin that exposes the lower part of the eye and enables visibility of the sclera (scleral show).<\/p>\n<\/div><a href=\"https:\/\/www.artefacial.com\/en\/surgery\/surgical-treatment-of-lower-eyelid-retraction\/\" target=\"\" aria-label=\"Read more about Surgical treatment of lower eyelid retraction\" class=\"box-button elementor-button elementor-size-xs\">Read More<\/a>\n<\/div><\/article><\/div><div class=\"visible wf-cell\" data-post-id=\"20589\" data-date=\"2023-07-25T17:05:10-06:00\" data-name=\"Surgery to remove bags under the eyes in men\"><article class=\"post visible post-20589 type-post status-publish format-standard has-post-thumbnail hentry category-featured category-surgery tag-bags-under-the-eyes tag-facial-rejuvenation-in-santa-ana tag-lower-blepharoplasty-in-turkey tag-lower-eyelid-bags tag-treatments-for-men tag-treatments-to-eliminate-wrinkles-in-san-jose\" data-name=\"Surgery to remove bags under the eyes in men\" data-date=\"2023-07-25T17:05:10-06:00\">\n\n\t<div class=\"post-thumbnail-wrap\">\n\t\t<div class=\"post-thumbnail\">\n\n\t\t\t<a class=\"post-thumbnail-rollover layzr-bg img-css-resize-wrapper\" aria-label=\"Post image\" href=\"https:\/\/www.artefacial.com\/en\/surgery\/surgery-to-remove-bags-under-the-eyes-in-men\/\"><img decoding=\"async\" width=\"1024\" height=\"512\" src=\"data:image\/svg+xml,%3Csvg%20xmlns%3D&#039;http%3A%2F%2Fwww.w3.org%2F2000%2Fsvg&#039;%20viewBox%3D&#039;0%200%201024%20512&#039;%2F%3E\" class=\"attachment-full size-full preload-me aspect lazy lazy-load\" alt=\"remove bags under the eyes\" sizes=\"(max-width: 1024px) 100vw, 1024px\" style=\"--ratio: 1024 \/ 512;\" data-src=\"https:\/\/www.artefacial.com\/wp-content\/uploads\/2023\/07\/eyelid-surgery-in-men-treatment-for-bags-and-wrinkles-under-the-eyes.webp\" loading=\"eager\" data-srcset=\"https:\/\/www.artefacial.com\/wp-content\/uploads\/2023\/07\/eyelid-surgery-in-men-treatment-for-bags-and-wrinkles-under-the-eyes.webp 1024w, https:\/\/www.artefacial.com\/wp-content\/uploads\/2023\/07\/eyelid-surgery-in-men-treatment-for-bags-and-wrinkles-under-the-eyes-300x150.webp 300w, https:\/\/www.artefacial.com\/wp-content\/uploads\/2023\/07\/eyelid-surgery-in-men-treatment-for-bags-and-wrinkles-under-the-eyes-768x384.webp 768w\" \/><span class=\"the7-hover-icon\"><i aria-hidden=\"true\" class=\"fas fa-plus\"><\/i><\/span><\/a>\n\t\t<\/div>\n\t<\/div>\n\n\n<div class=\"post-entry-content\">\n\n\t<h2 class=\"ele-entry-title\"><a href=\"https:\/\/www.artefacial.com\/en\/surgery\/surgery-to-remove-bags-under-the-eyes-in-men\/\" rel=\"bookmark\" title=\"Surgery to remove bags under the eyes in men\">Surgery to remove bags under the eyes in men<\/a><\/h2><div class=\"entry-meta\"><span class=\"meta-item category-link\"><a href=\"https:\/\/www.artefacial.com\/en\/category\/featured\/\" rel=\"tag\">Featured<\/a>, <a href=\"https:\/\/www.artefacial.com\/en\/category\/surgery\/\" rel=\"tag\">Surgery<\/a><\/span><a href=\"https:\/\/www.artefacial.com\/en\/2023\/07\/25\/\" title=\"5:05 pm\" class=\"meta-item data-link\" rel=\"bookmark\"><time class=\"entry-date updated\" datetime=\"2023-07-25T17:05:10-06:00\">25 July, 2023<\/time><\/a><\/div><div class=\"entry-excerpt\"><p>Age and genetics make no distinction between genders regarding the presence of eye bags and dark circles. In men, bags can appear as early as the third decade of life, conveying a tired, overworked, and aged appearance. In younger males<\/p>\n<\/div><a href=\"https:\/\/www.artefacial.com\/en\/surgery\/surgery-to-remove-bags-under-the-eyes-in-men\/\" target=\"\" aria-label=\"Read more about Surgery to remove bags under the eyes in men\" class=\"box-button elementor-button elementor-size-xs\">Read More<\/a>\n<\/div><\/article><\/div><div class=\"visible wf-cell\" data-post-id=\"19976\" data-date=\"2023-05-17T08:16:43-06:00\" data-name=\"Brow Lift Recovery\"><article class=\"post visible post-19976 type-post status-publish format-standard has-post-thumbnail hentry category-featured category-surgery tag-brow-lift-surgery tag-cirujanos-plasticos-faciales tag-endoscopic-forehead-and-brow-lift tag-facial-plastic-surgeons tag-facial-rejuvenation-in-santa-ana tag-information-on-cosmetic-surgeries\" data-name=\"Brow Lift Recovery\" data-date=\"2023-05-17T08:16:43-06:00\">\n\n\t<div class=\"post-thumbnail-wrap\">\n\t\t<div class=\"post-thumbnail\">\n\n\t\t\t<a class=\"post-thumbnail-rollover layzr-bg img-css-resize-wrapper\" aria-label=\"Post image\" href=\"https:\/\/www.artefacial.com\/en\/surgery\/brow-lift-recovery\/\"><img decoding=\"async\" width=\"1024\" height=\"512\" src=\"data:image\/svg+xml,%3Csvg%20xmlns%3D&#039;http%3A%2F%2Fwww.w3.org%2F2000%2Fsvg&#039;%20viewBox%3D&#039;0%200%201024%20512&#039;%2F%3E\" class=\"attachment-full size-full preload-me aspect lazy lazy-load\" alt=\"Brow Lift Recovery\" sizes=\"(max-width: 1024px) 100vw, 1024px\" style=\"--ratio: 1024 \/ 512;\" data-src=\"https:\/\/www.artefacial.com\/wp-content\/uploads\/2023\/05\/Como-es-la-recuperacion-de-un-levantamiento-de-cejas.webp\" loading=\"eager\" data-srcset=\"https:\/\/www.artefacial.com\/wp-content\/uploads\/2023\/05\/Como-es-la-recuperacion-de-un-levantamiento-de-cejas.webp 1024w, https:\/\/www.artefacial.com\/wp-content\/uploads\/2023\/05\/Como-es-la-recuperacion-de-un-levantamiento-de-cejas-300x150.webp 300w, https:\/\/www.artefacial.com\/wp-content\/uploads\/2023\/05\/Como-es-la-recuperacion-de-un-levantamiento-de-cejas-768x384.webp 768w\" \/><span class=\"the7-hover-icon\"><i aria-hidden=\"true\" class=\"fas fa-plus\"><\/i><\/span><\/a>\n\t\t<\/div>\n\t<\/div>\n\n\n<div class=\"post-entry-content\">\n\n\t<h2 class=\"ele-entry-title\"><a href=\"https:\/\/www.artefacial.com\/en\/surgery\/brow-lift-recovery\/\" rel=\"bookmark\" title=\"Brow Lift Recovery\">Brow Lift Recovery<\/a><\/h2><div class=\"entry-meta\"><span class=\"meta-item category-link\"><a href=\"https:\/\/www.artefacial.com\/en\/category\/featured\/\" rel=\"tag\">Featured<\/a>, <a href=\"https:\/\/www.artefacial.com\/en\/category\/surgery\/\" rel=\"tag\">Surgery<\/a><\/span><a href=\"https:\/\/www.artefacial.com\/en\/2023\/05\/17\/\" title=\"8:16 am\" class=\"meta-item data-link\" rel=\"bookmark\"><time class=\"entry-date updated\" datetime=\"2023-05-17T08:16:43-06:00\">17 May, 2023<\/time><\/a><\/div><div class=\"entry-excerpt\"><p>You&#8217;ve contemplated having a brow lift to rejuvenate your eyes or eliminate that tired, angry look. <\/p>\n<\/div><a href=\"https:\/\/www.artefacial.com\/en\/surgery\/brow-lift-recovery\/\" target=\"\" aria-label=\"Read more about Brow Lift Recovery\" class=\"box-button elementor-button elementor-size-xs\">Read More<\/a>\n<\/div><\/article><\/div><div class=\"visible wf-cell\" data-post-id=\"19445\" data-date=\"2023-03-13T16:57:43-06:00\" data-name=\"Lower eyelid blepharoplasty in young patients: surgery to treat bags under the eyes\"><article class=\"post visible post-19445 type-post status-publish format-standard has-post-thumbnail hentry category-featured category-surgery tag-bags-under-the-eyes tag-eye-bags tag-lower-eyelid-bags tag-outpatient-procedures tag-surgery-for-droopy-eyelids-and-bags-in-escazu tag-surgery-for-droopy-eyelids-and-bags-in-santa-ana\" data-name=\"Lower eyelid blepharoplasty in young patients: surgery to treat bags under the eyes\" data-date=\"2023-03-13T16:57:43-06:00\">\n\n\t<div class=\"post-thumbnail-wrap\">\n\t\t<div class=\"post-thumbnail\">\n\n\t\t\t<a class=\"post-thumbnail-rollover layzr-bg img-css-resize-wrapper\" aria-label=\"Post image\" href=\"https:\/\/www.artefacial.com\/en\/surgery\/lower-eyelid-blepharoplasty-in-young-patients-surgery-to-treat-bags-under-the-eyes\/\"><img decoding=\"async\" width=\"1024\" height=\"512\" src=\"data:image\/svg+xml,%3Csvg%20xmlns%3D&#039;http%3A%2F%2Fwww.w3.org%2F2000%2Fsvg&#039;%20viewBox%3D&#039;0%200%201024%20512&#039;%2F%3E\" class=\"attachment-full size-full preload-me aspect lazy lazy-load\" alt=\"Surgery to treat bags under the eyes\" sizes=\"(max-width: 1024px) 100vw, 1024px\" style=\"--ratio: 1024 \/ 512;\" data-src=\"https:\/\/www.artefacial.com\/wp-content\/uploads\/2023\/03\/Surgery-to-treat-bags-under-the-eyes.jpg\" loading=\"eager\" data-srcset=\"https:\/\/www.artefacial.com\/wp-content\/uploads\/2023\/03\/Surgery-to-treat-bags-under-the-eyes.jpg 1024w, https:\/\/www.artefacial.com\/wp-content\/uploads\/2023\/03\/Surgery-to-treat-bags-under-the-eyes-300x150.jpg 300w, https:\/\/www.artefacial.com\/wp-content\/uploads\/2023\/03\/Surgery-to-treat-bags-under-the-eyes-768x384.jpg 768w\" \/><span class=\"the7-hover-icon\"><i aria-hidden=\"true\" class=\"fas fa-plus\"><\/i><\/span><\/a>\n\t\t<\/div>\n\t<\/div>\n\n\n<div class=\"post-entry-content\">\n\n\t<h2 class=\"ele-entry-title\"><a href=\"https:\/\/www.artefacial.com\/en\/surgery\/lower-eyelid-blepharoplasty-in-young-patients-surgery-to-treat-bags-under-the-eyes\/\" rel=\"bookmark\" title=\"Lower eyelid blepharoplasty in young patients: surgery to treat bags under the eyes\">Lower eyelid blepharoplasty in young patients: surgery to treat bags under the eyes<\/a><\/h2><div class=\"entry-meta\"><span class=\"meta-item category-link\"><a href=\"https:\/\/www.artefacial.com\/en\/category\/featured\/\" rel=\"tag\">Featured<\/a>, <a href=\"https:\/\/www.artefacial.com\/en\/category\/surgery\/\" rel=\"tag\">Surgery<\/a><\/span><a href=\"https:\/\/www.artefacial.com\/en\/2023\/03\/13\/\" title=\"4:57 pm\" class=\"meta-item data-link\" rel=\"bookmark\"><time class=\"entry-date updated\" datetime=\"2023-03-13T16:57:43-06:00\">13 March, 2023<\/time><\/a><\/div><div class=\"entry-excerpt\"><p>Bags under the eyes not only affect older patients but can be quite common in young people. Fortunately, these bags can be treated with a surgical procedure that leaves no scars.<\/p>\n<\/div><a href=\"https:\/\/www.artefacial.com\/en\/surgery\/lower-eyelid-blepharoplasty-in-young-patients-surgery-to-treat-bags-under-the-eyes\/\" target=\"\" aria-label=\"Read more about Lower eyelid blepharoplasty in young patients: surgery to treat bags under the eyes\" class=\"box-button elementor-button elementor-size-xs\">Read More<\/a>\n<\/div><\/article><\/div><div class=\"visible wf-cell\" data-post-id=\"16146\" data-date=\"2022-10-12T07:56:41-06:00\" data-name=\"A word about ptosis surgery from Abraham G\u00f3mez, M.D.\"><article class=\"post visible post-16146 type-post status-publish format-standard has-post-thumbnail hentry category-featured category-surgery tag-complications-of-cosmetic-surgeries tag-droopy-eyelid-surgery-in-women-escazu tag-droopy-eyelids tag-facial-plastic-surgeons tag-information-on-cosmetic-surgeries tag-ptosis\" data-name=\"A word about ptosis surgery from Abraham G\u00f3mez, M.D.\" data-date=\"2022-10-12T07:56:41-06:00\">\n\n\t<div class=\"post-thumbnail-wrap\">\n\t\t<div class=\"post-thumbnail\">\n\n\t\t\t<a class=\"post-thumbnail-rollover layzr-bg img-css-resize-wrapper\" aria-label=\"Post image\" href=\"https:\/\/www.artefacial.com\/en\/surgery\/a-word-about-ptosis-surgery-from-abraham-gomez-m-d\/\"><img decoding=\"async\" width=\"1024\" height=\"512\" src=\"data:image\/svg+xml,%3Csvg%20xmlns%3D&#039;http%3A%2F%2Fwww.w3.org%2F2000%2Fsvg&#039;%20viewBox%3D&#039;0%200%201024%20512&#039;%2F%3E\" class=\"attachment-full size-full preload-me aspect lazy lazy-load\" alt=\"Unas palabras sobre la cirug\u00eda de ptosis por el Dr Abraham G\u00f3mez - A word about ptosis surgery from Abraham G\u00f3mez, M.D.\" sizes=\"(max-width: 1024px) 100vw, 1024px\" style=\"--ratio: 1024 \/ 512;\" data-src=\"https:\/\/www.artefacial.com\/wp-content\/uploads\/2022\/10\/Unas-palabras-sobre-la-cirugia-de-ptosis-por-el-Dr-Abraham-Gomez.jpg\" loading=\"eager\" data-srcset=\"https:\/\/www.artefacial.com\/wp-content\/uploads\/2022\/10\/Unas-palabras-sobre-la-cirugia-de-ptosis-por-el-Dr-Abraham-Gomez.jpg 1024w, https:\/\/www.artefacial.com\/wp-content\/uploads\/2022\/10\/Unas-palabras-sobre-la-cirugia-de-ptosis-por-el-Dr-Abraham-Gomez-300x150.jpg 300w, https:\/\/www.artefacial.com\/wp-content\/uploads\/2022\/10\/Unas-palabras-sobre-la-cirugia-de-ptosis-por-el-Dr-Abraham-Gomez-768x384.jpg 768w\" \/><span class=\"the7-hover-icon\"><i aria-hidden=\"true\" class=\"fas fa-plus\"><\/i><\/span><\/a>\n\t\t<\/div>\n\t<\/div>\n\n\n<div class=\"post-entry-content\">\n\n\t<h2 class=\"ele-entry-title\"><a href=\"https:\/\/www.artefacial.com\/en\/surgery\/a-word-about-ptosis-surgery-from-abraham-gomez-m-d\/\" rel=\"bookmark\" title=\"A word about ptosis surgery from Abraham G\u00f3mez, M.D.\">A word about ptosis surgery from Abraham G\u00f3mez, M.D.<\/a><\/h2><div class=\"entry-meta\"><span class=\"meta-item category-link\"><a href=\"https:\/\/www.artefacial.com\/en\/category\/featured\/\" rel=\"tag\">Featured<\/a>, <a href=\"https:\/\/www.artefacial.com\/en\/category\/surgery\/\" rel=\"tag\">Surgery<\/a><\/span><a href=\"https:\/\/www.artefacial.com\/en\/2022\/10\/12\/\" title=\"7:56 am\" class=\"meta-item data-link\" rel=\"bookmark\"><time class=\"entry-date updated\" datetime=\"2022-10-12T07:56:41-06:00\">12 October, 2022<\/time><\/a><\/div><div class=\"entry-excerpt\"><p>During my oculoplastics training, one of my mentors once told me that if I wanted perfect ptosis results, I should never take on <a title=\"\" class=\"aalmanual\" target=\"_self\"   href=\"\/en\/info\/droopy-eyelids-ptosis-surgery\/\">eyelid ptosis<\/a> cases. It sounded a bit extreme at the time, but with experience, I have learned that there was wisdom in his statement.<\/p>\n<\/div><a href=\"https:\/\/www.artefacial.com\/en\/surgery\/a-word-about-ptosis-surgery-from-abraham-gomez-m-d\/\" target=\"\" aria-label=\"Read more about A word about ptosis surgery from Abraham G\u00f3mez, M.D.\" class=\"box-button elementor-button elementor-size-xs\">Read More<\/a>\n<\/div><\/article><\/div><div class=\"visible wf-cell\" data-post-id=\"4817\" data-date=\"2020-09-21T15:12:23-06:00\" data-name=\"What can I expect after lower lid blepharoplasty?\"><article class=\"post visible post-4817 type-post status-publish format-standard has-post-thumbnail hentry category-featured category-surgery tag-bags-under-the-eyes tag-dark-circles-treatment tag-lower-blepharoplasty tag-lower-eyelid-bags\" data-name=\"What can I expect after lower lid blepharoplasty?\" data-date=\"2020-09-21T15:12:23-06:00\">\n\n\t<div class=\"post-thumbnail-wrap\">\n\t\t<div class=\"post-thumbnail\">\n\n\t\t\t<a class=\"post-thumbnail-rollover layzr-bg img-css-resize-wrapper\" aria-label=\"Post image\" href=\"https:\/\/www.artefacial.com\/en\/surgery\/what-can-i-expect-after-lower-lid-blepharoplasty\/\"><img decoding=\"async\" width=\"1024\" height=\"512\" src=\"data:image\/svg+xml,%3Csvg%20xmlns%3D&#039;http%3A%2F%2Fwww.w3.org%2F2000%2Fsvg&#039;%20viewBox%3D&#039;0%200%201024%20512&#039;%2F%3E\" class=\"attachment-full size-full preload-me aspect lazy lazy-load\" alt=\"\" sizes=\"(max-width: 1024px) 100vw, 1024px\" style=\"--ratio: 1024 \/ 512;\" data-src=\"https:\/\/www.artefacial.com\/wp-content\/uploads\/2020\/09\/lower-lid-blepharoplasty.jpg\" loading=\"eager\" data-srcset=\"https:\/\/www.artefacial.com\/wp-content\/uploads\/2020\/09\/lower-lid-blepharoplasty.jpg 1024w, https:\/\/www.artefacial.com\/wp-content\/uploads\/2020\/09\/lower-lid-blepharoplasty-300x150.jpg 300w, https:\/\/www.artefacial.com\/wp-content\/uploads\/2020\/09\/lower-lid-blepharoplasty-768x384.jpg 768w\" \/><span class=\"the7-hover-icon\"><i aria-hidden=\"true\" class=\"fas fa-plus\"><\/i><\/span><\/a>\n\t\t<\/div>\n\t<\/div>\n\n\n<div class=\"post-entry-content\">\n\n\t<h2 class=\"ele-entry-title\"><a href=\"https:\/\/www.artefacial.com\/en\/surgery\/what-can-i-expect-after-lower-lid-blepharoplasty\/\" rel=\"bookmark\" title=\"What can I expect after lower lid blepharoplasty?\">What can I expect after lower lid blepharoplasty?<\/a><\/h2><div class=\"entry-meta\"><span class=\"meta-item category-link\"><a href=\"https:\/\/www.artefacial.com\/en\/category\/featured\/\" rel=\"tag\">Featured<\/a>, <a href=\"https:\/\/www.artefacial.com\/en\/category\/surgery\/\" rel=\"tag\">Surgery<\/a><\/span><a href=\"https:\/\/www.artefacial.com\/en\/2020\/09\/21\/\" title=\"3:12 pm\" class=\"meta-item data-link\" rel=\"bookmark\"><time class=\"entry-date updated\" datetime=\"2020-09-21T15:12:23-06:00\">21 September, 2020<\/time><\/a><\/div><div class=\"entry-excerpt\"><p>You will experience swelling and bruising after the operation. These will take about 7 to 10 days to disappear, but keep in mind that every person heals differently.<\/p>\n<\/div><a href=\"https:\/\/www.artefacial.com\/en\/surgery\/what-can-i-expect-after-lower-lid-blepharoplasty\/\" target=\"\" aria-label=\"Read more about What can I expect after lower lid blepharoplasty?\" class=\"box-button elementor-button elementor-size-xs\">Read More<\/a>\n<\/div><\/article><\/div><div class=\"visible wf-cell\" data-post-id=\"3981\" data-date=\"2020-01-13T15:33:38-06:00\" data-name=\"Recovery after eyelid plastic surgery\"><article class=\"post visible post-3981 type-post status-publish format-standard has-post-thumbnail hentry category-featured category-surgery tag-blepharoplasty tag-eyelid-plastic-surgery tag-eyelid-surgery tag-plastic-surgery\" data-name=\"Recovery after eyelid plastic surgery\" data-date=\"2020-01-13T15:33:38-06:00\">\n\n\t<div class=\"post-thumbnail-wrap\">\n\t\t<div class=\"post-thumbnail\">\n\n\t\t\t<a class=\"post-thumbnail-rollover layzr-bg img-css-resize-wrapper\" aria-label=\"Post image\" href=\"https:\/\/www.artefacial.com\/en\/surgery\/recovery-after-eyelid-plastic-surgery\/\"><img decoding=\"async\" width=\"1024\" height=\"512\" src=\"data:image\/svg+xml,%3Csvg%20xmlns%3D&#039;http%3A%2F%2Fwww.w3.org%2F2000%2Fsvg&#039;%20viewBox%3D&#039;0%200%201024%20512&#039;%2F%3E\" class=\"attachment-full size-full preload-me aspect lazy lazy-load\" alt=\"Recovery after eyelid plastic surgery\" sizes=\"(max-width: 1024px) 100vw, 1024px\" style=\"--ratio: 1024 \/ 512;\" data-src=\"https:\/\/www.artefacial.com\/wp-content\/uploads\/2020\/01\/Recovery-after-eyelid-plastic-surgery.jpg\" loading=\"eager\" data-srcset=\"https:\/\/www.artefacial.com\/wp-content\/uploads\/2020\/01\/Recovery-after-eyelid-plastic-surgery.jpg 1024w, https:\/\/www.artefacial.com\/wp-content\/uploads\/2020\/01\/Recovery-after-eyelid-plastic-surgery-300x150.jpg 300w, https:\/\/www.artefacial.com\/wp-content\/uploads\/2020\/01\/Recovery-after-eyelid-plastic-surgery-768x384.jpg 768w\" \/><span class=\"the7-hover-icon\"><i aria-hidden=\"true\" class=\"fas fa-plus\"><\/i><\/span><\/a>\n\t\t<\/div>\n\t<\/div>\n\n\n<div class=\"post-entry-content\">\n\n\t<h2 class=\"ele-entry-title\"><a href=\"https:\/\/www.artefacial.com\/en\/surgery\/recovery-after-eyelid-plastic-surgery\/\" rel=\"bookmark\" title=\"Recovery after eyelid plastic surgery\">Recovery after eyelid plastic surgery<\/a><\/h2><div class=\"entry-meta\"><span class=\"meta-item category-link\"><a href=\"https:\/\/www.artefacial.com\/en\/category\/featured\/\" rel=\"tag\">Featured<\/a>, <a href=\"https:\/\/www.artefacial.com\/en\/category\/surgery\/\" rel=\"tag\">Surgery<\/a><\/span><a href=\"https:\/\/www.artefacial.com\/en\/2020\/01\/13\/\" title=\"3:33 pm\" class=\"meta-item data-link\" rel=\"bookmark\"><time class=\"entry-date updated\" datetime=\"2020-01-13T15:33:38-06:00\">13 January, 2020<\/time><\/a><\/div><div class=\"entry-excerpt\"><p>Upper eyelid surgery, also known as <a title=\"\" class=\"aalmanual\" target=\"_self\"   href=\"\/en\/blepharoplasty\/\">blepharoplasty<\/a>, is one of the most popular facial plastic surgeries. It is usually done as an outpatient operation under local anesthesia&#8230;<\/p>\n<\/div><a href=\"https:\/\/www.artefacial.com\/en\/surgery\/recovery-after-eyelid-plastic-surgery\/\" target=\"\" aria-label=\"Read more about Recovery after eyelid plastic surgery\" class=\"box-button elementor-button elementor-size-xs\">Read More<\/a>\n<\/div><\/article><\/div><\/div><!-- iso-container|iso-grid --><\/div>\t\t\t\t<\/div>\n\t\t\t\t<\/div>\n\t\t\t\t\t<\/div>\n\t\t<\/div>\n\t\t\t\t\t<\/div>\n\t\t<\/section>\n\t\t\t\t<\/div>\n\t\t","protected":false},"excerpt":{"rendered":"<p>Reparaci\u00f3n de la retracci\u00f3n del p\u00e1rpado inferior Cirug\u00edas, Destacadas23 agosto, 2023 La retracci\u00f3n del p\u00e1rpado inferior es un desplazamiento del p\u00e1rpado hacia abajo que expone la parte inferior del ojo y permite la visibilidad de la escler\u00f3tica, es decir, la parte blanca del ojo. Los pacientes con retracci\u00f3n suelen padecer de irritaci\u00f3n ocular constante, sensibilidad&hellip;<\/p>\n","protected":false},"author":1,"featured_media":21033,"parent":0,"menu_order":0,"comment_status":"closed","ping_status":"closed","template":"","meta":{"footnotes":""},"class_list":["post-21042","page","type-page","status-publish","has-post-thumbnail","hentry"],"yoast_head":"<!-- This site is optimized with the Yoast SEO plugin v27.4 - https:\/\/yoast.com\/product\/yoast-seo-wordpress\/ -->\n<title>Eyelid Surgeons in Costa Rica<\/title>\n<meta name=\"description\" content=\"Featured news about eyelid surgeries in Costa Rica, eye bags and wrinkles, eyebrow lift, eyelid surgeons...\" \/>\n<meta name=\"robots\" content=\"index, follow, max-snippet:-1, max-image-preview:large, max-video-preview:-1\" \/>\n<link rel=\"canonical\" href=\"https:\/\/www.artefacial.com\/en\/featured\/\" \/>\n<meta property=\"og:locale\" content=\"en_US\" \/>\n<meta property=\"og:type\" content=\"article\" \/>\n<meta property=\"og:title\" content=\"Eyelid Surgeons in Costa Rica\" \/>\n<meta property=\"og:description\" content=\"Featured news about eyelid surgeries in Costa Rica, eye bags and wrinkles, eyebrow lift, eyelid surgeons...\" \/>\n<meta property=\"og:url\" content=\"https:\/\/www.artefacial.com\/en\/featured\/\" \/>\n<meta property=\"og:site_name\" content=\"Arte Facial\" \/>\n<meta property=\"article:publisher\" content=\"https:\/\/www.facebook.com\/ArteFacialCR\/\" \/>\n<meta property=\"article:modified_time\" content=\"2023-11-10T13:38:54+00:00\" \/>\n<meta property=\"og:image\" content=\"https:\/\/www.artefacial.com\/wp-content\/uploads\/2023\/09\/cirujanos-de-parpados.webp\" \/>\n\t<meta property=\"og:image:width\" content=\"1024\" \/>\n\t<meta property=\"og:image:height\" content=\"683\" \/>\n\t<meta property=\"og:image:type\" content=\"image\/webp\" \/>\n<meta name=\"twitter:card\" content=\"summary_large_image\" \/>\n<meta name=\"twitter:label1\" content=\"Est. reading time\" \/>\n\t<meta name=\"twitter:data1\" content=\"3 minutes\" \/>\n<script type=\"application\/ld+json\" class=\"yoast-schema-graph\">{\"@context\":\"https:\\\/\\\/schema.org\",\"@graph\":[{\"@type\":\"WebPage\",\"@id\":\"https:\\\/\\\/www.artefacial.com\\\/en\\\/featured\\\/\",\"url\":\"https:\\\/\\\/www.artefacial.com\\\/en\\\/featured\\\/\",\"name\":\"Eyelid Surgeons in Costa Rica\",\"isPartOf\":{\"@id\":\"https:\\\/\\\/www.artefacial.com\\\/en\\\/#website\"},\"primaryImageOfPage\":{\"@id\":\"https:\\\/\\\/www.artefacial.com\\\/en\\\/featured\\\/#primaryimage\"},\"image\":{\"@id\":\"https:\\\/\\\/www.artefacial.com\\\/en\\\/featured\\\/#primaryimage\"},\"thumbnailUrl\":\"https:\\\/\\\/www.artefacial.com\\\/wp-content\\\/uploads\\\/2023\\\/09\\\/cirujanos-de-parpados.webp\",\"datePublished\":\"2023-09-18T21:22:33+00:00\",\"dateModified\":\"2023-11-10T13:38:54+00:00\",\"description\":\"Featured news about eyelid surgeries in Costa Rica, eye bags and wrinkles, eyebrow lift, eyelid surgeons...\",\"breadcrumb\":{\"@id\":\"https:\\\/\\\/www.artefacial.com\\\/en\\\/featured\\\/#breadcrumb\"},\"inLanguage\":\"en-US\",\"potentialAction\":[{\"@type\":\"ReadAction\",\"target\":[\"https:\\\/\\\/www.artefacial.com\\\/en\\\/featured\\\/\"]}]},{\"@type\":\"ImageObject\",\"inLanguage\":\"en-US\",\"@id\":\"https:\\\/\\\/www.artefacial.com\\\/en\\\/featured\\\/#primaryimage\",\"url\":\"https:\\\/\\\/www.artefacial.com\\\/wp-content\\\/uploads\\\/2023\\\/09\\\/cirujanos-de-parpados.webp\",\"contentUrl\":\"https:\\\/\\\/www.artefacial.com\\\/wp-content\\\/uploads\\\/2023\\\/09\\\/cirujanos-de-parpados.webp\",\"width\":1024,\"height\":683,\"caption\":\"Eyelid Surgeons\"},{\"@type\":\"BreadcrumbList\",\"@id\":\"https:\\\/\\\/www.artefacial.com\\\/en\\\/featured\\\/#breadcrumb\",\"itemListElement\":[{\"@type\":\"ListItem\",\"position\":1,\"name\":\"Inicio\",\"item\":\"https:\\\/\\\/www.artefacial.com\\\/en\\\/\"},{\"@type\":\"ListItem\",\"position\":2,\"name\":\"Featured\"}]},{\"@type\":\"WebSite\",\"@id\":\"https:\\\/\\\/www.artefacial.com\\\/en\\\/#website\",\"url\":\"https:\\\/\\\/www.artefacial.com\\\/en\\\/\",\"name\":\"Arte Facial\",\"description\":\"Ciencia, Arte y Cuidado del Rostro\",\"publisher\":{\"@id\":\"https:\\\/\\\/www.artefacial.com\\\/en\\\/#organization\"},\"potentialAction\":[{\"@type\":\"SearchAction\",\"target\":{\"@type\":\"EntryPoint\",\"urlTemplate\":\"https:\\\/\\\/www.artefacial.com\\\/en\\\/?s={search_term_string}\"},\"query-input\":{\"@type\":\"PropertyValueSpecification\",\"valueRequired\":true,\"valueName\":\"search_term_string\"}}],\"inLanguage\":\"en-US\"},{\"@type\":\"Organization\",\"@id\":\"https:\\\/\\\/www.artefacial.com\\\/en\\\/#organization\",\"name\":\"Arte Facial\",\"url\":\"https:\\\/\\\/www.artefacial.com\\\/en\\\/\",\"logo\":{\"@type\":\"ImageObject\",\"inLanguage\":\"en-US\",\"@id\":\"https:\\\/\\\/www.artefacial.com\\\/en\\\/#\\\/schema\\\/logo\\\/image\\\/\",\"url\":\"https:\\\/\\\/www.artefacial.com\\\/wp-content\\\/uploads\\\/2021\\\/11\\\/arte-facial-logo.png\",\"contentUrl\":\"https:\\\/\\\/www.artefacial.com\\\/wp-content\\\/uploads\\\/2021\\\/11\\\/arte-facial-logo.png\",\"width\":265,\"height\":100,\"caption\":\"Arte Facial\"},\"image\":{\"@id\":\"https:\\\/\\\/www.artefacial.com\\\/en\\\/#\\\/schema\\\/logo\\\/image\\\/\"},\"sameAs\":[\"https:\\\/\\\/www.facebook.com\\\/ArteFacialCR\\\/\",\"https:\\\/\\\/www.instagram.com\\\/artefacialcr\\\/\",\"https:\\\/\\\/www.youtube.com\\\/c\\\/ArteFacial\"]}]}<\/script>\n<!-- \/ Yoast SEO plugin. -->","yoast_head_json":{"title":"Eyelid Surgeons in Costa Rica","description":"Featured news about eyelid surgeries in Costa Rica, eye bags and wrinkles, eyebrow lift, eyelid surgeons...","robots":{"index":"index","follow":"follow","max-snippet":"max-snippet:-1","max-image-preview":"max-image-preview:large","max-video-preview":"max-video-preview:-1"},"canonical":"https:\/\/www.artefacial.com\/en\/featured\/","og_locale":"en_US","og_type":"article","og_title":"Eyelid Surgeons in Costa Rica","og_description":"Featured news about eyelid surgeries in Costa Rica, eye bags and wrinkles, eyebrow lift, eyelid surgeons...","og_url":"https:\/\/www.artefacial.com\/en\/featured\/","og_site_name":"Arte Facial","article_publisher":"https:\/\/www.facebook.com\/ArteFacialCR\/","article_modified_time":"2023-11-10T13:38:54+00:00","og_image":[{"width":1024,"height":683,"url":"https:\/\/www.artefacial.com\/wp-content\/uploads\/2023\/09\/cirujanos-de-parpados.webp","type":"image\/webp"}],"twitter_card":"summary_large_image","twitter_misc":{"Est. reading time":"3 minutes"},"schema":{"@context":"https:\/\/schema.org","@graph":[{"@type":"WebPage","@id":"https:\/\/www.artefacial.com\/en\/featured\/","url":"https:\/\/www.artefacial.com\/en\/featured\/","name":"Eyelid Surgeons in Costa Rica","isPartOf":{"@id":"https:\/\/www.artefacial.com\/en\/#website"},"primaryImageOfPage":{"@id":"https:\/\/www.artefacial.com\/en\/featured\/#primaryimage"},"image":{"@id":"https:\/\/www.artefacial.com\/en\/featured\/#primaryimage"},"thumbnailUrl":"https:\/\/www.artefacial.com\/wp-content\/uploads\/2023\/09\/cirujanos-de-parpados.webp","datePublished":"2023-09-18T21:22:33+00:00","dateModified":"2023-11-10T13:38:54+00:00","description":"Featured news about eyelid surgeries in Costa Rica, eye bags and wrinkles, eyebrow lift, eyelid surgeons...","breadcrumb":{"@id":"https:\/\/www.artefacial.com\/en\/featured\/#breadcrumb"},"inLanguage":"en-US","potentialAction":[{"@type":"ReadAction","target":["https:\/\/www.artefacial.com\/en\/featured\/"]}]},{"@type":"ImageObject","inLanguage":"en-US","@id":"https:\/\/www.artefacial.com\/en\/featured\/#primaryimage","url":"https:\/\/www.artefacial.com\/wp-content\/uploads\/2023\/09\/cirujanos-de-parpados.webp","contentUrl":"https:\/\/www.artefacial.com\/wp-content\/uploads\/2023\/09\/cirujanos-de-parpados.webp","width":1024,"height":683,"caption":"Eyelid Surgeons"},{"@type":"BreadcrumbList","@id":"https:\/\/www.artefacial.com\/en\/featured\/#breadcrumb","itemListElement":[{"@type":"ListItem","position":1,"name":"Inicio","item":"https:\/\/www.artefacial.com\/en\/"},{"@type":"ListItem","position":2,"name":"Featured"}]},{"@type":"WebSite","@id":"https:\/\/www.artefacial.com\/en\/#website","url":"https:\/\/www.artefacial.com\/en\/","name":"Arte Facial","description":"Ciencia, Arte y Cuidado del Rostro","publisher":{"@id":"https:\/\/www.artefacial.com\/en\/#organization"},"potentialAction":[{"@type":"SearchAction","target":{"@type":"EntryPoint","urlTemplate":"https:\/\/www.artefacial.com\/en\/?s={search_term_string}"},"query-input":{"@type":"PropertyValueSpecification","valueRequired":true,"valueName":"search_term_string"}}],"inLanguage":"en-US"},{"@type":"Organization","@id":"https:\/\/www.artefacial.com\/en\/#organization","name":"Arte Facial","url":"https:\/\/www.artefacial.com\/en\/","logo":{"@type":"ImageObject","inLanguage":"en-US","@id":"https:\/\/www.artefacial.com\/en\/#\/schema\/logo\/image\/","url":"https:\/\/www.artefacial.com\/wp-content\/uploads\/2021\/11\/arte-facial-logo.png","contentUrl":"https:\/\/www.artefacial.com\/wp-content\/uploads\/2021\/11\/arte-facial-logo.png","width":265,"height":100,"caption":"Arte Facial"},"image":{"@id":"https:\/\/www.artefacial.com\/en\/#\/schema\/logo\/image\/"},"sameAs":["https:\/\/www.facebook.com\/ArteFacialCR\/","https:\/\/www.instagram.com\/artefacialcr\/","https:\/\/www.youtube.com\/c\/ArteFacial"]}]}},"_links":{"self":[{"href":"https:\/\/www.artefacial.com\/en\/wp-json\/wp\/v2\/pages\/21042","targetHints":{"allow":["GET"]}}],"collection":[{"href":"https:\/\/www.artefacial.com\/en\/wp-json\/wp\/v2\/pages"}],"about":[{"href":"https:\/\/www.artefacial.com\/en\/wp-json\/wp\/v2\/types\/page"}],"author":[{"embeddable":true,"href":"https:\/\/www.artefacial.com\/en\/wp-json\/wp\/v2\/users\/1"}],"replies":[{"embeddable":true,"href":"https:\/\/www.artefacial.com\/en\/wp-json\/wp\/v2\/comments?post=21042"}],"version-history":[{"count":0,"href":"https:\/\/www.artefacial.com\/en\/wp-json\/wp\/v2\/pages\/21042\/revisions"}],"wp:featuredmedia":[{"embeddable":true,"href":"https:\/\/www.artefacial.com\/en\/wp-json\/wp\/v2\/media\/21033"}],"wp:attachment":[{"href":"https:\/\/www.artefacial.com\/en\/wp-json\/wp\/v2\/media?parent=21042"}],"curies":[{"name":"wp","href":"https:\/\/api.w.org\/{rel}","templated":true}]}}